{"id":1636,"date":"2021-04-02T11:58:56","date_gmt":"2021-04-02T09:58:56","guid":{"rendered":"https:\/\/galleria-kroeger.ch\/?page_id=1636"},"modified":"2025-02-19T15:07:15","modified_gmt":"2025-02-19T14:07:15","slug":"rolf-kroger-de","status":"publish","type":"page","link":"https:\/\/galleria-kroeger.ch\/de\/rolf-kroger-de\/","title":{"rendered":"Rolf Kr\u00f6ger"},"content":{"rendered":"<p><div class=\"fusion-fullwidth fullwidth-box fusion-builder-row-1 fusion-flex-container nonhundred-percent-fullwidth non-hundred-percent-height-scrolling\" style=\"--link_hover_color: #65bc7b;--awb-border-radius-top-left:0px;--awb-border-radius-top-right:0px;--awb-border-radius-bottom-right:0px;--awb-border-radius-bottom-left:0px;--awb-background-color:#383838;--awb-flex-wrap:wrap;\" ><div class=\"fusion-builder-row fusion-row fusion-flex-align-items-flex-start fusion-flex-content-wrap\" style=\"max-width:1248px;margin-left: calc(-4% \/ 2 );margin-right: calc(-4% \/ 2 );\"><div class=\"fusion-layout-column fusion_builder_column fusion-builder-column-0 fusion_builder_column_1_1 1_1 fusion-flex-column\" style=\"--awb-bg-color:#383838;--awb-bg-color-hover:#383838;--awb-bg-size:cover;--awb-width-large:100%;--awb-margin-top-large:0px;--awb-spacing-right-large:1.92%;--awb-margin-bottom-large:20px;--awb-spacing-left-large:1.92%;--awb-width-medium:100%;--awb-order-medium:0;--awb-spacing-right-medium:1.92%;--awb-spacing-left-medium:1.92%;--awb-width-small:100%;--awb-order-small:0;--awb-spacing-right-small:1.92%;--awb-spacing-left-small:1.92%;\"><div class=\"fusion-column-wrapper fusion-column-has-shadow fusion-flex-justify-content-flex-start fusion-content-layout-column\"><div class=\"fusion-menu-anchor\" id=\"quadri\"><\/div><div class=\"fusion-title title fusion-title-1 fusion-sep-none fusion-title-text fusion-title-size-four fusion-animated\" style=\"--awb-margin-top-small:10px;--awb-margin-right-small:0px;--awb-margin-bottom-small:10px;--awb-margin-left-small:0px;\" data-animationType=\"fadeInLeft\" data-animationDuration=\"1.0\" data-animationOffset=\"top-into-view\"><h4 class=\"fusion-title-heading title-heading-left\" style=\"margin:0;\">Rolf Kr\u00f6ger<\/h4><\/div><div class=\"fusion-title title fusion-title-2 fusion-sep-none fusion-title-text fusion-title-size-five fusion-animated\" style=\"--awb-margin-top-small:10px;--awb-margin-right-small:0px;--awb-margin-bottom-small:10px;--awb-margin-left-small:0px;\" data-animationType=\"fadeInLeft\" data-animationDuration=\"1.0\" data-animationOffset=\"top-into-view\"><h5 class=\"fusion-title-heading title-heading-left\" style=\"margin:0;\">Bilder &#8211; <a href=\"#sculture\">Skulpturen<\/a><\/h5><\/div><div class=\"fusion-separator fusion-full-width-sep\" style=\"align-self: center;margin-left: auto;margin-right: auto;margin-top:40px;width:100%;\"><\/div><div class=\"fusion-text fusion-text-1\"><div  id=\"jtg-827\" class=\"modula modula-gallery modula-columns\" data-config=\"{&quot;tabletHeight&quot;:800,&quot;mobileHeight&quot;:800,&quot;desktopHeight&quot;:800,&quot;enableTwitter&quot;:false,&quot;enableWhatsapp&quot;:false,&quot;enableFacebook&quot;:false,&quot;enablePinterest&quot;:false,&quot;enableLinkedin&quot;:false,&quot;enableEmail&quot;:false,&quot;randomFactor&quot;:0,&quot;type&quot;:&quot;grid&quot;,&quot;columns&quot;:12,&quot;gutter&quot;:20,&quot;mobileGutter&quot;:20,&quot;tabletGutter&quot;:20,&quot;desktopGutter&quot;:20,&quot;enableResponsive&quot;:true,&quot;tabletColumns&quot;:4,&quot;mobileColumns&quot;:3,&quot;lazyLoad&quot;:0,&quot;lightboxOpts&quot;:{&quot;animated&quot;:true,&quot;Thumbs&quot;:{&quot;type&quot;:&quot;modern&quot;,&quot;showOnStart&quot;:false},&quot;Toolbar&quot;:{&quot;display&quot;:{&quot;right&quot;:[&quot;close&quot;],&quot;left&quot;:[&quot;infobar&quot;]},&quot;enabled&quot;:true},&quot;Carousel&quot;:{&quot;Panzoom&quot;:{&quot;touch&quot;:true},&quot;infinite&quot;:false,&quot;transition&quot;:&quot;fade&quot;},&quot;keyboard&quot;:{&quot;Escape&quot;:&quot;close&quot;,&quot;Delete&quot;:&quot;close&quot;,&quot;Backspace&quot;:&quot;close&quot;,&quot;PageUp&quot;:false,&quot;PageDown&quot;:false,&quot;ArrowUp&quot;:false,&quot;ArrowDown&quot;:false,&quot;ArrowRight&quot;:false,&quot;ArrowLeft&quot;:false},&quot;touch&quot;:{&quot;vertical&quot;:true,&quot;momentum&quot;:true},&quot;backdropClick&quot;:&quot;close&quot;,&quot;l10n&quot;:{&quot;CLOSE&quot;:&quot;Close&quot;,&quot;NEXT&quot;:&quot;Next&quot;,&quot;PREV&quot;:&quot;Previous&quot;,&quot;Error&quot;:&quot;The requested content cannot be loaded. Please try again later.&quot;,&quot;PLAY_START&quot;:&quot;Start slideshow&quot;,&quot;PLAY_STOP&quot;:&quot;Pause slideshow&quot;,&quot;FULL_SCREEN&quot;:&quot;Full screen&quot;,&quot;THUMBS&quot;:&quot;Thumbnails&quot;,&quot;DOWNLOAD&quot;:&quot;Download&quot;,&quot;SHARE&quot;:&quot;Share&quot;,&quot;ZOOM&quot;:&quot;Zoom&quot;,&quot;EMAIL&quot;:&quot;Here is the link to the image : %%image_link%% and this is the link to the gallery : %%gallery_link%%&quot;,&quot;MODAL&quot;:&quot;You can close this modal content with the ESC key&quot;,&quot;ERROR&quot;:&quot;Something Went Wrong, Please Try Again Later&quot;,&quot;IMAGE_ERROR&quot;:&quot;Image Not Found&quot;,&quot;ELEMENT_NOT_FOUND&quot;:&quot;HTML Element Not Found&quot;,&quot;AJAX_NOT_FOUND&quot;:&quot;Error Loading AJAX : Not Found&quot;,&quot;AJAX_FORBIDDEN&quot;:&quot;Error Loading AJAX : Forbidden&quot;,&quot;IFRAME_ERROR&quot;:&quot;Error Loading Page&quot;,&quot;TOGGLE_ZOOM&quot;:&quot;Toggle zoom level&quot;,&quot;TOGGLE_THUMBS&quot;:&quot;Toggle thumbnails&quot;,&quot;TOGGLE_SLIDESHOW&quot;:&quot;Toggle slideshow&quot;,&quot;TOGGLE_FULLSCREEN&quot;:&quot;Toggle full-screen mode&quot;},&quot;Images&quot;:{&quot;Panzoom&quot;:{&quot;maxScale&quot;:2},&quot;zoom&quot;:false},&quot;toolbar&quot;:true,&quot;wheel&quot;:false,&quot;animationEffect&quot;:&quot;fade&quot;,&quot;animationDuration&quot;:366,&quot;transitionEffect&quot;:&quot;fade&quot;,&quot;transitionDuration&quot;:366,&quot;mainClass&quot;:&quot;modula-fancybox-container modula-lightbox-jtg-827&quot;,&quot;Html&quot;:{&quot;videoAutoplay&quot;:0,&quot;videoTpl&quot;:&quot;&lt;video class=\\&quot;fancybox__html5video\\&quot; controls muted playsinline controlsList controlsList=\\&quot;nodownload\\&quot; poster=\\&quot;{{poster}}\\&quot; src=\\&quot;{{src}}\\&quot; type=\\&quot;{{format}}\\&quot; &gt;  Sorry, your browser doesn&#039;t support embedded videos, &lt;a href=\\&quot;{{src}}\\&quot;&gt; download &lt;\\\/a&gt; and watch with your favorite video player! &lt;\\\/video&gt;&quot;},&quot;showClass&quot;:&quot;m-fadeIn&quot;,&quot;hideClass&quot;:&quot;m-fadeOut&quot;},&quot;inView&quot;:true,&quot;email_subject&quot;:&quot;Check out this awesome image !!&quot;,&quot;email_message&quot;:&quot;Here is the link to the image : %%image_link%% and this is the link to the gallery : %%gallery_link%%&quot;,&quot;grid_type&quot;:&quot;4&quot;,&quot;rowHeight&quot;:250,&quot;lastRow&quot;:&quot;justify&quot;,&quot;lightbox&quot;:&quot;fancybox&quot;,&quot;filterClick&quot;:&quot;0&quot;,&quot;dropdownFilters&quot;:&quot;0&quot;,&quot;defaultActiveFilter&quot;:&quot;all&quot;,&quot;initLightbox&quot;:&quot;modula_pro_init_lightbox&quot;,&quot;haveFilters&quot;:0}\">\n\n\t<div class=\"modula-grid-sizer\"> <\/div>\n\t<div  class=\"modula-items grid-gallery\">\n\t\t<div class=\"modula-item effect-quiet jtg-filter-all jtg-filter-\" >\n\t<div class=\"modula-item-overlay\"><\/div>\n\n\t<div class=\"modula-item-content\">\n\n\t\t<a data-image-id=\"4730\" role=\"button\" tabindex=\"0\" href=\"https:\/\/galleria-kroeger.ch\/wp-content\/uploads\/2026\/03\/100-x-100-cm.jpg\" rel=\"jtg-827\" data-caption=\"&lt;p&gt;&lt;strong&gt;ohne Titel&lt;\/strong&gt;&lt;br \/&gt;Mischtechnik auf Leinwand&lt;br \/&gt;100 x 100 cm&lt;\/p&gt;\" aria-label=\"Open image in lightbox\" data-thumb=\"https:\/\/galleria-kroeger.ch\/wp-content\/uploads\/2026\/03\/100-x-100-cm-150x150.jpg\" class=\"tile-inner modula-item-link\"><\/a><img decoding=\"async\" class=\"pic wp-image-4730\"  data-valign=\"middle\" data-halign=\"center\" alt=\"Rolf Kr\u00f6ger, Galleria Kr\u00f6ger, Ascona, Lago Maggiore, Steinkrusten, Mischtechnik auf Leinwand, Steinskulpturen, Steinoberfl\u00e4chen auf Leinwand, Concorde Memorial\" data-full=\"https:\/\/galleria-kroeger.ch\/wp-content\/uploads\/2026\/03\/100-x-100-cm.jpg\" title=\"100 x 100 cm\" crop=\"\" width=\"1024\" height=\"1024\" src=\"https:\/\/galleria-kroeger.ch\/wp-content\/uploads\/2026\/03\/100-x-100-cm-1024x1024.jpg\" data-src=\"https:\/\/galleria-kroeger.ch\/wp-content\/uploads\/2026\/03\/100-x-100-cm-1024x1024.jpg\" data-caption=\"&lt;strong&gt;ohne Titel&lt;\/strong&gt;&lt;br \/&gt;Mischtechnik auf Leinwand&lt;br \/&gt;100 x 100 cm\" srcset=\"https:\/\/galleria-kroeger.ch\/wp-content\/uploads\/2026\/03\/100-x-100-cm-24x24.jpg 24w, https:\/\/galleria-kroeger.ch\/wp-content\/uploads\/2026\/03\/100-x-100-cm-36x36.jpg 36w, https:\/\/galleria-kroeger.ch\/wp-content\/uploads\/2026\/03\/100-x-100-cm-48x48.jpg 48w, https:\/\/galleria-kroeger.ch\/wp-content\/uploads\/2026\/03\/100-x-100-cm-66x66.jpg 66w, https:\/\/galleria-kroeger.ch\/wp-content\/uploads\/2026\/03\/100-x-100-cm-150x150.jpg 150w, https:\/\/galleria-kroeger.ch\/wp-content\/uploads\/2026\/03\/100-x-100-cm-200x200.jpg 200w, https:\/\/galleria-kroeger.ch\/wp-content\/uploads\/2026\/03\/100-x-100-cm-300x300.jpg 300w, https:\/\/galleria-kroeger.ch\/wp-content\/uploads\/2026\/03\/100-x-100-cm-400x400.jpg 400w, https:\/\/galleria-kroeger.ch\/wp-content\/uploads\/2026\/03\/100-x-100-cm-600x600.jpg 600w, https:\/\/galleria-kroeger.ch\/wp-content\/uploads\/2026\/03\/100-x-100-cm-768x768.jpg 768w, https:\/\/galleria-kroeger.ch\/wp-content\/uploads\/2026\/03\/100-x-100-cm-800x800.jpg 800w, https:\/\/galleria-kroeger.ch\/wp-content\/uploads\/2026\/03\/100-x-100-cm-1024x1024.jpg 1024w, https:\/\/galleria-kroeger.ch\/wp-content\/uploads\/2026\/03\/100-x-100-cm-1200x1200.jpg 1200w, https:\/\/galleria-kroeger.ch\/wp-content\/uploads\/2026\/03\/100-x-100-cm.jpg 1500w\" sizes=\"(max-width: 1024px) 100vw, 1024px\" \/>\n\t\t<div class=\"figc\">\n\t\t\t<div class=\"figc-inner\">\n\t\t\t\t\t\t\t\t\t\t\t\t\t\t\t<\/div>\n\t\t<\/div>\n\n\t<\/div>\n\n<\/div><div class=\"modula-item effect-quiet jtg-filter-all jtg-filter-\" >\n\t<div class=\"modula-item-overlay\"><\/div>\n\n\t<div class=\"modula-item-content\">\n\n\t\t<a data-image-id=\"4739\" role=\"button\" tabindex=\"0\" href=\"https:\/\/galleria-kroeger.ch\/wp-content\/uploads\/2026\/03\/113EFDCE-2ECE-490A-BFE0-A90747CAB7AF_1_105_c.jpg\" rel=\"jtg-827\" data-caption=\"&lt;p&gt;&lt;strong&gt;ohne Titel&lt;\/strong&gt;&lt;br \/&gt;Mischtechnik auf Leinwand&lt;br \/&gt;80 x 100 cm&lt;\/p&gt;\" aria-label=\"Open image in lightbox\" data-thumb=\"https:\/\/galleria-kroeger.ch\/wp-content\/uploads\/2026\/03\/113EFDCE-2ECE-490A-BFE0-A90747CAB7AF_1_105_c-150x150.jpg\" class=\"tile-inner modula-item-link\"><\/a><img decoding=\"async\" class=\"pic wp-image-4739\"  data-valign=\"middle\" data-halign=\"center\" alt=\"Rolf Kr\u00f6ger, Galleria Kr\u00f6ger, Ascona, Lago Maggiore, Steinkrusten, Mischtechnik auf Leinwand, Steinskulpturen, Steinoberfl\u00e4chen auf Leinwand, Concorde Memorial\" data-full=\"https:\/\/galleria-kroeger.ch\/wp-content\/uploads\/2026\/03\/113EFDCE-2ECE-490A-BFE0-A90747CAB7AF_1_105_c.jpg\" title=\"113EFDCE-2ECE-490A-BFE0-A90747CAB7AF_1_105_c\" crop=\"\" width=\"1000\" height=\"804\" src=\"https:\/\/galleria-kroeger.ch\/wp-content\/uploads\/2026\/03\/113EFDCE-2ECE-490A-BFE0-A90747CAB7AF_1_105_c.jpg\" data-src=\"https:\/\/galleria-kroeger.ch\/wp-content\/uploads\/2026\/03\/113EFDCE-2ECE-490A-BFE0-A90747CAB7AF_1_105_c.jpg\" data-caption=\"&lt;strong&gt;ohne Titel&lt;\/strong&gt;&lt;br \/&gt;Mischtechnik auf Leinwand&lt;br \/&gt;80 x 100 cm\" srcset=\"https:\/\/galleria-kroeger.ch\/wp-content\/uploads\/2026\/03\/113EFDCE-2ECE-490A-BFE0-A90747CAB7AF_1_105_c-24x19.jpg 24w, https:\/\/galleria-kroeger.ch\/wp-content\/uploads\/2026\/03\/113EFDCE-2ECE-490A-BFE0-A90747CAB7AF_1_105_c-36x29.jpg 36w, https:\/\/galleria-kroeger.ch\/wp-content\/uploads\/2026\/03\/113EFDCE-2ECE-490A-BFE0-A90747CAB7AF_1_105_c-48x39.jpg 48w, https:\/\/galleria-kroeger.ch\/wp-content\/uploads\/2026\/03\/113EFDCE-2ECE-490A-BFE0-A90747CAB7AF_1_105_c-177x142.jpg 177w, https:\/\/galleria-kroeger.ch\/wp-content\/uploads\/2026\/03\/113EFDCE-2ECE-490A-BFE0-A90747CAB7AF_1_105_c-200x161.jpg 200w, https:\/\/galleria-kroeger.ch\/wp-content\/uploads\/2026\/03\/113EFDCE-2ECE-490A-BFE0-A90747CAB7AF_1_105_c-300x241.jpg 300w, https:\/\/galleria-kroeger.ch\/wp-content\/uploads\/2026\/03\/113EFDCE-2ECE-490A-BFE0-A90747CAB7AF_1_105_c-400x322.jpg 400w, https:\/\/galleria-kroeger.ch\/wp-content\/uploads\/2026\/03\/113EFDCE-2ECE-490A-BFE0-A90747CAB7AF_1_105_c-600x482.jpg 600w, https:\/\/galleria-kroeger.ch\/wp-content\/uploads\/2026\/03\/113EFDCE-2ECE-490A-BFE0-A90747CAB7AF_1_105_c-768x617.jpg 768w, https:\/\/galleria-kroeger.ch\/wp-content\/uploads\/2026\/03\/113EFDCE-2ECE-490A-BFE0-A90747CAB7AF_1_105_c-800x643.jpg 800w, https:\/\/galleria-kroeger.ch\/wp-content\/uploads\/2026\/03\/113EFDCE-2ECE-490A-BFE0-A90747CAB7AF_1_105_c.jpg 1000w\" sizes=\"(max-width: 1000px) 100vw, 1000px\" \/>\n\t\t<div class=\"figc\">\n\t\t\t<div class=\"figc-inner\">\n\t\t\t\t\t\t\t\t\t\t\t\t\t\t\t<\/div>\n\t\t<\/div>\n\n\t<\/div>\n\n<\/div><div class=\"modula-item effect-quiet jtg-filter-all jtg-filter-\" >\n\t<div class=\"modula-item-overlay\"><\/div>\n\n\t<div class=\"modula-item-content\">\n\n\t\t<a data-image-id=\"2709\" role=\"button\" tabindex=\"0\" href=\"https:\/\/galleria-kroeger.ch\/wp-content\/uploads\/2022\/12\/80-x-90-cm.jpeg\" rel=\"jtg-827\" data-caption=\"&lt;p&gt;&lt;strong&gt;ohne Titel&lt;\/strong&gt;&lt;br&gt;\nMischtechnik auf Leinwand&lt;br&gt;\n80 x 90 cm&lt;\/p&gt;\" aria-label=\"Open image in lightbox\" data-thumb=\"https:\/\/galleria-kroeger.ch\/wp-content\/uploads\/2022\/12\/80-x-90-cm-150x150.jpeg\" class=\"tile-inner modula-item-link\"><\/a><img decoding=\"async\" class=\"pic wp-image-2709\"  data-valign=\"middle\" data-halign=\"center\" alt=\"Rolf Kr\u00f6ger, Galleria Kr\u00f6ger, Ascona, Lago Maggiore, Steinkrusten, Mischtechnik auf Leinwand, Steinskulpturen, Steinoberfl\u00e4chen auf Leinwand, Concorde Memorial\" data-full=\"https:\/\/galleria-kroeger.ch\/wp-content\/uploads\/2022\/12\/80-x-90-cm.jpeg\" title=\"\" crop=\"\" width=\"1024\" height=\"916\" src=\"https:\/\/galleria-kroeger.ch\/wp-content\/uploads\/2022\/12\/80-x-90-cm-1024x916.jpeg\" data-src=\"https:\/\/galleria-kroeger.ch\/wp-content\/uploads\/2022\/12\/80-x-90-cm-1024x916.jpeg\" data-caption=\"&lt;strong&gt;ohne Titel&lt;\/strong&gt;&lt;br&gt;\nMischtechnik auf Leinwand&lt;br&gt;\n80 x 90 cm\" srcset=\"https:\/\/galleria-kroeger.ch\/wp-content\/uploads\/2022\/12\/80-x-90-cm-24x21.jpeg 24w, https:\/\/galleria-kroeger.ch\/wp-content\/uploads\/2022\/12\/80-x-90-cm-36x32.jpeg 36w, https:\/\/galleria-kroeger.ch\/wp-content\/uploads\/2022\/12\/80-x-90-cm-48x43.jpeg 48w, https:\/\/galleria-kroeger.ch\/wp-content\/uploads\/2022\/12\/80-x-90-cm-200x179.jpeg 200w, https:\/\/galleria-kroeger.ch\/wp-content\/uploads\/2022\/12\/80-x-90-cm-300x268.jpeg 300w, https:\/\/galleria-kroeger.ch\/wp-content\/uploads\/2022\/12\/80-x-90-cm-400x358.jpeg 400w, https:\/\/galleria-kroeger.ch\/wp-content\/uploads\/2022\/12\/80-x-90-cm-600x537.jpeg 600w, https:\/\/galleria-kroeger.ch\/wp-content\/uploads\/2022\/12\/80-x-90-cm-768x687.jpeg 768w, https:\/\/galleria-kroeger.ch\/wp-content\/uploads\/2022\/12\/80-x-90-cm-800x716.jpeg 800w, https:\/\/galleria-kroeger.ch\/wp-content\/uploads\/2022\/12\/80-x-90-cm-1024x916.jpeg 1024w, https:\/\/galleria-kroeger.ch\/wp-content\/uploads\/2022\/12\/80-x-90-cm-1200x1074.jpeg 1200w, https:\/\/galleria-kroeger.ch\/wp-content\/uploads\/2022\/12\/80-x-90-cm-1536x1374.jpeg 1536w, https:\/\/galleria-kroeger.ch\/wp-content\/uploads\/2022\/12\/80-x-90-cm.jpeg 2054w\" sizes=\"(max-width: 1024px) 100vw, 1024px\" \/>\n\t\t<div class=\"figc no-title\">\n\t\t\t<div class=\"figc-inner\">\n\t\t\t\t\t\t\t\t\t\t\t\t\t\t\t<\/div>\n\t\t<\/div>\n\n\t<\/div>\n\n<\/div><div class=\"modula-item effect-quiet jtg-filter-all jtg-filter-\" >\n\t<div class=\"modula-item-overlay\"><\/div>\n\n\t<div class=\"modula-item-content\">\n\n\t\t<a data-image-id=\"4736\" role=\"button\" tabindex=\"0\" href=\"https:\/\/galleria-kroeger.ch\/wp-content\/uploads\/2026\/03\/60-x-60-cm.jpg\" rel=\"jtg-827\" data-caption=\"&lt;p&gt;&lt;strong&gt;ohne Titel&lt;\/strong&gt;&lt;br \/&gt;Mischtechnik auf Leinwand&lt;br \/&gt;60 x 60 cm&lt;\/p&gt;\" aria-label=\"Open image in lightbox\" data-thumb=\"https:\/\/galleria-kroeger.ch\/wp-content\/uploads\/2026\/03\/60-x-60-cm-150x150.jpg\" class=\"tile-inner modula-item-link\"><\/a><img decoding=\"async\" class=\"pic wp-image-4736\"  data-valign=\"middle\" data-halign=\"center\" alt=\"Rolf Kr\u00f6ger, Galleria Kr\u00f6ger, Ascona, Lago Maggiore, Steinkrusten, Mischtechnik auf Leinwand, Steinskulpturen, Steinoberfl\u00e4chen auf Leinwand, Concorde Memorial\" data-full=\"https:\/\/galleria-kroeger.ch\/wp-content\/uploads\/2026\/03\/60-x-60-cm.jpg\" title=\"60 x 60 cm\" crop=\"\" width=\"1000\" height=\"1000\" src=\"https:\/\/galleria-kroeger.ch\/wp-content\/uploads\/2026\/03\/60-x-60-cm.jpg\" data-src=\"https:\/\/galleria-kroeger.ch\/wp-content\/uploads\/2026\/03\/60-x-60-cm.jpg\" data-caption=\"&lt;strong&gt;ohne Titel&lt;\/strong&gt;&lt;br \/&gt;Mischtechnik auf Leinwand&lt;br \/&gt;60 x 60 cm\" srcset=\"https:\/\/galleria-kroeger.ch\/wp-content\/uploads\/2026\/03\/60-x-60-cm-24x24.jpg 24w, https:\/\/galleria-kroeger.ch\/wp-content\/uploads\/2026\/03\/60-x-60-cm-36x36.jpg 36w, https:\/\/galleria-kroeger.ch\/wp-content\/uploads\/2026\/03\/60-x-60-cm-48x48.jpg 48w, https:\/\/galleria-kroeger.ch\/wp-content\/uploads\/2026\/03\/60-x-60-cm-66x66.jpg 66w, https:\/\/galleria-kroeger.ch\/wp-content\/uploads\/2026\/03\/60-x-60-cm-150x150.jpg 150w, https:\/\/galleria-kroeger.ch\/wp-content\/uploads\/2026\/03\/60-x-60-cm-200x200.jpg 200w, https:\/\/galleria-kroeger.ch\/wp-content\/uploads\/2026\/03\/60-x-60-cm-300x300.jpg 300w, https:\/\/galleria-kroeger.ch\/wp-content\/uploads\/2026\/03\/60-x-60-cm-400x400.jpg 400w, https:\/\/galleria-kroeger.ch\/wp-content\/uploads\/2026\/03\/60-x-60-cm-600x600.jpg 600w, https:\/\/galleria-kroeger.ch\/wp-content\/uploads\/2026\/03\/60-x-60-cm-768x768.jpg 768w, https:\/\/galleria-kroeger.ch\/wp-content\/uploads\/2026\/03\/60-x-60-cm-800x800.jpg 800w, https:\/\/galleria-kroeger.ch\/wp-content\/uploads\/2026\/03\/60-x-60-cm.jpg 1000w\" sizes=\"(max-width: 1000px) 100vw, 1000px\" \/>\n\t\t<div class=\"figc\">\n\t\t\t<div class=\"figc-inner\">\n\t\t\t\t\t\t\t\t\t\t\t\t\t\t\t<\/div>\n\t\t<\/div>\n\n\t<\/div>\n\n<\/div><div class=\"modula-item effect-quiet jtg-filter-all jtg-filter-\" >\n\t<div class=\"modula-item-overlay\"><\/div>\n\n\t<div class=\"modula-item-content\">\n\n\t\t<a data-image-id=\"4315\" role=\"button\" tabindex=\"0\" href=\"https:\/\/galleria-kroeger.ch\/wp-content\/uploads\/2025\/03\/90-x-70-cm.jpeg\" rel=\"jtg-827\" data-caption=\"&lt;p&gt;&lt;strong&gt;ohne Titel&lt;\/strong&gt;&lt;br&gt;\nMischtechnik auf Leinwand&lt;br&gt;\n90 x 70 cm&lt;\/p&gt;\" aria-label=\"Open image in lightbox\" data-thumb=\"https:\/\/galleria-kroeger.ch\/wp-content\/uploads\/2025\/03\/90-x-70-cm-150x150.jpeg\" class=\"tile-inner modula-item-link\"><\/a><img decoding=\"async\" class=\"pic wp-image-4315\"  data-valign=\"middle\" data-halign=\"center\" alt=\"Rolf Kr\u00f6ger, Galleria Kr\u00f6ger, Ascona, Lago Maggiore, Steinkrusten, Mischtechnik auf Leinwand, Steinskulpturen, Steinoberfl\u00e4chen auf Leinwand, Concorde Memorial\" data-full=\"https:\/\/galleria-kroeger.ch\/wp-content\/uploads\/2025\/03\/90-x-70-cm.jpeg\" title=\"\" crop=\"\" width=\"800\" height=\"1024\" src=\"https:\/\/galleria-kroeger.ch\/wp-content\/uploads\/2025\/03\/90-x-70-cm-800x1024.jpeg\" data-src=\"https:\/\/galleria-kroeger.ch\/wp-content\/uploads\/2025\/03\/90-x-70-cm-800x1024.jpeg\" data-caption=\"&lt;strong&gt;ohne Titel&lt;\/strong&gt;&lt;br&gt;\nMischtechnik auf Leinwand&lt;br&gt;\n90 x 70 cm\" srcset=\"https:\/\/galleria-kroeger.ch\/wp-content\/uploads\/2025\/03\/90-x-70-cm-19x24.jpeg 19w, https:\/\/galleria-kroeger.ch\/wp-content\/uploads\/2025\/03\/90-x-70-cm-28x36.jpeg 28w, https:\/\/galleria-kroeger.ch\/wp-content\/uploads\/2025\/03\/90-x-70-cm-37x48.jpeg 37w, https:\/\/galleria-kroeger.ch\/wp-content\/uploads\/2025\/03\/90-x-70-cm-200x256.jpeg 200w, https:\/\/galleria-kroeger.ch\/wp-content\/uploads\/2025\/03\/90-x-70-cm-234x300.jpeg 234w, https:\/\/galleria-kroeger.ch\/wp-content\/uploads\/2025\/03\/90-x-70-cm-400x512.jpeg 400w, https:\/\/galleria-kroeger.ch\/wp-content\/uploads\/2025\/03\/90-x-70-cm-600x768.jpeg 600w, https:\/\/galleria-kroeger.ch\/wp-content\/uploads\/2025\/03\/90-x-70-cm-768x983.jpeg 768w, https:\/\/galleria-kroeger.ch\/wp-content\/uploads\/2025\/03\/90-x-70-cm-800x1024.jpeg 800w, https:\/\/galleria-kroeger.ch\/wp-content\/uploads\/2025\/03\/90-x-70-cm-1200x1536.jpeg 1200w, https:\/\/galleria-kroeger.ch\/wp-content\/uploads\/2025\/03\/90-x-70-cm-1600x2048.jpeg 1600w, https:\/\/galleria-kroeger.ch\/wp-content\/uploads\/2025\/03\/90-x-70-cm.jpeg 1716w\" sizes=\"(max-width: 800px) 100vw, 800px\" \/>\n\t\t<div class=\"figc no-title\">\n\t\t\t<div class=\"figc-inner\">\n\t\t\t\t\t\t\t\t\t\t\t\t\t\t\t<\/div>\n\t\t<\/div>\n\n\t<\/div>\n\n<\/div><div class=\"modula-item effect-quiet jtg-filter-all jtg-filter-\" >\n\t<div class=\"modula-item-overlay\"><\/div>\n\n\t<div class=\"modula-item-content\">\n\n\t\t<a data-image-id=\"4342\" role=\"button\" tabindex=\"0\" href=\"https:\/\/galleria-kroeger.ch\/wp-content\/uploads\/2025\/03\/60-x-60-cm-scaled.jpeg\" rel=\"jtg-827\" data-caption=\"&lt;p&gt;&lt;strong&gt;ohne Titel&lt;\/strong&gt;&lt;br&gt;\nMischtechnik auf Leinwand&lt;br&gt;\n60 x 60 cm&lt;\/p&gt;\" aria-label=\"Open image in lightbox\" data-thumb=\"https:\/\/galleria-kroeger.ch\/wp-content\/uploads\/2025\/03\/60-x-60-cm-150x150.jpeg\" class=\"tile-inner modula-item-link\"><\/a><img decoding=\"async\" class=\"pic wp-image-4342\"  data-valign=\"middle\" data-halign=\"center\" alt=\"Rolf Kr\u00f6ger, Galleria Kr\u00f6ger, Ascona, Lago Maggiore, Steinkrusten, Mischtechnik auf Leinwand, Steinskulpturen, Steinoberfl\u00e4chen auf Leinwand, Concorde Memorial\" data-full=\"https:\/\/galleria-kroeger.ch\/wp-content\/uploads\/2025\/03\/60-x-60-cm.jpeg\" title=\"\" crop=\"\" width=\"1024\" height=\"1024\" src=\"https:\/\/galleria-kroeger.ch\/wp-content\/uploads\/2025\/03\/60-x-60-cm-1024x1024.jpeg\" data-src=\"https:\/\/galleria-kroeger.ch\/wp-content\/uploads\/2025\/03\/60-x-60-cm-1024x1024.jpeg\" data-caption=\"&lt;strong&gt;ohne Titel&lt;\/strong&gt;&lt;br&gt;\nMischtechnik auf Leinwand&lt;br&gt;\n60 x 60 cm\" srcset=\"https:\/\/galleria-kroeger.ch\/wp-content\/uploads\/2025\/03\/60-x-60-cm-24x24.jpeg 24w, https:\/\/galleria-kroeger.ch\/wp-content\/uploads\/2025\/03\/60-x-60-cm-36x36.jpeg 36w, https:\/\/galleria-kroeger.ch\/wp-content\/uploads\/2025\/03\/60-x-60-cm-48x48.jpeg 48w, https:\/\/galleria-kroeger.ch\/wp-content\/uploads\/2025\/03\/60-x-60-cm-66x66.jpeg 66w, https:\/\/galleria-kroeger.ch\/wp-content\/uploads\/2025\/03\/60-x-60-cm-150x150.jpeg 150w, https:\/\/galleria-kroeger.ch\/wp-content\/uploads\/2025\/03\/60-x-60-cm-200x200.jpeg 200w, https:\/\/galleria-kroeger.ch\/wp-content\/uploads\/2025\/03\/60-x-60-cm-300x300.jpeg 300w, https:\/\/galleria-kroeger.ch\/wp-content\/uploads\/2025\/03\/60-x-60-cm-400x400.jpeg 400w, https:\/\/galleria-kroeger.ch\/wp-content\/uploads\/2025\/03\/60-x-60-cm-600x600.jpeg 600w, https:\/\/galleria-kroeger.ch\/wp-content\/uploads\/2025\/03\/60-x-60-cm-768x768.jpeg 768w, https:\/\/galleria-kroeger.ch\/wp-content\/uploads\/2025\/03\/60-x-60-cm-800x800.jpeg 800w, https:\/\/galleria-kroeger.ch\/wp-content\/uploads\/2025\/03\/60-x-60-cm-scaled-1024x1024.jpeg 1024w, https:\/\/galleria-kroeger.ch\/wp-content\/uploads\/2025\/03\/60-x-60-cm-1200x1200.jpeg 1200w, https:\/\/galleria-kroeger.ch\/wp-content\/uploads\/2025\/03\/60-x-60-cm-1536x1536.jpeg 1536w, https:\/\/galleria-kroeger.ch\/wp-content\/uploads\/2025\/03\/60-x-60-cm-scaled.jpeg 2560w\" sizes=\"(max-width: 1024px) 100vw, 1024px\" \/>\n\t\t<div class=\"figc no-title\">\n\t\t\t<div class=\"figc-inner\">\n\t\t\t\t\t\t\t\t\t\t\t\t\t\t\t<\/div>\n\t\t<\/div>\n\n\t<\/div>\n\n<\/div><div class=\"modula-item effect-quiet jtg-filter-all jtg-filter-\" >\n\t<div class=\"modula-item-overlay\"><\/div>\n\n\t<div class=\"modula-item-content\">\n\n\t\t<a data-image-id=\"843\" role=\"button\" tabindex=\"0\" href=\"https:\/\/galleria-kroeger.ch\/wp-content\/uploads\/2021\/03\/70-x-90-cm-1.jpeg\" rel=\"jtg-827\" data-caption=\"&lt;p&gt;&lt;strong&gt;ohne Titel&lt;\/strong&gt;&lt;br&gt;\nMischtechnik auf Leinwand&lt;br&gt;\n70 x 90 cm&lt;\/p&gt;\" aria-label=\"Open image in lightbox\" data-thumb=\"https:\/\/galleria-kroeger.ch\/wp-content\/uploads\/2021\/03\/70-x-90-cm-1-150x150.jpeg\" class=\"tile-inner modula-item-link\"><\/a><img decoding=\"async\" class=\"pic wp-image-843\"  data-valign=\"middle\" data-halign=\"center\" alt=\"Rolf Kr\u00f6ger, Galleria Kr\u00f6ger, Ascona, Lago Maggiore, Steinkrusten, Mischtechnik auf Leinwand, Steinskulpturen, Steinoberfl\u00e4chen auf Leinwand, Concorde Memorial\" data-full=\"https:\/\/galleria-kroeger.ch\/wp-content\/uploads\/2021\/03\/70-x-90-cm-1.jpeg\" title=\"\" crop=\"\" width=\"1024\" height=\"796\" src=\"https:\/\/galleria-kroeger.ch\/wp-content\/uploads\/2021\/03\/70-x-90-cm-1-1024x796.jpeg\" data-src=\"https:\/\/galleria-kroeger.ch\/wp-content\/uploads\/2021\/03\/70-x-90-cm-1-1024x796.jpeg\" data-caption=\"&lt;strong&gt;ohne Titel&lt;\/strong&gt;&lt;br&gt;\nMischtechnik auf Leinwand&lt;br&gt;\n70 x 90 cm\" srcset=\"https:\/\/galleria-kroeger.ch\/wp-content\/uploads\/2021\/03\/70-x-90-cm-1-24x19.jpeg 24w, https:\/\/galleria-kroeger.ch\/wp-content\/uploads\/2021\/03\/70-x-90-cm-1-36x28.jpeg 36w, https:\/\/galleria-kroeger.ch\/wp-content\/uploads\/2021\/03\/70-x-90-cm-1-48x37.jpeg 48w, https:\/\/galleria-kroeger.ch\/wp-content\/uploads\/2021\/03\/70-x-90-cm-1-200x155.jpeg 200w, https:\/\/galleria-kroeger.ch\/wp-content\/uploads\/2021\/03\/70-x-90-cm-1-300x233.jpeg 300w, https:\/\/galleria-kroeger.ch\/wp-content\/uploads\/2021\/03\/70-x-90-cm-1-400x311.jpeg 400w, https:\/\/galleria-kroeger.ch\/wp-content\/uploads\/2021\/03\/70-x-90-cm-1-600x466.jpeg 600w, https:\/\/galleria-kroeger.ch\/wp-content\/uploads\/2021\/03\/70-x-90-cm-1-768x597.jpeg 768w, https:\/\/galleria-kroeger.ch\/wp-content\/uploads\/2021\/03\/70-x-90-cm-1-800x622.jpeg 800w, https:\/\/galleria-kroeger.ch\/wp-content\/uploads\/2021\/03\/70-x-90-cm-1-1024x796.jpeg 1024w, https:\/\/galleria-kroeger.ch\/wp-content\/uploads\/2021\/03\/70-x-90-cm-1-1200x933.jpeg 1200w, https:\/\/galleria-kroeger.ch\/wp-content\/uploads\/2021\/03\/70-x-90-cm-1-1536x1194.jpeg 1536w, https:\/\/galleria-kroeger.ch\/wp-content\/uploads\/2021\/03\/70-x-90-cm-1.jpeg 2254w\" sizes=\"(max-width: 1024px) 100vw, 1024px\" \/>\n\t\t<div class=\"figc no-title\">\n\t\t\t<div class=\"figc-inner\">\n\t\t\t\t\t\t\t\t\t\t\t\t\t\t\t<\/div>\n\t\t<\/div>\n\n\t<\/div>\n\n<\/div><div class=\"modula-item effect-quiet jtg-filter-all jtg-filter-\" >\n\t<div class=\"modula-item-overlay\"><\/div>\n\n\t<div class=\"modula-item-content\">\n\n\t\t<a data-image-id=\"870\" role=\"button\" tabindex=\"0\" href=\"https:\/\/galleria-kroeger.ch\/wp-content\/uploads\/2021\/03\/80-x-120-cm.jpeg\" rel=\"jtg-827\" data-caption=\"&lt;p&gt;&lt;strong&gt;ohne Titel&lt;\/strong&gt;&lt;br&gt;\nMischtechnik auf Leinwand&lt;br&gt;\n80 x 120 cm&lt;\/p&gt;\" aria-label=\"Open image in lightbox\" data-thumb=\"https:\/\/galleria-kroeger.ch\/wp-content\/uploads\/2021\/03\/80-x-120-cm-150x150.jpeg\" class=\"tile-inner modula-item-link\"><\/a><img decoding=\"async\" class=\"pic wp-image-870\"  data-valign=\"middle\" data-halign=\"center\" alt=\"Rolf Kr\u00f6ger, Galleria Kr\u00f6ger, Ascona, Lago Maggiore, Steinkrusten, Mischtechnik auf Leinwand, Steinskulpturen, Steinoberfl\u00e4chen auf Leinwand, Concorde Memorial\" data-full=\"https:\/\/galleria-kroeger.ch\/wp-content\/uploads\/2021\/03\/80-x-120-cm.jpeg\" title=\"\" crop=\"\" width=\"1024\" height=\"681\" src=\"https:\/\/galleria-kroeger.ch\/wp-content\/uploads\/2021\/03\/80-x-120-cm-1024x681.jpeg\" data-src=\"https:\/\/galleria-kroeger.ch\/wp-content\/uploads\/2021\/03\/80-x-120-cm-1024x681.jpeg\" data-caption=\"&lt;strong&gt;ohne Titel&lt;\/strong&gt;&lt;br&gt;\nMischtechnik auf Leinwand&lt;br&gt;\n80 x 120 cm\" srcset=\"https:\/\/galleria-kroeger.ch\/wp-content\/uploads\/2021\/03\/80-x-120-cm-24x16.jpeg 24w, https:\/\/galleria-kroeger.ch\/wp-content\/uploads\/2021\/03\/80-x-120-cm-36x24.jpeg 36w, https:\/\/galleria-kroeger.ch\/wp-content\/uploads\/2021\/03\/80-x-120-cm-48x32.jpeg 48w, https:\/\/galleria-kroeger.ch\/wp-content\/uploads\/2021\/03\/80-x-120-cm-200x133.jpeg 200w, https:\/\/galleria-kroeger.ch\/wp-content\/uploads\/2021\/03\/80-x-120-cm-300x200.jpeg 300w, https:\/\/galleria-kroeger.ch\/wp-content\/uploads\/2021\/03\/80-x-120-cm-400x266.jpeg 400w, https:\/\/galleria-kroeger.ch\/wp-content\/uploads\/2021\/03\/80-x-120-cm-600x399.jpeg 600w, https:\/\/galleria-kroeger.ch\/wp-content\/uploads\/2021\/03\/80-x-120-cm-768x511.jpeg 768w, https:\/\/galleria-kroeger.ch\/wp-content\/uploads\/2021\/03\/80-x-120-cm-800x532.jpeg 800w, https:\/\/galleria-kroeger.ch\/wp-content\/uploads\/2021\/03\/80-x-120-cm-1024x681.jpeg 1024w, https:\/\/galleria-kroeger.ch\/wp-content\/uploads\/2021\/03\/80-x-120-cm-1200x798.jpeg 1200w, https:\/\/galleria-kroeger.ch\/wp-content\/uploads\/2021\/03\/80-x-120-cm-1536x1022.jpeg 1536w, https:\/\/galleria-kroeger.ch\/wp-content\/uploads\/2021\/03\/80-x-120-cm.jpeg 2518w\" sizes=\"(max-width: 1024px) 100vw, 1024px\" \/>\n\t\t<div class=\"figc no-title\">\n\t\t\t<div class=\"figc-inner\">\n\t\t\t\t\t\t\t\t\t\t\t\t\t\t\t<\/div>\n\t\t<\/div>\n\n\t<\/div>\n\n<\/div><div class=\"modula-item effect-quiet jtg-filter-all jtg-filter-\" >\n\t<div class=\"modula-item-overlay\"><\/div>\n\n\t<div class=\"modula-item-content\">\n\n\t\t<a data-image-id=\"4724\" role=\"button\" tabindex=\"0\" href=\"https:\/\/galleria-kroeger.ch\/wp-content\/uploads\/2026\/03\/60-x-80-cm.jpeg\" rel=\"jtg-827\" data-caption=\"&lt;p&gt;&lt;strong&gt;ohne Titel&lt;\/strong&gt;&lt;br \/&gt;Mischtechnik auf Leinwand&lt;br \/&gt;60 x 80 cm&lt;\/p&gt;\" aria-label=\"Open image in lightbox\" data-thumb=\"https:\/\/galleria-kroeger.ch\/wp-content\/uploads\/2026\/03\/60-x-80-cm-150x150.jpeg\" class=\"tile-inner modula-item-link\"><\/a><img decoding=\"async\" class=\"pic wp-image-4724\"  data-valign=\"middle\" data-halign=\"center\" alt=\"Rolf Kr\u00f6ger, Galleria Kr\u00f6ger, Ascona, Lago Maggiore, Steinkrusten, Mischtechnik auf Leinwand, Steinskulpturen, Steinoberfl\u00e4chen auf Leinwand, Concorde Memorial\" data-full=\"https:\/\/galleria-kroeger.ch\/wp-content\/uploads\/2026\/03\/60-x-80-cm.jpeg\" title=\"60 x 80 cm\" crop=\"\" width=\"1024\" height=\"759\" src=\"https:\/\/galleria-kroeger.ch\/wp-content\/uploads\/2026\/03\/60-x-80-cm-1024x759.jpeg\" data-src=\"https:\/\/galleria-kroeger.ch\/wp-content\/uploads\/2026\/03\/60-x-80-cm-1024x759.jpeg\" data-caption=\"&lt;strong&gt;ohne Titel&lt;\/strong&gt;&lt;br \/&gt;Mischtechnik auf Leinwand&lt;br \/&gt;60 x 80 cm\" srcset=\"https:\/\/galleria-kroeger.ch\/wp-content\/uploads\/2026\/03\/60-x-80-cm-24x18.jpeg 24w, https:\/\/galleria-kroeger.ch\/wp-content\/uploads\/2026\/03\/60-x-80-cm-36x27.jpeg 36w, https:\/\/galleria-kroeger.ch\/wp-content\/uploads\/2026\/03\/60-x-80-cm-48x36.jpeg 48w, https:\/\/galleria-kroeger.ch\/wp-content\/uploads\/2026\/03\/60-x-80-cm-200x148.jpeg 200w, https:\/\/galleria-kroeger.ch\/wp-content\/uploads\/2026\/03\/60-x-80-cm-300x222.jpeg 300w, https:\/\/galleria-kroeger.ch\/wp-content\/uploads\/2026\/03\/60-x-80-cm-400x296.jpeg 400w, https:\/\/galleria-kroeger.ch\/wp-content\/uploads\/2026\/03\/60-x-80-cm-600x445.jpeg 600w, https:\/\/galleria-kroeger.ch\/wp-content\/uploads\/2026\/03\/60-x-80-cm-768x569.jpeg 768w, https:\/\/galleria-kroeger.ch\/wp-content\/uploads\/2026\/03\/60-x-80-cm-800x593.jpeg 800w, https:\/\/galleria-kroeger.ch\/wp-content\/uploads\/2026\/03\/60-x-80-cm-1024x759.jpeg 1024w, https:\/\/galleria-kroeger.ch\/wp-content\/uploads\/2026\/03\/60-x-80-cm-1200x889.jpeg 1200w, https:\/\/galleria-kroeger.ch\/wp-content\/uploads\/2026\/03\/60-x-80-cm-1536x1138.jpeg 1536w, https:\/\/galleria-kroeger.ch\/wp-content\/uploads\/2026\/03\/60-x-80-cm.jpeg 2308w\" sizes=\"(max-width: 1024px) 100vw, 1024px\" \/>\n\t\t<div class=\"figc\">\n\t\t\t<div class=\"figc-inner\">\n\t\t\t\t\t\t\t\t\t\t\t\t\t\t\t<\/div>\n\t\t<\/div>\n\n\t<\/div>\n\n<\/div><div class=\"modula-item effect-quiet jtg-filter-all jtg-filter-\" >\n\t<div class=\"modula-item-overlay\"><\/div>\n\n\t<div class=\"modula-item-content\">\n\n\t\t<a data-image-id=\"828\" role=\"button\" tabindex=\"0\" href=\"https:\/\/galleria-kroeger.ch\/wp-content\/uploads\/2021\/03\/40-x-40-cm-2.jpeg\" rel=\"jtg-827\" data-caption=\"&lt;p&gt;&lt;p&gt;&lt;strong&gt;ohne Titel&lt;\/strong&gt;&lt;br \/&gt;Mischtechnik auf Leinwand&lt;br \/&gt;40 x 40 cm&lt;br \/&gt;Serie von 3 Bilder&lt;\/p&gt;&lt;\/p&gt;\" aria-label=\"Open image in lightbox\" data-thumb=\"https:\/\/galleria-kroeger.ch\/wp-content\/uploads\/2021\/03\/40-x-40-cm-2-150x150.jpeg\" class=\"tile-inner modula-item-link\"><\/a><img decoding=\"async\" class=\"pic wp-image-828\"  data-valign=\"middle\" data-halign=\"center\" alt=\"Rolf Kr\u00f6ger, Galleria Kr\u00f6ger, Ascona, Lago Maggiore, Steinkrusten, Mischtechnik auf Leinwand, Steinskulpturen, Steinoberfl\u00e4chen auf Leinwand, Concorde Memorial\" data-full=\"https:\/\/galleria-kroeger.ch\/wp-content\/uploads\/2021\/03\/40-x-40-cm-2.jpeg\" title=\"\" crop=\"\" width=\"1024\" height=\"1024\" src=\"https:\/\/galleria-kroeger.ch\/wp-content\/uploads\/2021\/03\/40-x-40-cm-2-1024x1024.jpeg\" data-src=\"https:\/\/galleria-kroeger.ch\/wp-content\/uploads\/2021\/03\/40-x-40-cm-2-1024x1024.jpeg\" data-caption=\"&lt;p&gt;&lt;strong&gt;ohne Titel&lt;\/strong&gt;&lt;br \/&gt;Mischtechnik auf Leinwand&lt;br \/&gt;40 x 40 cm&lt;br \/&gt;Serie von 3 Bilder&lt;\/p&gt;\" srcset=\"https:\/\/galleria-kroeger.ch\/wp-content\/uploads\/2021\/03\/40-x-40-cm-2-24x24.jpeg 24w, https:\/\/galleria-kroeger.ch\/wp-content\/uploads\/2021\/03\/40-x-40-cm-2-36x36.jpeg 36w, https:\/\/galleria-kroeger.ch\/wp-content\/uploads\/2021\/03\/40-x-40-cm-2-48x48.jpeg 48w, https:\/\/galleria-kroeger.ch\/wp-content\/uploads\/2021\/03\/40-x-40-cm-2-66x66.jpeg 66w, https:\/\/galleria-kroeger.ch\/wp-content\/uploads\/2021\/03\/40-x-40-cm-2-150x150.jpeg 150w, https:\/\/galleria-kroeger.ch\/wp-content\/uploads\/2021\/03\/40-x-40-cm-2-200x200.jpeg 200w, https:\/\/galleria-kroeger.ch\/wp-content\/uploads\/2021\/03\/40-x-40-cm-2-300x300.jpeg 300w, https:\/\/galleria-kroeger.ch\/wp-content\/uploads\/2021\/03\/40-x-40-cm-2-400x400.jpeg 400w, https:\/\/galleria-kroeger.ch\/wp-content\/uploads\/2021\/03\/40-x-40-cm-2-600x600.jpeg 600w, https:\/\/galleria-kroeger.ch\/wp-content\/uploads\/2021\/03\/40-x-40-cm-2-768x768.jpeg 768w, https:\/\/galleria-kroeger.ch\/wp-content\/uploads\/2021\/03\/40-x-40-cm-2-800x800.jpeg 800w, https:\/\/galleria-kroeger.ch\/wp-content\/uploads\/2021\/03\/40-x-40-cm-2-1024x1024.jpeg 1024w, https:\/\/galleria-kroeger.ch\/wp-content\/uploads\/2021\/03\/40-x-40-cm-2-1200x1200.jpeg 1200w, https:\/\/galleria-kroeger.ch\/wp-content\/uploads\/2021\/03\/40-x-40-cm-2-1536x1536.jpeg 1536w, https:\/\/galleria-kroeger.ch\/wp-content\/uploads\/2021\/03\/40-x-40-cm-2.jpeg 1728w\" sizes=\"(max-width: 1024px) 100vw, 1024px\" \/>\n\t\t<div class=\"figc no-title\">\n\t\t\t<div class=\"figc-inner\">\n\t\t\t\t\t\t\t\t\t\t\t\t\t\t\t<\/div>\n\t\t<\/div>\n\n\t<\/div>\n\n<\/div><div class=\"modula-item effect-quiet jtg-filter-all jtg-filter-\" >\n\t<div class=\"modula-item-overlay\"><\/div>\n\n\t<div class=\"modula-item-content\">\n\n\t\t<a data-image-id=\"3242\" role=\"button\" tabindex=\"0\" href=\"https:\/\/galleria-kroeger.ch\/wp-content\/uploads\/2023\/09\/100-x-100-cm.jpg\" rel=\"jtg-827\" data-caption=\"&lt;p&gt;&lt;strong&gt;ohne Titel&lt;\/strong&gt;&lt;br&gt;\nMischtechnik auf Leinwand&lt;br&gt;\n100 x 100 cm&lt;\/p&gt;\" aria-label=\"Open image in lightbox\" data-thumb=\"https:\/\/galleria-kroeger.ch\/wp-content\/uploads\/2023\/09\/100-x-100-cm-150x150.jpg\" class=\"tile-inner modula-item-link\"><\/a><img decoding=\"async\" class=\"pic wp-image-3242\"  data-valign=\"middle\" data-halign=\"center\" alt=\"Rolf Kr\u00f6ger, Galleria Kr\u00f6ger, Ascona, Lago Maggiore, Steinkrusten, Mischtechnik auf Leinwand, Steinskulpturen, Steinoberfl\u00e4chen auf Leinwand, Concorde Memorial\" data-full=\"https:\/\/galleria-kroeger.ch\/wp-content\/uploads\/2023\/09\/100-x-100-cm.jpg\" title=\"\" crop=\"\" width=\"886\" height=\"886\" src=\"https:\/\/galleria-kroeger.ch\/wp-content\/uploads\/2023\/09\/100-x-100-cm.jpg\" data-src=\"https:\/\/galleria-kroeger.ch\/wp-content\/uploads\/2023\/09\/100-x-100-cm.jpg\" data-caption=\"&lt;strong&gt;ohne Titel&lt;\/strong&gt;&lt;br&gt;\nMischtechnik auf Leinwand&lt;br&gt;\n100 x 100 cm\" srcset=\"https:\/\/galleria-kroeger.ch\/wp-content\/uploads\/2023\/09\/100-x-100-cm-24x24.jpg 24w, https:\/\/galleria-kroeger.ch\/wp-content\/uploads\/2023\/09\/100-x-100-cm-36x36.jpg 36w, https:\/\/galleria-kroeger.ch\/wp-content\/uploads\/2023\/09\/100-x-100-cm-48x48.jpg 48w, https:\/\/galleria-kroeger.ch\/wp-content\/uploads\/2023\/09\/100-x-100-cm-66x66.jpg 66w, https:\/\/galleria-kroeger.ch\/wp-content\/uploads\/2023\/09\/100-x-100-cm-150x150.jpg 150w, https:\/\/galleria-kroeger.ch\/wp-content\/uploads\/2023\/09\/100-x-100-cm-200x200.jpg 200w, https:\/\/galleria-kroeger.ch\/wp-content\/uploads\/2023\/09\/100-x-100-cm-300x300.jpg 300w, https:\/\/galleria-kroeger.ch\/wp-content\/uploads\/2023\/09\/100-x-100-cm-400x400.jpg 400w, https:\/\/galleria-kroeger.ch\/wp-content\/uploads\/2023\/09\/100-x-100-cm-600x600.jpg 600w, https:\/\/galleria-kroeger.ch\/wp-content\/uploads\/2023\/09\/100-x-100-cm-768x768.jpg 768w, https:\/\/galleria-kroeger.ch\/wp-content\/uploads\/2023\/09\/100-x-100-cm-800x800.jpg 800w, https:\/\/galleria-kroeger.ch\/wp-content\/uploads\/2023\/09\/100-x-100-cm.jpg 886w\" sizes=\"(max-width: 886px) 100vw, 886px\" \/>\n\t\t<div class=\"figc no-title\">\n\t\t\t<div class=\"figc-inner\">\n\t\t\t\t\t\t\t\t\t\t\t\t\t\t\t<\/div>\n\t\t<\/div>\n\n\t<\/div>\n\n<\/div><div class=\"modula-item effect-quiet jtg-filter-all jtg-filter-\" >\n\t<div class=\"modula-item-overlay\"><\/div>\n\n\t<div class=\"modula-item-content\">\n\n\t\t<a data-image-id=\"831\" role=\"button\" tabindex=\"0\" href=\"https:\/\/galleria-kroeger.ch\/wp-content\/uploads\/2021\/03\/60-x-50-cm.jpeg\" rel=\"jtg-827\" data-caption=\"&lt;p&gt;&lt;strong&gt;ohne Titel&lt;\/strong&gt;&lt;br&gt;\nMischtechnik auf Leinwand&lt;br&gt;\n40 x 30 cm&lt;\/p&gt;\" aria-label=\"Open image in lightbox\" data-thumb=\"https:\/\/galleria-kroeger.ch\/wp-content\/uploads\/2021\/03\/60-x-50-cm-150x150.jpeg\" class=\"tile-inner modula-item-link\"><\/a><img decoding=\"async\" class=\"pic wp-image-831\"  data-valign=\"middle\" data-halign=\"center\" alt=\"Rolf Kr\u00f6ger, Galleria Kr\u00f6ger, Ascona, Lago Maggiore, Steinkrusten, Mischtechnik auf Leinwand, Steinskulpturen, Steinoberfl\u00e4chen auf Leinwand, Concorde Memorial\" data-full=\"https:\/\/galleria-kroeger.ch\/wp-content\/uploads\/2021\/03\/60-x-50-cm.jpeg\" title=\"\" crop=\"\" width=\"858\" height=\"1024\" src=\"https:\/\/galleria-kroeger.ch\/wp-content\/uploads\/2021\/03\/60-x-50-cm-858x1024.jpeg\" data-src=\"https:\/\/galleria-kroeger.ch\/wp-content\/uploads\/2021\/03\/60-x-50-cm-858x1024.jpeg\" data-caption=\"&lt;strong&gt;ohne Titel&lt;\/strong&gt;&lt;br&gt;\nMischtechnik auf Leinwand&lt;br&gt;\n40 x 30 cm\" srcset=\"https:\/\/galleria-kroeger.ch\/wp-content\/uploads\/2021\/03\/60-x-50-cm-20x24.jpeg 20w, https:\/\/galleria-kroeger.ch\/wp-content\/uploads\/2021\/03\/60-x-50-cm-30x36.jpeg 30w, https:\/\/galleria-kroeger.ch\/wp-content\/uploads\/2021\/03\/60-x-50-cm-40x48.jpeg 40w, https:\/\/galleria-kroeger.ch\/wp-content\/uploads\/2021\/03\/60-x-50-cm-200x239.jpeg 200w, https:\/\/galleria-kroeger.ch\/wp-content\/uploads\/2021\/03\/60-x-50-cm-251x300.jpeg 251w, https:\/\/galleria-kroeger.ch\/wp-content\/uploads\/2021\/03\/60-x-50-cm-400x477.jpeg 400w, https:\/\/galleria-kroeger.ch\/wp-content\/uploads\/2021\/03\/60-x-50-cm-600x716.jpeg 600w, https:\/\/galleria-kroeger.ch\/wp-content\/uploads\/2021\/03\/60-x-50-cm-768x916.jpeg 768w, https:\/\/galleria-kroeger.ch\/wp-content\/uploads\/2021\/03\/60-x-50-cm-800x954.jpeg 800w, https:\/\/galleria-kroeger.ch\/wp-content\/uploads\/2021\/03\/60-x-50-cm-858x1024.jpeg 858w, https:\/\/galleria-kroeger.ch\/wp-content\/uploads\/2021\/03\/60-x-50-cm-1200x1432.jpeg 1200w, https:\/\/galleria-kroeger.ch\/wp-content\/uploads\/2021\/03\/60-x-50-cm-1288x1536.jpeg 1288w, https:\/\/galleria-kroeger.ch\/wp-content\/uploads\/2021\/03\/60-x-50-cm-1717x2048.jpeg 1717w, https:\/\/galleria-kroeger.ch\/wp-content\/uploads\/2021\/03\/60-x-50-cm.jpeg 1752w\" sizes=\"(max-width: 858px) 100vw, 858px\" \/>\n\t\t<div class=\"figc no-title\">\n\t\t\t<div class=\"figc-inner\">\n\t\t\t\t\t\t\t\t\t\t\t\t\t\t\t<\/div>\n\t\t<\/div>\n\n\t<\/div>\n\n<\/div><div class=\"modula-item effect-quiet jtg-filter-all jtg-filter-\" >\n\t<div class=\"modula-item-overlay\"><\/div>\n\n\t<div class=\"modula-item-content\">\n\n\t\t<a data-image-id=\"4321\" role=\"button\" tabindex=\"0\" href=\"https:\/\/galleria-kroeger.ch\/wp-content\/uploads\/2025\/03\/120-x-100-cm.jpeg\" rel=\"jtg-827\" data-caption=\"&lt;p&gt;&lt;strong&gt;ohne Titel&lt;\/strong&gt;&lt;br&gt;\nMischtechnik auf Leinwand&lt;br&gt;\n120 x 100 cm&lt;\/p&gt;\" aria-label=\"Open image in lightbox\" data-thumb=\"https:\/\/galleria-kroeger.ch\/wp-content\/uploads\/2025\/03\/120-x-100-cm-150x150.jpeg\" class=\"tile-inner modula-item-link\"><\/a><img decoding=\"async\" class=\"pic wp-image-4321\"  data-valign=\"middle\" data-halign=\"center\" alt=\"Rolf Kr\u00f6ger, Galleria Kr\u00f6ger, Ascona, Lago Maggiore, Steinkrusten, Mischtechnik auf Leinwand, Steinskulpturen, Steinoberfl\u00e4chen auf Leinwand, Concorde Memorial\" data-full=\"https:\/\/galleria-kroeger.ch\/wp-content\/uploads\/2025\/03\/120-x-100-cm.jpeg\" title=\"\" crop=\"\" width=\"853\" height=\"1024\" src=\"https:\/\/galleria-kroeger.ch\/wp-content\/uploads\/2025\/03\/120-x-100-cm-853x1024.jpeg\" data-src=\"https:\/\/galleria-kroeger.ch\/wp-content\/uploads\/2025\/03\/120-x-100-cm-853x1024.jpeg\" data-caption=\"&lt;strong&gt;ohne Titel&lt;\/strong&gt;&lt;br&gt;\nMischtechnik auf Leinwand&lt;br&gt;\n120 x 100 cm\" srcset=\"https:\/\/galleria-kroeger.ch\/wp-content\/uploads\/2025\/03\/120-x-100-cm-20x24.jpeg 20w, https:\/\/galleria-kroeger.ch\/wp-content\/uploads\/2025\/03\/120-x-100-cm-30x36.jpeg 30w, https:\/\/galleria-kroeger.ch\/wp-content\/uploads\/2025\/03\/120-x-100-cm-40x48.jpeg 40w, https:\/\/galleria-kroeger.ch\/wp-content\/uploads\/2025\/03\/120-x-100-cm-200x240.jpeg 200w, https:\/\/galleria-kroeger.ch\/wp-content\/uploads\/2025\/03\/120-x-100-cm-250x300.jpeg 250w, https:\/\/galleria-kroeger.ch\/wp-content\/uploads\/2025\/03\/120-x-100-cm-400x480.jpeg 400w, https:\/\/galleria-kroeger.ch\/wp-content\/uploads\/2025\/03\/120-x-100-cm-600x720.jpeg 600w, https:\/\/galleria-kroeger.ch\/wp-content\/uploads\/2025\/03\/120-x-100-cm-768x921.jpeg 768w, https:\/\/galleria-kroeger.ch\/wp-content\/uploads\/2025\/03\/120-x-100-cm-800x960.jpeg 800w, https:\/\/galleria-kroeger.ch\/wp-content\/uploads\/2025\/03\/120-x-100-cm-853x1024.jpeg 853w, https:\/\/galleria-kroeger.ch\/wp-content\/uploads\/2025\/03\/120-x-100-cm-1200x1440.jpeg 1200w, https:\/\/galleria-kroeger.ch\/wp-content\/uploads\/2025\/03\/120-x-100-cm-1280x1536.jpeg 1280w, https:\/\/galleria-kroeger.ch\/wp-content\/uploads\/2025\/03\/120-x-100-cm-1707x2048.jpeg 1707w, https:\/\/galleria-kroeger.ch\/wp-content\/uploads\/2025\/03\/120-x-100-cm.jpeg 1777w\" sizes=\"(max-width: 853px) 100vw, 853px\" \/>\n\t\t<div class=\"figc no-title\">\n\t\t\t<div class=\"figc-inner\">\n\t\t\t\t\t\t\t\t\t\t\t\t\t\t\t<\/div>\n\t\t<\/div>\n\n\t<\/div>\n\n<\/div><div class=\"modula-item effect-quiet jtg-filter-all jtg-filter-\" >\n\t<div class=\"modula-item-overlay\"><\/div>\n\n\t<div class=\"modula-item-content\">\n\n\t\t<a data-image-id=\"4318\" role=\"button\" tabindex=\"0\" href=\"https:\/\/galleria-kroeger.ch\/wp-content\/uploads\/2025\/03\/100-x-120-cm.jpeg\" rel=\"jtg-827\" data-caption=\"&lt;p&gt;&lt;strong&gt;ohne Titel&lt;\/strong&gt;&lt;br&gt;\nMischtechnik auf Leinwand&lt;br&gt;\n100 x 120 cm&lt;\/p&gt;\" aria-label=\"Open image in lightbox\" data-thumb=\"https:\/\/galleria-kroeger.ch\/wp-content\/uploads\/2025\/03\/100-x-120-cm-150x150.jpeg\" class=\"tile-inner modula-item-link\"><\/a><img decoding=\"async\" class=\"pic wp-image-4318\"  data-valign=\"middle\" data-halign=\"center\" alt=\"Rolf Kr\u00f6ger, Galleria Kr\u00f6ger, Ascona, Lago Maggiore, Steinkrusten, Mischtechnik auf Leinwand, Steinskulpturen, Steinoberfl\u00e4chen auf Leinwand, Concorde Memorial\" data-full=\"https:\/\/galleria-kroeger.ch\/wp-content\/uploads\/2025\/03\/100-x-120-cm.jpeg\" title=\"\" crop=\"\" width=\"1024\" height=\"854\" src=\"https:\/\/galleria-kroeger.ch\/wp-content\/uploads\/2025\/03\/100-x-120-cm-1024x854.jpeg\" data-src=\"https:\/\/galleria-kroeger.ch\/wp-content\/uploads\/2025\/03\/100-x-120-cm-1024x854.jpeg\" data-caption=\"&lt;strong&gt;ohne Titel&lt;\/strong&gt;&lt;br&gt;\nMischtechnik auf Leinwand&lt;br&gt;\n100 x 120 cm\" srcset=\"https:\/\/galleria-kroeger.ch\/wp-content\/uploads\/2025\/03\/100-x-120-cm-24x20.jpeg 24w, https:\/\/galleria-kroeger.ch\/wp-content\/uploads\/2025\/03\/100-x-120-cm-36x30.jpeg 36w, https:\/\/galleria-kroeger.ch\/wp-content\/uploads\/2025\/03\/100-x-120-cm-48x40.jpeg 48w, https:\/\/galleria-kroeger.ch\/wp-content\/uploads\/2025\/03\/100-x-120-cm-200x167.jpeg 200w, https:\/\/galleria-kroeger.ch\/wp-content\/uploads\/2025\/03\/100-x-120-cm-300x250.jpeg 300w, https:\/\/galleria-kroeger.ch\/wp-content\/uploads\/2025\/03\/100-x-120-cm-400x334.jpeg 400w, https:\/\/galleria-kroeger.ch\/wp-content\/uploads\/2025\/03\/100-x-120-cm-600x500.jpeg 600w, https:\/\/galleria-kroeger.ch\/wp-content\/uploads\/2025\/03\/100-x-120-cm-768x641.jpeg 768w, https:\/\/galleria-kroeger.ch\/wp-content\/uploads\/2025\/03\/100-x-120-cm-800x667.jpeg 800w, https:\/\/galleria-kroeger.ch\/wp-content\/uploads\/2025\/03\/100-x-120-cm-1024x854.jpeg 1024w, https:\/\/galleria-kroeger.ch\/wp-content\/uploads\/2025\/03\/100-x-120-cm-1200x1001.jpeg 1200w, https:\/\/galleria-kroeger.ch\/wp-content\/uploads\/2025\/03\/100-x-120-cm-1536x1281.jpeg 1536w, https:\/\/galleria-kroeger.ch\/wp-content\/uploads\/2025\/03\/100-x-120-cm.jpeg 2037w\" sizes=\"(max-width: 1024px) 100vw, 1024px\" \/>\n\t\t<div class=\"figc no-title\">\n\t\t\t<div class=\"figc-inner\">\n\t\t\t\t\t\t\t\t\t\t\t\t\t\t\t<\/div>\n\t\t<\/div>\n\n\t<\/div>\n\n<\/div><div class=\"modula-item effect-quiet jtg-filter-all jtg-filter-\" >\n\t<div class=\"modula-item-overlay\"><\/div>\n\n\t<div class=\"modula-item-content\">\n\n\t\t<a data-image-id=\"2715\" role=\"button\" tabindex=\"0\" href=\"https:\/\/galleria-kroeger.ch\/wp-content\/uploads\/2022\/12\/100-x-120-cm.jpeg\" rel=\"jtg-827\" data-caption=\"&lt;p&gt;&lt;strong&gt;ohne Titel&lt;\/strong&gt;&lt;br&gt;\nMischtechnik auf Leinwand&lt;br&gt;\n100 x 120 cm&lt;\/p&gt;\" aria-label=\"Open image in lightbox\" data-thumb=\"https:\/\/galleria-kroeger.ch\/wp-content\/uploads\/2022\/12\/100-x-120-cm-150x150.jpeg\" class=\"tile-inner modula-item-link\"><\/a><img decoding=\"async\" class=\"pic wp-image-2715\"  data-valign=\"middle\" data-halign=\"center\" alt=\"Rolf Kr\u00f6ger, Galleria Kr\u00f6ger, Ascona, Lago Maggiore, Steinkrusten, Mischtechnik auf Leinwand, Steinskulpturen, Steinoberfl\u00e4chen auf Leinwand, Concorde Memorial\" data-full=\"https:\/\/galleria-kroeger.ch\/wp-content\/uploads\/2022\/12\/100-x-120-cm.jpeg\" title=\"\" crop=\"\" width=\"1024\" height=\"853\" src=\"https:\/\/galleria-kroeger.ch\/wp-content\/uploads\/2022\/12\/100-x-120-cm-1024x853.jpeg\" data-src=\"https:\/\/galleria-kroeger.ch\/wp-content\/uploads\/2022\/12\/100-x-120-cm-1024x853.jpeg\" data-caption=\"&lt;strong&gt;ohne Titel&lt;\/strong&gt;&lt;br&gt;\nMischtechnik auf Leinwand&lt;br&gt;\n100 x 120 cm\" srcset=\"https:\/\/galleria-kroeger.ch\/wp-content\/uploads\/2022\/12\/100-x-120-cm-24x20.jpeg 24w, https:\/\/galleria-kroeger.ch\/wp-content\/uploads\/2022\/12\/100-x-120-cm-36x30.jpeg 36w, https:\/\/galleria-kroeger.ch\/wp-content\/uploads\/2022\/12\/100-x-120-cm-48x40.jpeg 48w, https:\/\/galleria-kroeger.ch\/wp-content\/uploads\/2022\/12\/100-x-120-cm-200x167.jpeg 200w, https:\/\/galleria-kroeger.ch\/wp-content\/uploads\/2022\/12\/100-x-120-cm-300x250.jpeg 300w, https:\/\/galleria-kroeger.ch\/wp-content\/uploads\/2022\/12\/100-x-120-cm-400x333.jpeg 400w, https:\/\/galleria-kroeger.ch\/wp-content\/uploads\/2022\/12\/100-x-120-cm-600x500.jpeg 600w, https:\/\/galleria-kroeger.ch\/wp-content\/uploads\/2022\/12\/100-x-120-cm-768x640.jpeg 768w, https:\/\/galleria-kroeger.ch\/wp-content\/uploads\/2022\/12\/100-x-120-cm-800x666.jpeg 800w, https:\/\/galleria-kroeger.ch\/wp-content\/uploads\/2022\/12\/100-x-120-cm-1024x853.jpeg 1024w, https:\/\/galleria-kroeger.ch\/wp-content\/uploads\/2022\/12\/100-x-120-cm-1200x999.jpeg 1200w, https:\/\/galleria-kroeger.ch\/wp-content\/uploads\/2022\/12\/100-x-120-cm-1536x1279.jpeg 1536w, https:\/\/galleria-kroeger.ch\/wp-content\/uploads\/2022\/12\/100-x-120-cm.jpeg 2166w\" sizes=\"(max-width: 1024px) 100vw, 1024px\" \/>\n\t\t<div class=\"figc no-title\">\n\t\t\t<div class=\"figc-inner\">\n\t\t\t\t\t\t\t\t\t\t\t\t\t\t\t<\/div>\n\t\t<\/div>\n\n\t<\/div>\n\n<\/div><div class=\"modula-item effect-quiet jtg-filter-all jtg-filter-\" >\n\t<div class=\"modula-item-overlay\"><\/div>\n\n\t<div class=\"modula-item-content\">\n\n\t\t<a data-image-id=\"4727\" role=\"button\" tabindex=\"0\" href=\"https:\/\/galleria-kroeger.ch\/wp-content\/uploads\/2026\/03\/80-x-80-cm.jpg\" rel=\"jtg-827\" data-caption=\"&lt;p&gt;&lt;strong&gt;ohne Titel&lt;\/strong&gt;&lt;br \/&gt;Mischtechnik auf Leinwand&lt;br \/&gt;80 x 80 cm&lt;\/p&gt;\" aria-label=\"Open image in lightbox\" data-thumb=\"https:\/\/galleria-kroeger.ch\/wp-content\/uploads\/2026\/03\/80-x-80-cm-150x150.jpg\" class=\"tile-inner modula-item-link\"><\/a><img decoding=\"async\" class=\"pic wp-image-4727\"  data-valign=\"middle\" data-halign=\"center\" alt=\"Rolf Kr\u00f6ger, Galleria Kr\u00f6ger, Ascona, Lago Maggiore, Steinkrusten, Mischtechnik auf Leinwand, Steinskulpturen, Steinoberfl\u00e4chen auf Leinwand, Concorde Memorial\" data-full=\"https:\/\/galleria-kroeger.ch\/wp-content\/uploads\/2026\/03\/80-x-80-cm.jpg\" title=\"80 x 80 cm\" crop=\"\" width=\"1024\" height=\"1024\" src=\"https:\/\/galleria-kroeger.ch\/wp-content\/uploads\/2026\/03\/80-x-80-cm-1024x1024.jpg\" data-src=\"https:\/\/galleria-kroeger.ch\/wp-content\/uploads\/2026\/03\/80-x-80-cm-1024x1024.jpg\" data-caption=\"&lt;strong&gt;ohne Titel&lt;\/strong&gt;&lt;br \/&gt;Mischtechnik auf Leinwand&lt;br \/&gt;80 x 80 cm\" srcset=\"https:\/\/galleria-kroeger.ch\/wp-content\/uploads\/2026\/03\/80-x-80-cm-24x24.jpg 24w, https:\/\/galleria-kroeger.ch\/wp-content\/uploads\/2026\/03\/80-x-80-cm-36x36.jpg 36w, https:\/\/galleria-kroeger.ch\/wp-content\/uploads\/2026\/03\/80-x-80-cm-48x48.jpg 48w, https:\/\/galleria-kroeger.ch\/wp-content\/uploads\/2026\/03\/80-x-80-cm-66x66.jpg 66w, https:\/\/galleria-kroeger.ch\/wp-content\/uploads\/2026\/03\/80-x-80-cm-150x150.jpg 150w, https:\/\/galleria-kroeger.ch\/wp-content\/uploads\/2026\/03\/80-x-80-cm-200x200.jpg 200w, https:\/\/galleria-kroeger.ch\/wp-content\/uploads\/2026\/03\/80-x-80-cm-300x300.jpg 300w, https:\/\/galleria-kroeger.ch\/wp-content\/uploads\/2026\/03\/80-x-80-cm-400x400.jpg 400w, https:\/\/galleria-kroeger.ch\/wp-content\/uploads\/2026\/03\/80-x-80-cm-600x600.jpg 600w, https:\/\/galleria-kroeger.ch\/wp-content\/uploads\/2026\/03\/80-x-80-cm-768x768.jpg 768w, https:\/\/galleria-kroeger.ch\/wp-content\/uploads\/2026\/03\/80-x-80-cm-800x800.jpg 800w, https:\/\/galleria-kroeger.ch\/wp-content\/uploads\/2026\/03\/80-x-80-cm-1024x1024.jpg 1024w, https:\/\/galleria-kroeger.ch\/wp-content\/uploads\/2026\/03\/80-x-80-cm-1200x1200.jpg 1200w, https:\/\/galleria-kroeger.ch\/wp-content\/uploads\/2026\/03\/80-x-80-cm.jpg 1500w\" sizes=\"(max-width: 1024px) 100vw, 1024px\" \/>\n\t\t<div class=\"figc\">\n\t\t\t<div class=\"figc-inner\">\n\t\t\t\t\t\t\t\t\t\t\t\t\t\t\t<\/div>\n\t\t<\/div>\n\n\t<\/div>\n\n<\/div><div class=\"modula-item effect-quiet jtg-filter-all jtg-filter-\" >\n\t<div class=\"modula-item-overlay\"><\/div>\n\n\t<div class=\"modula-item-content\">\n\n\t\t<a data-image-id=\"2724\" role=\"button\" tabindex=\"0\" href=\"https:\/\/galleria-kroeger.ch\/wp-content\/uploads\/2022\/12\/100-x-120-cm-2.jpeg\" rel=\"jtg-827\" data-caption=\"&lt;p&gt;&lt;strong&gt;ohne Titel&lt;\/strong&gt;&lt;br&gt;\nMischtechnik auf Leinwand&lt;br&gt;\n100 x 120 cm&lt;\/p&gt;\" aria-label=\"Open image in lightbox\" data-thumb=\"https:\/\/galleria-kroeger.ch\/wp-content\/uploads\/2022\/12\/100-x-120-cm-2-150x150.jpeg\" class=\"tile-inner modula-item-link\"><\/a><img decoding=\"async\" class=\"pic wp-image-2724\"  data-valign=\"middle\" data-halign=\"center\" alt=\"Rolf Kr\u00f6ger, Galleria Kr\u00f6ger, Ascona, Lago Maggiore, Steinkrusten, Mischtechnik auf Leinwand, Steinskulpturen, Steinoberfl\u00e4chen auf Leinwand, Concorde Memorial\" data-full=\"https:\/\/galleria-kroeger.ch\/wp-content\/uploads\/2022\/12\/100-x-120-cm-2.jpeg\" title=\"\" crop=\"\" width=\"1024\" height=\"846\" src=\"https:\/\/galleria-kroeger.ch\/wp-content\/uploads\/2022\/12\/100-x-120-cm-2-1024x846.jpeg\" data-src=\"https:\/\/galleria-kroeger.ch\/wp-content\/uploads\/2022\/12\/100-x-120-cm-2-1024x846.jpeg\" data-caption=\"&lt;strong&gt;ohne Titel&lt;\/strong&gt;&lt;br&gt;\nMischtechnik auf Leinwand&lt;br&gt;\n100 x 120 cm\" srcset=\"https:\/\/galleria-kroeger.ch\/wp-content\/uploads\/2022\/12\/100-x-120-cm-2-24x20.jpeg 24w, https:\/\/galleria-kroeger.ch\/wp-content\/uploads\/2022\/12\/100-x-120-cm-2-36x30.jpeg 36w, https:\/\/galleria-kroeger.ch\/wp-content\/uploads\/2022\/12\/100-x-120-cm-2-48x40.jpeg 48w, https:\/\/galleria-kroeger.ch\/wp-content\/uploads\/2022\/12\/100-x-120-cm-2-200x165.jpeg 200w, https:\/\/galleria-kroeger.ch\/wp-content\/uploads\/2022\/12\/100-x-120-cm-2-300x248.jpeg 300w, https:\/\/galleria-kroeger.ch\/wp-content\/uploads\/2022\/12\/100-x-120-cm-2-400x331.jpeg 400w, https:\/\/galleria-kroeger.ch\/wp-content\/uploads\/2022\/12\/100-x-120-cm-2-600x496.jpeg 600w, https:\/\/galleria-kroeger.ch\/wp-content\/uploads\/2022\/12\/100-x-120-cm-2-768x635.jpeg 768w, https:\/\/galleria-kroeger.ch\/wp-content\/uploads\/2022\/12\/100-x-120-cm-2-800x661.jpeg 800w, https:\/\/galleria-kroeger.ch\/wp-content\/uploads\/2022\/12\/100-x-120-cm-2-1024x846.jpeg 1024w, https:\/\/galleria-kroeger.ch\/wp-content\/uploads\/2022\/12\/100-x-120-cm-2-1200x992.jpeg 1200w, https:\/\/galleria-kroeger.ch\/wp-content\/uploads\/2022\/12\/100-x-120-cm-2-1536x1269.jpeg 1536w, https:\/\/galleria-kroeger.ch\/wp-content\/uploads\/2022\/12\/100-x-120-cm-2.jpeg 2148w\" sizes=\"(max-width: 1024px) 100vw, 1024px\" \/>\n\t\t<div class=\"figc no-title\">\n\t\t\t<div class=\"figc-inner\">\n\t\t\t\t\t\t\t\t\t\t\t\t\t\t\t<\/div>\n\t\t<\/div>\n\n\t<\/div>\n\n<\/div><div class=\"modula-item effect-quiet jtg-filter-all jtg-filter-\" >\n\t<div class=\"modula-item-overlay\"><\/div>\n\n\t<div class=\"modula-item-content\">\n\n\t\t<a data-image-id=\"4733\" role=\"button\" tabindex=\"0\" href=\"https:\/\/galleria-kroeger.ch\/wp-content\/uploads\/2026\/03\/80-x-100-cm.jpg\" rel=\"jtg-827\" data-caption=\"&lt;p&gt;&lt;strong&gt;ohne Titel&lt;\/strong&gt;&lt;br \/&gt;Mischtechnik auf Leinwand&lt;br \/&gt;80 x 100 cm&lt;\/p&gt;\" aria-label=\"Open image in lightbox\" data-thumb=\"https:\/\/galleria-kroeger.ch\/wp-content\/uploads\/2026\/03\/80-x-100-cm-150x150.jpg\" class=\"tile-inner modula-item-link\"><\/a><img decoding=\"async\" class=\"pic wp-image-4733\"  data-valign=\"middle\" data-halign=\"center\" alt=\"Rolf Kr\u00f6ger, Galleria Kr\u00f6ger, Ascona, Lago Maggiore, Steinkrusten, Mischtechnik auf Leinwand, Steinskulpturen, Steinoberfl\u00e4chen auf Leinwand, Concorde Memorial\" data-full=\"https:\/\/galleria-kroeger.ch\/wp-content\/uploads\/2026\/03\/80-x-100-cm.jpg\" title=\"80 x 100 cm\" crop=\"\" width=\"1024\" height=\"822\" src=\"https:\/\/galleria-kroeger.ch\/wp-content\/uploads\/2026\/03\/80-x-100-cm.jpg\" data-src=\"https:\/\/galleria-kroeger.ch\/wp-content\/uploads\/2026\/03\/80-x-100-cm.jpg\" data-caption=\"&lt;strong&gt;ohne Titel&lt;\/strong&gt;&lt;br \/&gt;Mischtechnik auf Leinwand&lt;br \/&gt;80 x 100 cm\" srcset=\"https:\/\/galleria-kroeger.ch\/wp-content\/uploads\/2026\/03\/80-x-100-cm-24x19.jpg 24w, https:\/\/galleria-kroeger.ch\/wp-content\/uploads\/2026\/03\/80-x-100-cm-36x29.jpg 36w, https:\/\/galleria-kroeger.ch\/wp-content\/uploads\/2026\/03\/80-x-100-cm-48x39.jpg 48w, https:\/\/galleria-kroeger.ch\/wp-content\/uploads\/2026\/03\/80-x-100-cm-177x142.jpg 177w, https:\/\/galleria-kroeger.ch\/wp-content\/uploads\/2026\/03\/80-x-100-cm-200x161.jpg 200w, https:\/\/galleria-kroeger.ch\/wp-content\/uploads\/2026\/03\/80-x-100-cm-300x241.jpg 300w, https:\/\/galleria-kroeger.ch\/wp-content\/uploads\/2026\/03\/80-x-100-cm-400x321.jpg 400w, https:\/\/galleria-kroeger.ch\/wp-content\/uploads\/2026\/03\/80-x-100-cm-600x482.jpg 600w, https:\/\/galleria-kroeger.ch\/wp-content\/uploads\/2026\/03\/80-x-100-cm-768x617.jpg 768w, https:\/\/galleria-kroeger.ch\/wp-content\/uploads\/2026\/03\/80-x-100-cm-800x642.jpg 800w, https:\/\/galleria-kroeger.ch\/wp-content\/uploads\/2026\/03\/80-x-100-cm.jpg 1024w\" sizes=\"(max-width: 1024px) 100vw, 1024px\" \/>\n\t\t<div class=\"figc\">\n\t\t\t<div class=\"figc-inner\">\n\t\t\t\t\t\t\t\t\t\t\t\t\t\t\t<\/div>\n\t\t<\/div>\n\n\t<\/div>\n\n<\/div><div class=\"modula-item effect-quiet jtg-filter-all jtg-filter-\" >\n\t<div class=\"modula-item-overlay\"><\/div>\n\n\t<div class=\"modula-item-content\">\n\n\t\t<a data-image-id=\"2703\" role=\"button\" tabindex=\"0\" href=\"https:\/\/galleria-kroeger.ch\/wp-content\/uploads\/2022\/12\/80-x-80-cm-1.jpeg\" rel=\"jtg-827\" data-caption=\"&lt;p&gt;&lt;strong&gt;ohne Titel&lt;\/strong&gt;&lt;br&gt;\nMischtechnik auf Leinwand&lt;br&gt;\n80 x 80 cm&lt;\/p&gt;\" aria-label=\"Open image in lightbox\" data-thumb=\"https:\/\/galleria-kroeger.ch\/wp-content\/uploads\/2022\/12\/80-x-80-cm-1-150x150.jpeg\" class=\"tile-inner modula-item-link\"><\/a><img decoding=\"async\" class=\"pic wp-image-2703\"  data-valign=\"middle\" data-halign=\"center\" alt=\"Rolf Kr\u00f6ger, Galleria Kr\u00f6ger, Ascona, Lago Maggiore, Steinkrusten, Mischtechnik auf Leinwand, Steinskulpturen, Steinoberfl\u00e4chen auf Leinwand, Concorde Memorial\" data-full=\"https:\/\/galleria-kroeger.ch\/wp-content\/uploads\/2022\/12\/80-x-80-cm-1.jpeg\" title=\"\" crop=\"\" width=\"1024\" height=\"1024\" src=\"https:\/\/galleria-kroeger.ch\/wp-content\/uploads\/2022\/12\/80-x-80-cm-1-1024x1024.jpeg\" data-src=\"https:\/\/galleria-kroeger.ch\/wp-content\/uploads\/2022\/12\/80-x-80-cm-1-1024x1024.jpeg\" data-caption=\"&lt;strong&gt;ohne Titel&lt;\/strong&gt;&lt;br&gt;\nMischtechnik auf Leinwand&lt;br&gt;\n80 x 80 cm\" srcset=\"https:\/\/galleria-kroeger.ch\/wp-content\/uploads\/2022\/12\/80-x-80-cm-1-24x24.jpeg 24w, https:\/\/galleria-kroeger.ch\/wp-content\/uploads\/2022\/12\/80-x-80-cm-1-36x36.jpeg 36w, https:\/\/galleria-kroeger.ch\/wp-content\/uploads\/2022\/12\/80-x-80-cm-1-48x48.jpeg 48w, https:\/\/galleria-kroeger.ch\/wp-content\/uploads\/2022\/12\/80-x-80-cm-1-66x66.jpeg 66w, https:\/\/galleria-kroeger.ch\/wp-content\/uploads\/2022\/12\/80-x-80-cm-1-150x150.jpeg 150w, https:\/\/galleria-kroeger.ch\/wp-content\/uploads\/2022\/12\/80-x-80-cm-1-200x200.jpeg 200w, https:\/\/galleria-kroeger.ch\/wp-content\/uploads\/2022\/12\/80-x-80-cm-1-300x300.jpeg 300w, https:\/\/galleria-kroeger.ch\/wp-content\/uploads\/2022\/12\/80-x-80-cm-1-400x400.jpeg 400w, https:\/\/galleria-kroeger.ch\/wp-content\/uploads\/2022\/12\/80-x-80-cm-1-600x600.jpeg 600w, https:\/\/galleria-kroeger.ch\/wp-content\/uploads\/2022\/12\/80-x-80-cm-1-768x768.jpeg 768w, https:\/\/galleria-kroeger.ch\/wp-content\/uploads\/2022\/12\/80-x-80-cm-1-800x800.jpeg 800w, https:\/\/galleria-kroeger.ch\/wp-content\/uploads\/2022\/12\/80-x-80-cm-1-1024x1024.jpeg 1024w, https:\/\/galleria-kroeger.ch\/wp-content\/uploads\/2022\/12\/80-x-80-cm-1-1200x1200.jpeg 1200w, https:\/\/galleria-kroeger.ch\/wp-content\/uploads\/2022\/12\/80-x-80-cm-1-1536x1536.jpeg 1536w, https:\/\/galleria-kroeger.ch\/wp-content\/uploads\/2022\/12\/80-x-80-cm-1.jpeg 1790w\" sizes=\"(max-width: 1024px) 100vw, 1024px\" \/>\n\t\t<div class=\"figc no-title\">\n\t\t\t<div class=\"figc-inner\">\n\t\t\t\t\t\t\t\t\t\t\t\t\t\t\t<\/div>\n\t\t<\/div>\n\n\t<\/div>\n\n<\/div><div class=\"modula-item effect-quiet jtg-filter-all jtg-filter-\" >\n\t<div class=\"modula-item-overlay\"><\/div>\n\n\t<div class=\"modula-item-content\">\n\n\t\t<a data-image-id=\"894\" role=\"button\" tabindex=\"0\" href=\"https:\/\/galleria-kroeger.ch\/wp-content\/uploads\/2021\/03\/100-x-120-cm-gerahmt.jpeg\" rel=\"jtg-827\" data-caption=\"&lt;p&gt;&lt;strong&gt;ohne Titel&lt;\/strong&gt;&lt;br&gt;\nMischtechnik auf Leinwand&lt;br&gt;\n100 x 120 cm, gerahmt&lt;\/p&gt;\" aria-label=\"Open image in lightbox\" data-thumb=\"https:\/\/galleria-kroeger.ch\/wp-content\/uploads\/2021\/03\/100-x-120-cm-gerahmt-150x150.jpeg\" class=\"tile-inner modula-item-link\"><\/a><img decoding=\"async\" class=\"pic wp-image-894\"  data-valign=\"middle\" data-halign=\"center\" alt=\"Rolf Kr\u00f6ger, Galleria Kr\u00f6ger, Ascona, Lago Maggiore, Steinkrusten, Mischtechnik auf Leinwand, Steinskulpturen, Steinoberfl\u00e4chen auf Leinwand, Concorde Memorial\" data-full=\"https:\/\/galleria-kroeger.ch\/wp-content\/uploads\/2021\/03\/100-x-120-cm-gerahmt.jpeg\" title=\"\" crop=\"\" width=\"1024\" height=\"844\" src=\"https:\/\/galleria-kroeger.ch\/wp-content\/uploads\/2021\/03\/100-x-120-cm-gerahmt-1024x844.jpeg\" data-src=\"https:\/\/galleria-kroeger.ch\/wp-content\/uploads\/2021\/03\/100-x-120-cm-gerahmt-1024x844.jpeg\" data-caption=\"&lt;strong&gt;ohne Titel&lt;\/strong&gt;&lt;br&gt;\nMischtechnik auf Leinwand&lt;br&gt;\n100 x 120 cm, gerahmt\" srcset=\"https:\/\/galleria-kroeger.ch\/wp-content\/uploads\/2021\/03\/100-x-120-cm-gerahmt-24x20.jpeg 24w, https:\/\/galleria-kroeger.ch\/wp-content\/uploads\/2021\/03\/100-x-120-cm-gerahmt-36x30.jpeg 36w, https:\/\/galleria-kroeger.ch\/wp-content\/uploads\/2021\/03\/100-x-120-cm-gerahmt-48x40.jpeg 48w, https:\/\/galleria-kroeger.ch\/wp-content\/uploads\/2021\/03\/100-x-120-cm-gerahmt-200x165.jpeg 200w, https:\/\/galleria-kroeger.ch\/wp-content\/uploads\/2021\/03\/100-x-120-cm-gerahmt-300x247.jpeg 300w, https:\/\/galleria-kroeger.ch\/wp-content\/uploads\/2021\/03\/100-x-120-cm-gerahmt-400x330.jpeg 400w, https:\/\/galleria-kroeger.ch\/wp-content\/uploads\/2021\/03\/100-x-120-cm-gerahmt-600x494.jpeg 600w, https:\/\/galleria-kroeger.ch\/wp-content\/uploads\/2021\/03\/100-x-120-cm-gerahmt-768x633.jpeg 768w, https:\/\/galleria-kroeger.ch\/wp-content\/uploads\/2021\/03\/100-x-120-cm-gerahmt-800x659.jpeg 800w, https:\/\/galleria-kroeger.ch\/wp-content\/uploads\/2021\/03\/100-x-120-cm-gerahmt-1024x844.jpeg 1024w, https:\/\/galleria-kroeger.ch\/wp-content\/uploads\/2021\/03\/100-x-120-cm-gerahmt-1200x989.jpeg 1200w, https:\/\/galleria-kroeger.ch\/wp-content\/uploads\/2021\/03\/100-x-120-cm-gerahmt.jpeg 1444w\" sizes=\"(max-width: 1024px) 100vw, 1024px\" \/>\n\t\t<div class=\"figc no-title\">\n\t\t\t<div class=\"figc-inner\">\n\t\t\t\t\t\t\t\t\t\t\t\t\t\t\t<\/div>\n\t\t<\/div>\n\n\t<\/div>\n\n<\/div><div class=\"modula-item effect-quiet jtg-filter-all jtg-filter-\" >\n\t<div class=\"modula-item-overlay\"><\/div>\n\n\t<div class=\"modula-item-content\">\n\n\t\t<a data-image-id=\"4721\" role=\"button\" tabindex=\"0\" href=\"https:\/\/galleria-kroeger.ch\/wp-content\/uploads\/2026\/03\/40-x-30-cm.jpg\" rel=\"jtg-827\" data-caption=\"&lt;p&gt;&lt;strong&gt;ohne Titel&lt;\/strong&gt;&lt;br \/&gt;Mischtechnik auf Leinwand&lt;br \/&gt;40 x 30 cm&lt;\/p&gt;\" aria-label=\"Open image in lightbox\" data-thumb=\"https:\/\/galleria-kroeger.ch\/wp-content\/uploads\/2026\/03\/40-x-30-cm-150x150.jpg\" class=\"tile-inner modula-item-link\"><\/a><img decoding=\"async\" class=\"pic wp-image-4721\"  data-valign=\"middle\" data-halign=\"center\" alt=\"Rolf Kr\u00f6ger, Galleria Kr\u00f6ger, Ascona, Lago Maggiore, Steinkrusten, Mischtechnik auf Leinwand, Steinskulpturen, Steinoberfl\u00e4chen auf Leinwand, Concorde Memorial\" data-full=\"https:\/\/galleria-kroeger.ch\/wp-content\/uploads\/2026\/03\/40-x-30-cm.jpg\" title=\"40 x 30 cm\" crop=\"\" width=\"768\" height=\"1024\" src=\"https:\/\/galleria-kroeger.ch\/wp-content\/uploads\/2026\/03\/40-x-30-cm-768x1024.jpg\" data-src=\"https:\/\/galleria-kroeger.ch\/wp-content\/uploads\/2026\/03\/40-x-30-cm-768x1024.jpg\" data-caption=\"&lt;strong&gt;ohne Titel&lt;\/strong&gt;&lt;br \/&gt;Mischtechnik auf Leinwand&lt;br \/&gt;40 x 30 cm\" srcset=\"https:\/\/galleria-kroeger.ch\/wp-content\/uploads\/2026\/03\/40-x-30-cm-18x24.jpg 18w, https:\/\/galleria-kroeger.ch\/wp-content\/uploads\/2026\/03\/40-x-30-cm-27x36.jpg 27w, https:\/\/galleria-kroeger.ch\/wp-content\/uploads\/2026\/03\/40-x-30-cm-36x48.jpg 36w, https:\/\/galleria-kroeger.ch\/wp-content\/uploads\/2026\/03\/40-x-30-cm-200x267.jpg 200w, https:\/\/galleria-kroeger.ch\/wp-content\/uploads\/2026\/03\/40-x-30-cm-225x300.jpg 225w, https:\/\/galleria-kroeger.ch\/wp-content\/uploads\/2026\/03\/40-x-30-cm-400x533.jpg 400w, https:\/\/galleria-kroeger.ch\/wp-content\/uploads\/2026\/03\/40-x-30-cm-600x800.jpg 600w, https:\/\/galleria-kroeger.ch\/wp-content\/uploads\/2026\/03\/40-x-30-cm-768x1024.jpg 768w, https:\/\/galleria-kroeger.ch\/wp-content\/uploads\/2026\/03\/40-x-30-cm-800x1067.jpg 800w, https:\/\/galleria-kroeger.ch\/wp-content\/uploads\/2026\/03\/40-x-30-cm.jpg 1125w\" sizes=\"(max-width: 768px) 100vw, 768px\" \/>\n\t\t<div class=\"figc\">\n\t\t\t<div class=\"figc-inner\">\n\t\t\t\t\t\t\t\t\t\t\t\t\t\t\t<\/div>\n\t\t<\/div>\n\n\t<\/div>\n\n<\/div><div class=\"modula-item effect-quiet jtg-filter-all jtg-filter-\" >\n\t<div class=\"modula-item-overlay\"><\/div>\n\n\t<div class=\"modula-item-content\">\n\n\t\t<a data-image-id=\"4718\" role=\"button\" tabindex=\"0\" href=\"https:\/\/galleria-kroeger.ch\/wp-content\/uploads\/2026\/03\/40-x-30-cm-1.jpg\" rel=\"jtg-827\" data-caption=\"&lt;p&gt;&lt;strong&gt;ohne Titel&lt;\/strong&gt;&lt;br \/&gt;Mischtechnik auf Leinwand&lt;br \/&gt;40 x 30 cm&lt;\/p&gt;\" aria-label=\"Open image in lightbox\" data-thumb=\"https:\/\/galleria-kroeger.ch\/wp-content\/uploads\/2026\/03\/40-x-30-cm-1-150x150.jpg\" class=\"tile-inner modula-item-link\"><\/a><img decoding=\"async\" class=\"pic wp-image-4718\"  data-valign=\"middle\" data-halign=\"center\" alt=\"Rolf Kr\u00f6ger, Galleria Kr\u00f6ger, Ascona, Lago Maggiore, Steinkrusten, Mischtechnik auf Leinwand, Steinskulpturen, Steinoberfl\u00e4chen auf Leinwand, Concorde Memorial\" data-full=\"https:\/\/galleria-kroeger.ch\/wp-content\/uploads\/2026\/03\/40-x-30-cm-1.jpg\" title=\"40 x 30 cm\" crop=\"\" width=\"765\" height=\"1024\" src=\"https:\/\/galleria-kroeger.ch\/wp-content\/uploads\/2026\/03\/40-x-30-cm-1-765x1024.jpg\" data-src=\"https:\/\/galleria-kroeger.ch\/wp-content\/uploads\/2026\/03\/40-x-30-cm-1-765x1024.jpg\" data-caption=\"&lt;strong&gt;ohne Titel&lt;\/strong&gt;&lt;br \/&gt;Mischtechnik auf Leinwand&lt;br \/&gt;40 x 30 cm\" srcset=\"https:\/\/galleria-kroeger.ch\/wp-content\/uploads\/2026\/03\/40-x-30-cm-1-18x24.jpg 18w, https:\/\/galleria-kroeger.ch\/wp-content\/uploads\/2026\/03\/40-x-30-cm-1-27x36.jpg 27w, https:\/\/galleria-kroeger.ch\/wp-content\/uploads\/2026\/03\/40-x-30-cm-1-36x48.jpg 36w, https:\/\/galleria-kroeger.ch\/wp-content\/uploads\/2026\/03\/40-x-30-cm-1-200x268.jpg 200w, https:\/\/galleria-kroeger.ch\/wp-content\/uploads\/2026\/03\/40-x-30-cm-1-224x300.jpg 224w, https:\/\/galleria-kroeger.ch\/wp-content\/uploads\/2026\/03\/40-x-30-cm-1-400x535.jpg 400w, https:\/\/galleria-kroeger.ch\/wp-content\/uploads\/2026\/03\/40-x-30-cm-1-600x803.jpg 600w, https:\/\/galleria-kroeger.ch\/wp-content\/uploads\/2026\/03\/40-x-30-cm-1-765x1024.jpg 765w, https:\/\/galleria-kroeger.ch\/wp-content\/uploads\/2026\/03\/40-x-30-cm-1-768x1028.jpg 768w, https:\/\/galleria-kroeger.ch\/wp-content\/uploads\/2026\/03\/40-x-30-cm-1-800x1070.jpg 800w, https:\/\/galleria-kroeger.ch\/wp-content\/uploads\/2026\/03\/40-x-30-cm-1.jpg 1121w\" sizes=\"(max-width: 765px) 100vw, 765px\" \/>\n\t\t<div class=\"figc\">\n\t\t\t<div class=\"figc-inner\">\n\t\t\t\t\t\t\t\t\t\t\t\t\t\t\t<\/div>\n\t\t<\/div>\n\n\t<\/div>\n\n<\/div><div class=\"modula-item effect-quiet jtg-filter-all jtg-filter-\" >\n\t<div class=\"modula-item-overlay\"><\/div>\n\n\t<div class=\"modula-item-content\">\n\n\t\t<a data-image-id=\"4306\" role=\"button\" tabindex=\"0\" href=\"https:\/\/galleria-kroeger.ch\/wp-content\/uploads\/2025\/03\/70-x-140-cm-scaled.jpeg\" rel=\"jtg-827\" data-caption=\"&lt;p&gt;&lt;strong&gt;ohne Titel&lt;\/strong&gt;&lt;br&gt;\nMischtechnik auf Leinwand&lt;br&gt;\n70 x 140 cm&lt;\/p&gt;\" aria-label=\"Open image in lightbox\" data-thumb=\"https:\/\/galleria-kroeger.ch\/wp-content\/uploads\/2025\/03\/70-x-140-cm-150x150.jpeg\" class=\"tile-inner modula-item-link\"><\/a><img decoding=\"async\" class=\"pic wp-image-4306\"  data-valign=\"middle\" data-halign=\"center\" alt=\"Rolf Kr\u00f6ger, Galleria Kr\u00f6ger, Ascona, Lago Maggiore, Steinkrusten, Mischtechnik auf Leinwand, Steinskulpturen, Steinoberfl\u00e4chen auf Leinwand, Concorde Memorial\" data-full=\"https:\/\/galleria-kroeger.ch\/wp-content\/uploads\/2025\/03\/70-x-140-cm.jpeg\" title=\"\" crop=\"\" width=\"1024\" height=\"509\" src=\"https:\/\/galleria-kroeger.ch\/wp-content\/uploads\/2025\/03\/70-x-140-cm-1024x509.jpeg\" data-src=\"https:\/\/galleria-kroeger.ch\/wp-content\/uploads\/2025\/03\/70-x-140-cm-1024x509.jpeg\" data-caption=\"&lt;strong&gt;ohne Titel&lt;\/strong&gt;&lt;br&gt;\nMischtechnik auf Leinwand&lt;br&gt;\n70 x 140 cm\" srcset=\"https:\/\/galleria-kroeger.ch\/wp-content\/uploads\/2025\/03\/70-x-140-cm-24x12.jpeg 24w, https:\/\/galleria-kroeger.ch\/wp-content\/uploads\/2025\/03\/70-x-140-cm-36x18.jpeg 36w, https:\/\/galleria-kroeger.ch\/wp-content\/uploads\/2025\/03\/70-x-140-cm-48x24.jpeg 48w, https:\/\/galleria-kroeger.ch\/wp-content\/uploads\/2025\/03\/70-x-140-cm-200x99.jpeg 200w, https:\/\/galleria-kroeger.ch\/wp-content\/uploads\/2025\/03\/70-x-140-cm-300x149.jpeg 300w, https:\/\/galleria-kroeger.ch\/wp-content\/uploads\/2025\/03\/70-x-140-cm-400x199.jpeg 400w, https:\/\/galleria-kroeger.ch\/wp-content\/uploads\/2025\/03\/70-x-140-cm-600x298.jpeg 600w, https:\/\/galleria-kroeger.ch\/wp-content\/uploads\/2025\/03\/70-x-140-cm-768x381.jpeg 768w, https:\/\/galleria-kroeger.ch\/wp-content\/uploads\/2025\/03\/70-x-140-cm-800x397.jpeg 800w, https:\/\/galleria-kroeger.ch\/wp-content\/uploads\/2025\/03\/70-x-140-cm-scaled-1024x509.jpeg 1024w, https:\/\/galleria-kroeger.ch\/wp-content\/uploads\/2025\/03\/70-x-140-cm-1200x596.jpeg 1200w, https:\/\/galleria-kroeger.ch\/wp-content\/uploads\/2025\/03\/70-x-140-cm-1536x763.jpeg 1536w, https:\/\/galleria-kroeger.ch\/wp-content\/uploads\/2025\/03\/70-x-140-cm-scaled.jpeg 2560w\" sizes=\"(max-width: 1024px) 100vw, 1024px\" \/>\n\t\t<div class=\"figc no-title\">\n\t\t\t<div class=\"figc-inner\">\n\t\t\t\t\t\t\t\t\t\t\t\t\t\t\t<\/div>\n\t\t<\/div>\n\n\t<\/div>\n\n<\/div><div class=\"modula-item effect-quiet jtg-filter-all jtg-filter-\" >\n\t<div class=\"modula-item-overlay\"><\/div>\n\n\t<div class=\"modula-item-content\">\n\n\t\t<a data-image-id=\"3224\" role=\"button\" tabindex=\"0\" href=\"https:\/\/galleria-kroeger.ch\/wp-content\/uploads\/2023\/09\/80-x-180-cm-2009-scaled.jpeg\" rel=\"jtg-827\" data-caption=\"&lt;p&gt;&lt;strong&gt;ohne Titel&lt;\/strong&gt;&lt;br&gt;\nMischtechnik auf Leinwand&lt;br&gt;\n80 x 180 cm&lt;\/p&gt;\" aria-label=\"Open image in lightbox\" data-thumb=\"https:\/\/galleria-kroeger.ch\/wp-content\/uploads\/2023\/09\/80-x-180-cm-2009-150x150.jpeg\" class=\"tile-inner modula-item-link\"><\/a><img decoding=\"async\" class=\"pic wp-image-3224\"  data-valign=\"middle\" data-halign=\"center\" alt=\"Rolf Kr\u00f6ger, Galleria Kr\u00f6ger, Ascona, Lago Maggiore, Steinkrusten, Mischtechnik auf Leinwand, Steinskulpturen, Steinoberfl\u00e4chen auf Leinwand, Concorde Memorial\" data-full=\"https:\/\/galleria-kroeger.ch\/wp-content\/uploads\/2023\/09\/80-x-180-cm-2009.jpeg\" title=\"\" crop=\"\" width=\"1024\" height=\"447\" src=\"https:\/\/galleria-kroeger.ch\/wp-content\/uploads\/2023\/09\/80-x-180-cm-2009-1024x447.jpeg\" data-src=\"https:\/\/galleria-kroeger.ch\/wp-content\/uploads\/2023\/09\/80-x-180-cm-2009-1024x447.jpeg\" data-caption=\"&lt;strong&gt;ohne Titel&lt;\/strong&gt;&lt;br&gt;\nMischtechnik auf Leinwand&lt;br&gt;\n80 x 180 cm\" srcset=\"https:\/\/galleria-kroeger.ch\/wp-content\/uploads\/2023\/09\/80-x-180-cm-2009-24x10.jpeg 24w, https:\/\/galleria-kroeger.ch\/wp-content\/uploads\/2023\/09\/80-x-180-cm-2009-36x16.jpeg 36w, https:\/\/galleria-kroeger.ch\/wp-content\/uploads\/2023\/09\/80-x-180-cm-2009-48x21.jpeg 48w, https:\/\/galleria-kroeger.ch\/wp-content\/uploads\/2023\/09\/80-x-180-cm-2009-200x87.jpeg 200w, https:\/\/galleria-kroeger.ch\/wp-content\/uploads\/2023\/09\/80-x-180-cm-2009-300x131.jpeg 300w, https:\/\/galleria-kroeger.ch\/wp-content\/uploads\/2023\/09\/80-x-180-cm-2009-400x175.jpeg 400w, https:\/\/galleria-kroeger.ch\/wp-content\/uploads\/2023\/09\/80-x-180-cm-2009-600x262.jpeg 600w, https:\/\/galleria-kroeger.ch\/wp-content\/uploads\/2023\/09\/80-x-180-cm-2009-768x335.jpeg 768w, https:\/\/galleria-kroeger.ch\/wp-content\/uploads\/2023\/09\/80-x-180-cm-2009-800x349.jpeg 800w, https:\/\/galleria-kroeger.ch\/wp-content\/uploads\/2023\/09\/80-x-180-cm-2009-scaled-1024x447.jpeg 1024w, https:\/\/galleria-kroeger.ch\/wp-content\/uploads\/2023\/09\/80-x-180-cm-2009-1200x524.jpeg 1200w, https:\/\/galleria-kroeger.ch\/wp-content\/uploads\/2023\/09\/80-x-180-cm-2009-1536x671.jpeg 1536w, https:\/\/galleria-kroeger.ch\/wp-content\/uploads\/2023\/09\/80-x-180-cm-2009-scaled.jpeg 2560w\" sizes=\"(max-width: 1024px) 100vw, 1024px\" \/>\n\t\t<div class=\"figc no-title\">\n\t\t\t<div class=\"figc-inner\">\n\t\t\t\t\t\t\t\t\t\t\t\t\t\t\t<\/div>\n\t\t<\/div>\n\n\t<\/div>\n\n<\/div><div class=\"modula-item effect-quiet jtg-filter-all jtg-filter-\" >\n\t<div class=\"modula-item-overlay\"><\/div>\n\n\t<div class=\"modula-item-content\">\n\n\t\t<a data-image-id=\"4309\" role=\"button\" tabindex=\"0\" href=\"https:\/\/galleria-kroeger.ch\/wp-content\/uploads\/2025\/03\/80-x-120-cm.jpeg\" rel=\"jtg-827\" data-caption=\"&lt;p&gt;&lt;strong&gt;ohne Titel&lt;\/strong&gt;&lt;br&gt;\nMischtechnik auf Leinwand&lt;br&gt;\n80 x 120 cm&lt;\/p&gt;\" aria-label=\"Open image in lightbox\" data-thumb=\"https:\/\/galleria-kroeger.ch\/wp-content\/uploads\/2025\/03\/80-x-120-cm-150x150.jpeg\" class=\"tile-inner modula-item-link\"><\/a><img decoding=\"async\" class=\"pic wp-image-4309\"  data-valign=\"middle\" data-halign=\"center\" alt=\"Rolf Kr\u00f6ger, Galleria Kr\u00f6ger, Ascona, Lago Maggiore, Steinkrusten, Mischtechnik auf Leinwand, Steinskulpturen, Steinoberfl\u00e4chen auf Leinwand, Concorde Memorial\" data-full=\"https:\/\/galleria-kroeger.ch\/wp-content\/uploads\/2025\/03\/80-x-120-cm.jpeg\" title=\"\" crop=\"\" width=\"1024\" height=\"677\" src=\"https:\/\/galleria-kroeger.ch\/wp-content\/uploads\/2025\/03\/80-x-120-cm-1024x677.jpeg\" data-src=\"https:\/\/galleria-kroeger.ch\/wp-content\/uploads\/2025\/03\/80-x-120-cm-1024x677.jpeg\" data-caption=\"&lt;strong&gt;ohne Titel&lt;\/strong&gt;&lt;br&gt;\nMischtechnik auf Leinwand&lt;br&gt;\n80 x 120 cm\" srcset=\"https:\/\/galleria-kroeger.ch\/wp-content\/uploads\/2025\/03\/80-x-120-cm-24x16.jpeg 24w, https:\/\/galleria-kroeger.ch\/wp-content\/uploads\/2025\/03\/80-x-120-cm-36x24.jpeg 36w, https:\/\/galleria-kroeger.ch\/wp-content\/uploads\/2025\/03\/80-x-120-cm-48x32.jpeg 48w, https:\/\/galleria-kroeger.ch\/wp-content\/uploads\/2025\/03\/80-x-120-cm-200x132.jpeg 200w, https:\/\/galleria-kroeger.ch\/wp-content\/uploads\/2025\/03\/80-x-120-cm-300x198.jpeg 300w, https:\/\/galleria-kroeger.ch\/wp-content\/uploads\/2025\/03\/80-x-120-cm-400x265.jpeg 400w, https:\/\/galleria-kroeger.ch\/wp-content\/uploads\/2025\/03\/80-x-120-cm-600x397.jpeg 600w, https:\/\/galleria-kroeger.ch\/wp-content\/uploads\/2025\/03\/80-x-120-cm-768x508.jpeg 768w, https:\/\/galleria-kroeger.ch\/wp-content\/uploads\/2025\/03\/80-x-120-cm-800x529.jpeg 800w, https:\/\/galleria-kroeger.ch\/wp-content\/uploads\/2025\/03\/80-x-120-cm-1024x677.jpeg 1024w, https:\/\/galleria-kroeger.ch\/wp-content\/uploads\/2025\/03\/80-x-120-cm-1200x794.jpeg 1200w, https:\/\/galleria-kroeger.ch\/wp-content\/uploads\/2025\/03\/80-x-120-cm-1536x1016.jpeg 1536w, https:\/\/galleria-kroeger.ch\/wp-content\/uploads\/2025\/03\/80-x-120-cm.jpeg 2533w\" sizes=\"(max-width: 1024px) 100vw, 1024px\" \/>\n\t\t<div class=\"figc no-title\">\n\t\t\t<div class=\"figc-inner\">\n\t\t\t\t\t\t\t\t\t\t\t\t\t\t\t<\/div>\n\t\t<\/div>\n\n\t<\/div>\n\n<\/div><div class=\"modula-item effect-quiet jtg-filter-all jtg-filter-\" >\n\t<div class=\"modula-item-overlay\"><\/div>\n\n\t<div class=\"modula-item-content\">\n\n\t\t<a data-image-id=\"897\" role=\"button\" tabindex=\"0\" href=\"https:\/\/galleria-kroeger.ch\/wp-content\/uploads\/2021\/03\/100-x-120-cm-scaled.jpeg\" rel=\"jtg-827\" data-caption=\"&lt;p&gt;&lt;strong&gt;ohne Titel&lt;\/strong&gt;&lt;br&gt;\nMischtechnik auf Leinwand&lt;br&gt;\n100 x 120 cm&lt;\/p&gt;\" aria-label=\"Open image in lightbox\" data-thumb=\"https:\/\/galleria-kroeger.ch\/wp-content\/uploads\/2021\/03\/100-x-120-cm-150x150.jpeg\" class=\"tile-inner modula-item-link\"><\/a><img decoding=\"async\" class=\"pic wp-image-897\"  data-valign=\"middle\" data-halign=\"center\" alt=\"Rolf Kr\u00f6ger, Galleria Kr\u00f6ger, Ascona, Lago Maggiore, Steinkrusten, Mischtechnik auf Leinwand, Steinskulpturen, Steinoberfl\u00e4chen auf Leinwand, Concorde Memorial\" data-full=\"https:\/\/galleria-kroeger.ch\/wp-content\/uploads\/2021\/03\/100-x-120-cm.jpeg\" title=\"\" crop=\"\" width=\"1024\" height=\"849\" src=\"https:\/\/galleria-kroeger.ch\/wp-content\/uploads\/2021\/03\/100-x-120-cm-1024x849.jpeg\" data-src=\"https:\/\/galleria-kroeger.ch\/wp-content\/uploads\/2021\/03\/100-x-120-cm-1024x849.jpeg\" data-caption=\"&lt;strong&gt;ohne Titel&lt;\/strong&gt;&lt;br&gt;\nMischtechnik auf Leinwand&lt;br&gt;\n100 x 120 cm\" srcset=\"https:\/\/galleria-kroeger.ch\/wp-content\/uploads\/2021\/03\/100-x-120-cm-24x20.jpeg 24w, https:\/\/galleria-kroeger.ch\/wp-content\/uploads\/2021\/03\/100-x-120-cm-36x30.jpeg 36w, https:\/\/galleria-kroeger.ch\/wp-content\/uploads\/2021\/03\/100-x-120-cm-48x40.jpeg 48w, https:\/\/galleria-kroeger.ch\/wp-content\/uploads\/2021\/03\/100-x-120-cm-200x166.jpeg 200w, https:\/\/galleria-kroeger.ch\/wp-content\/uploads\/2021\/03\/100-x-120-cm-300x249.jpeg 300w, https:\/\/galleria-kroeger.ch\/wp-content\/uploads\/2021\/03\/100-x-120-cm-400x332.jpeg 400w, https:\/\/galleria-kroeger.ch\/wp-content\/uploads\/2021\/03\/100-x-120-cm-600x497.jpeg 600w, https:\/\/galleria-kroeger.ch\/wp-content\/uploads\/2021\/03\/100-x-120-cm-768x637.jpeg 768w, https:\/\/galleria-kroeger.ch\/wp-content\/uploads\/2021\/03\/100-x-120-cm-800x663.jpeg 800w, https:\/\/galleria-kroeger.ch\/wp-content\/uploads\/2021\/03\/100-x-120-cm-scaled-1024x849.jpeg 1024w, https:\/\/galleria-kroeger.ch\/wp-content\/uploads\/2021\/03\/100-x-120-cm-1200x995.jpeg 1200w, https:\/\/galleria-kroeger.ch\/wp-content\/uploads\/2021\/03\/100-x-120-cm-1536x1273.jpeg 1536w, https:\/\/galleria-kroeger.ch\/wp-content\/uploads\/2021\/03\/100-x-120-cm-scaled.jpeg 2560w\" sizes=\"(max-width: 1024px) 100vw, 1024px\" \/>\n\t\t<div class=\"figc no-title\">\n\t\t\t<div class=\"figc-inner\">\n\t\t\t\t\t\t\t\t\t\t\t\t\t\t\t<\/div>\n\t\t<\/div>\n\n\t<\/div>\n\n<\/div><div class=\"modula-item effect-quiet jtg-filter-all jtg-filter-\" >\n\t<div class=\"modula-item-overlay\"><\/div>\n\n\t<div class=\"modula-item-content\">\n\n\t\t<a data-image-id=\"855\" role=\"button\" tabindex=\"0\" href=\"https:\/\/galleria-kroeger.ch\/wp-content\/uploads\/2021\/03\/80-x-80-cm-3-1.jpeg\" rel=\"jtg-827\" data-caption=\"&lt;p&gt;&lt;strong&gt;ohne Titel&lt;\/strong&gt;&lt;br&gt;\nMischtechnik auf Leinwand&lt;br&gt;\n80 x 80 cm&lt;\/p&gt;\" aria-label=\"Open image in lightbox\" data-thumb=\"https:\/\/galleria-kroeger.ch\/wp-content\/uploads\/2021\/03\/80-x-80-cm-3-1-150x150.jpeg\" class=\"tile-inner modula-item-link\"><\/a><img decoding=\"async\" class=\"pic wp-image-855\"  data-valign=\"middle\" data-halign=\"center\" alt=\"Rolf Kr\u00f6ger, Galleria Kr\u00f6ger, Ascona, Lago Maggiore, Steinkrusten, Mischtechnik auf Leinwand, Steinskulpturen, Steinoberfl\u00e4chen auf Leinwand, Concorde Memorial\" data-full=\"https:\/\/galleria-kroeger.ch\/wp-content\/uploads\/2021\/03\/80-x-80-cm-3-1.jpeg\" title=\"\" crop=\"\" width=\"1024\" height=\"1024\" src=\"https:\/\/galleria-kroeger.ch\/wp-content\/uploads\/2021\/03\/80-x-80-cm-3-1-1024x1024.jpeg\" data-src=\"https:\/\/galleria-kroeger.ch\/wp-content\/uploads\/2021\/03\/80-x-80-cm-3-1-1024x1024.jpeg\" data-caption=\"&lt;strong&gt;ohne Titel&lt;\/strong&gt;&lt;br&gt;\nMischtechnik auf Leinwand&lt;br&gt;\n80 x 80 cm\" srcset=\"https:\/\/galleria-kroeger.ch\/wp-content\/uploads\/2021\/03\/80-x-80-cm-3-1-24x24.jpeg 24w, https:\/\/galleria-kroeger.ch\/wp-content\/uploads\/2021\/03\/80-x-80-cm-3-1-36x36.jpeg 36w, https:\/\/galleria-kroeger.ch\/wp-content\/uploads\/2021\/03\/80-x-80-cm-3-1-48x48.jpeg 48w, https:\/\/galleria-kroeger.ch\/wp-content\/uploads\/2021\/03\/80-x-80-cm-3-1-66x66.jpeg 66w, https:\/\/galleria-kroeger.ch\/wp-content\/uploads\/2021\/03\/80-x-80-cm-3-1-150x150.jpeg 150w, https:\/\/galleria-kroeger.ch\/wp-content\/uploads\/2021\/03\/80-x-80-cm-3-1-200x200.jpeg 200w, https:\/\/galleria-kroeger.ch\/wp-content\/uploads\/2021\/03\/80-x-80-cm-3-1-300x300.jpeg 300w, https:\/\/galleria-kroeger.ch\/wp-content\/uploads\/2021\/03\/80-x-80-cm-3-1-400x400.jpeg 400w, https:\/\/galleria-kroeger.ch\/wp-content\/uploads\/2021\/03\/80-x-80-cm-3-1-600x600.jpeg 600w, https:\/\/galleria-kroeger.ch\/wp-content\/uploads\/2021\/03\/80-x-80-cm-3-1-768x768.jpeg 768w, https:\/\/galleria-kroeger.ch\/wp-content\/uploads\/2021\/03\/80-x-80-cm-3-1-800x800.jpeg 800w, https:\/\/galleria-kroeger.ch\/wp-content\/uploads\/2021\/03\/80-x-80-cm-3-1-1024x1024.jpeg 1024w, https:\/\/galleria-kroeger.ch\/wp-content\/uploads\/2021\/03\/80-x-80-cm-3-1-1200x1200.jpeg 1200w, https:\/\/galleria-kroeger.ch\/wp-content\/uploads\/2021\/03\/80-x-80-cm-3-1-1536x1536.jpeg 1536w, https:\/\/galleria-kroeger.ch\/wp-content\/uploads\/2021\/03\/80-x-80-cm-3-1.jpeg 2126w\" sizes=\"(max-width: 1024px) 100vw, 1024px\" \/>\n\t\t<div class=\"figc no-title\">\n\t\t\t<div class=\"figc-inner\">\n\t\t\t\t\t\t\t\t\t\t\t\t\t\t\t<\/div>\n\t\t<\/div>\n\n\t<\/div>\n\n<\/div>\t\t\n\t<\/div>\n\n\t\n\t\n\t<script type=\"application\/ld+json\">\n\t{\n\t\t\"@context\": \"http:\/\/schema.org\",\n\t\t\"@type\"   : \"ImageGallery\",\n\t\t\"id\"      : \"https:\/\/galleria-kroeger.ch\/de\/rolf-kroger-de\/\",\n\t\t\"url\"     : \"https:\/\/galleria-kroeger.ch\/de\/rolf-kroger-de\/\"\n\t}\n\n\t<\/script>\n\n\t\n<\/div>\n\n<\/div><div class=\"fusion-separator fusion-full-width-sep\" style=\"align-self: center;margin-left: auto;margin-right: auto;margin-top:100px;width:100%;\"><div class=\"fusion-separator-border sep-single sep-solid\" style=\"--awb-height:20px;--awb-amount:20px;--awb-sep-color:#666666;border-color:#666666;border-top-width:1px;\"><\/div><\/div><div class=\"fusion-separator fusion-full-width-sep\" style=\"align-self: center;margin-left: auto;margin-right: auto;margin-top:60px;width:100%;\"><\/div><div class=\"fusion-menu-anchor\" id=\"sculture\"><\/div><div class=\"fusion-title title fusion-title-3 fusion-sep-none fusion-title-text fusion-title-size-four fusion-animated\" style=\"--awb-margin-top-small:10px;--awb-margin-right-small:0px;--awb-margin-bottom-small:10px;--awb-margin-left-small:0px;\" data-animationType=\"fadeInLeft\" data-animationDuration=\"1.0\" data-animationOffset=\"top-into-view\"><h4 class=\"fusion-title-heading title-heading-left\" style=\"margin:0;\">Rolf Kr\u00f6ger<\/h4><\/div><div class=\"fusion-title title fusion-title-4 fusion-sep-none fusion-title-text fusion-title-size-five fusion-animated\" style=\"--awb-margin-top-small:10px;--awb-margin-right-small:0px;--awb-margin-bottom-small:10px;--awb-margin-left-small:0px;\" data-animationType=\"fadeInLeft\" data-animationDuration=\"1.0\" data-animationOffset=\"top-into-view\"><h5 class=\"fusion-title-heading title-heading-left\" style=\"margin:0;\"><a href=\"#quadri\">Bilder<\/a> &#8211; Skulpturen<\/h5><\/div><div class=\"fusion-separator fusion-full-width-sep\" style=\"align-self: center;margin-left: auto;margin-right: auto;margin-top:40px;width:100%;\"><\/div><div class=\"fusion-text fusion-text-2\"><div  id=\"jtg-918\" class=\"modula modula-gallery modula-columns\" data-config=\"{&quot;tabletHeight&quot;:800,&quot;mobileHeight&quot;:800,&quot;desktopHeight&quot;:800,&quot;enableTwitter&quot;:false,&quot;enableWhatsapp&quot;:false,&quot;enableFacebook&quot;:false,&quot;enablePinterest&quot;:false,&quot;enableLinkedin&quot;:false,&quot;enableEmail&quot;:false,&quot;randomFactor&quot;:0,&quot;type&quot;:&quot;grid&quot;,&quot;columns&quot;:12,&quot;gutter&quot;:20,&quot;mobileGutter&quot;:20,&quot;tabletGutter&quot;:20,&quot;desktopGutter&quot;:20,&quot;enableResponsive&quot;:true,&quot;tabletColumns&quot;:4,&quot;mobileColumns&quot;:3,&quot;lazyLoad&quot;:0,&quot;lightboxOpts&quot;:{&quot;animated&quot;:true,&quot;Thumbs&quot;:{&quot;type&quot;:&quot;modern&quot;,&quot;showOnStart&quot;:false},&quot;Toolbar&quot;:{&quot;display&quot;:{&quot;right&quot;:[&quot;close&quot;],&quot;left&quot;:[&quot;infobar&quot;]},&quot;enabled&quot;:true},&quot;Carousel&quot;:{&quot;Panzoom&quot;:{&quot;touch&quot;:true},&quot;infinite&quot;:false,&quot;transition&quot;:&quot;fade&quot;},&quot;keyboard&quot;:{&quot;Escape&quot;:&quot;close&quot;,&quot;Delete&quot;:&quot;close&quot;,&quot;Backspace&quot;:&quot;close&quot;,&quot;PageUp&quot;:false,&quot;PageDown&quot;:false,&quot;ArrowUp&quot;:false,&quot;ArrowDown&quot;:false,&quot;ArrowRight&quot;:false,&quot;ArrowLeft&quot;:false},&quot;touch&quot;:{&quot;vertical&quot;:true,&quot;momentum&quot;:true},&quot;backdropClick&quot;:&quot;close&quot;,&quot;l10n&quot;:{&quot;CLOSE&quot;:&quot;Close&quot;,&quot;NEXT&quot;:&quot;Next&quot;,&quot;PREV&quot;:&quot;Previous&quot;,&quot;Error&quot;:&quot;The requested content cannot be loaded. Please try again later.&quot;,&quot;PLAY_START&quot;:&quot;Start slideshow&quot;,&quot;PLAY_STOP&quot;:&quot;Pause slideshow&quot;,&quot;FULL_SCREEN&quot;:&quot;Full screen&quot;,&quot;THUMBS&quot;:&quot;Thumbnails&quot;,&quot;DOWNLOAD&quot;:&quot;Download&quot;,&quot;SHARE&quot;:&quot;Share&quot;,&quot;ZOOM&quot;:&quot;Zoom&quot;,&quot;EMAIL&quot;:&quot;Here is the link to the image : %%image_link%% and this is the link to the gallery : %%gallery_link%%&quot;,&quot;MODAL&quot;:&quot;You can close this modal content with the ESC key&quot;,&quot;ERROR&quot;:&quot;Something Went Wrong, Please Try Again Later&quot;,&quot;IMAGE_ERROR&quot;:&quot;Image Not Found&quot;,&quot;ELEMENT_NOT_FOUND&quot;:&quot;HTML Element Not Found&quot;,&quot;AJAX_NOT_FOUND&quot;:&quot;Error Loading AJAX : Not Found&quot;,&quot;AJAX_FORBIDDEN&quot;:&quot;Error Loading AJAX : Forbidden&quot;,&quot;IFRAME_ERROR&quot;:&quot;Error Loading Page&quot;,&quot;TOGGLE_ZOOM&quot;:&quot;Toggle zoom level&quot;,&quot;TOGGLE_THUMBS&quot;:&quot;Toggle thumbnails&quot;,&quot;TOGGLE_SLIDESHOW&quot;:&quot;Toggle slideshow&quot;,&quot;TOGGLE_FULLSCREEN&quot;:&quot;Toggle full-screen mode&quot;},&quot;Images&quot;:{&quot;Panzoom&quot;:{&quot;maxScale&quot;:2},&quot;zoom&quot;:false},&quot;toolbar&quot;:true,&quot;wheel&quot;:false,&quot;animationEffect&quot;:&quot;fade&quot;,&quot;animationDuration&quot;:366,&quot;transitionEffect&quot;:&quot;fade&quot;,&quot;transitionDuration&quot;:366,&quot;mainClass&quot;:&quot;modula-fancybox-container modula-lightbox-jtg-918&quot;,&quot;Html&quot;:{&quot;videoAutoplay&quot;:0,&quot;videoTpl&quot;:&quot;&lt;video class=\\&quot;fancybox__html5video\\&quot; controls muted playsinline controlsList controlsList=\\&quot;nodownload\\&quot; poster=\\&quot;{{poster}}\\&quot; src=\\&quot;{{src}}\\&quot; type=\\&quot;{{format}}\\&quot; &gt;  Sorry, your browser doesn&#039;t support embedded videos, &lt;a href=\\&quot;{{src}}\\&quot;&gt; download &lt;\\\/a&gt; and watch with your favorite video player! &lt;\\\/video&gt;&quot;},&quot;showClass&quot;:&quot;m-fadeIn&quot;,&quot;hideClass&quot;:&quot;m-fadeOut&quot;},&quot;inView&quot;:true,&quot;email_subject&quot;:&quot;Check out this awesome image !!&quot;,&quot;email_message&quot;:&quot;Here is the link to the image : %%image_link%% and this is the link to the gallery : %%gallery_link%%&quot;,&quot;grid_type&quot;:&quot;4&quot;,&quot;rowHeight&quot;:250,&quot;lastRow&quot;:&quot;justify&quot;,&quot;lightbox&quot;:&quot;fancybox&quot;,&quot;filterClick&quot;:&quot;0&quot;,&quot;dropdownFilters&quot;:&quot;0&quot;,&quot;defaultActiveFilter&quot;:&quot;all&quot;,&quot;initLightbox&quot;:&quot;modula_pro_init_lightbox&quot;,&quot;haveFilters&quot;:0}\">\n\n\t<div class=\"modula-grid-sizer\"> <\/div>\n\t<div  class=\"modula-items grid-gallery\">\n\t\t<div class=\"modula-item effect-quiet jtg-filter-all jtg-filter-\" >\n\t<div class=\"modula-item-overlay\"><\/div>\n\n\t<div class=\"modula-item-content\">\n\n\t\t<a data-image-id=\"943\" role=\"button\" tabindex=\"0\" href=\"https:\/\/galleria-kroeger.ch\/wp-content\/uploads\/2021\/03\/Kubus-II.jpeg\" rel=\"jtg-918\" data-caption=\"&lt;p&gt;&lt;strong&gt;Kubus II&lt;\/strong&gt;&lt;br&gt;\nGr\u00fcner Serpentin, Edelstahl, 2003&lt;br&gt;\n21 x 15 x 15 cm&lt;\/p&gt;\" aria-label=\"Open image in lightbox\" data-thumb=\"https:\/\/galleria-kroeger.ch\/wp-content\/uploads\/2021\/03\/Kubus-II-150x150.jpeg\" class=\"tile-inner modula-item-link\"><\/a><img decoding=\"async\" class=\"pic wp-image-943\"  data-valign=\"middle\" data-halign=\"center\" alt=\"Rolf Kr\u00f6ger, Brissago, Ascona, Galleria Kr\u00f6ger, Galerie, Lago Maggiore, Steinskulpturen mit Metall, Concorde Memorial,\" data-full=\"https:\/\/galleria-kroeger.ch\/wp-content\/uploads\/2021\/03\/Kubus-II.jpeg\" title=\"Kubus II\" crop=\"\" width=\"871\" height=\"1024\" src=\"https:\/\/galleria-kroeger.ch\/wp-content\/uploads\/2021\/03\/Kubus-II-871x1024.jpeg\" data-src=\"https:\/\/galleria-kroeger.ch\/wp-content\/uploads\/2021\/03\/Kubus-II-871x1024.jpeg\" data-caption=\"&lt;strong&gt;Kubus II&lt;\/strong&gt;&lt;br&gt;\nGr\u00fcner Serpentin, Edelstahl, 2003&lt;br&gt;\n21 x 15 x 15 cm\" srcset=\"https:\/\/galleria-kroeger.ch\/wp-content\/uploads\/2021\/03\/Kubus-II-20x24.jpeg 20w, https:\/\/galleria-kroeger.ch\/wp-content\/uploads\/2021\/03\/Kubus-II-31x36.jpeg 31w, https:\/\/galleria-kroeger.ch\/wp-content\/uploads\/2021\/03\/Kubus-II-41x48.jpeg 41w, https:\/\/galleria-kroeger.ch\/wp-content\/uploads\/2021\/03\/Kubus-II-200x235.jpeg 200w, https:\/\/galleria-kroeger.ch\/wp-content\/uploads\/2021\/03\/Kubus-II-255x300.jpeg 255w, https:\/\/galleria-kroeger.ch\/wp-content\/uploads\/2021\/03\/Kubus-II-400x470.jpeg 400w, https:\/\/galleria-kroeger.ch\/wp-content\/uploads\/2021\/03\/Kubus-II-600x706.jpeg 600w, https:\/\/galleria-kroeger.ch\/wp-content\/uploads\/2021\/03\/Kubus-II-768x903.jpeg 768w, https:\/\/galleria-kroeger.ch\/wp-content\/uploads\/2021\/03\/Kubus-II-800x941.jpeg 800w, https:\/\/galleria-kroeger.ch\/wp-content\/uploads\/2021\/03\/Kubus-II-871x1024.jpeg 871w, https:\/\/galleria-kroeger.ch\/wp-content\/uploads\/2021\/03\/Kubus-II-1200x1411.jpeg 1200w, https:\/\/galleria-kroeger.ch\/wp-content\/uploads\/2021\/03\/Kubus-II-1306x1536.jpeg 1306w, https:\/\/galleria-kroeger.ch\/wp-content\/uploads\/2021\/03\/Kubus-II.jpeg 1558w\" sizes=\"(max-width: 871px) 100vw, 871px\" \/>\n\t\t<div class=\"figc\">\n\t\t\t<div class=\"figc-inner\">\n\t\t\t\t\t\t\t\t\t\t\t\t\t\t\t<\/div>\n\t\t<\/div>\n\n\t<\/div>\n\n<\/div><div class=\"modula-item effect-quiet jtg-filter-all jtg-filter-\" >\n\t<div class=\"modula-item-overlay\"><\/div>\n\n\t<div class=\"modula-item-content\">\n\n\t\t<a data-image-id=\"952\" role=\"button\" tabindex=\"0\" href=\"https:\/\/galleria-kroeger.ch\/wp-content\/uploads\/2021\/03\/Stein-Kruste.jpeg\" rel=\"jtg-918\" data-caption=\"&lt;p&gt;&lt;strong&gt;Steinkruste&lt;\/strong&gt;&lt;br&gt;\nGriechischer Marmor gewachst, mit Kruste auf Edelstahl, 2005&lt;br&gt;\n21 x 17 x 10 cm&lt;\/p&gt;\" aria-label=\"Open image in lightbox\" data-thumb=\"https:\/\/galleria-kroeger.ch\/wp-content\/uploads\/2021\/03\/Stein-Kruste-150x150.jpeg\" class=\"tile-inner modula-item-link\"><\/a><img decoding=\"async\" class=\"pic wp-image-952\"  data-valign=\"middle\" data-halign=\"center\" alt=\"Rolf Kr\u00f6ger, Brissago, Ascona, Galleria Kr\u00f6ger, Galerie, Lago Maggiore, Steinskulpturen mit Metall, Concorde Memorial,\" data-full=\"https:\/\/galleria-kroeger.ch\/wp-content\/uploads\/2021\/03\/Stein-Kruste.jpeg\" title=\"Stein-Kruste\" crop=\"\" width=\"848\" height=\"1024\" src=\"https:\/\/galleria-kroeger.ch\/wp-content\/uploads\/2021\/03\/Stein-Kruste-848x1024.jpeg\" data-src=\"https:\/\/galleria-kroeger.ch\/wp-content\/uploads\/2021\/03\/Stein-Kruste-848x1024.jpeg\" data-caption=\"&lt;strong&gt;Steinkruste&lt;\/strong&gt;&lt;br&gt;\nGriechischer Marmor gewachst, mit Kruste auf Edelstahl, 2005&lt;br&gt;\n21 x 17 x 10 cm\" srcset=\"https:\/\/galleria-kroeger.ch\/wp-content\/uploads\/2021\/03\/Stein-Kruste-20x24.jpeg 20w, https:\/\/galleria-kroeger.ch\/wp-content\/uploads\/2021\/03\/Stein-Kruste-30x36.jpeg 30w, https:\/\/galleria-kroeger.ch\/wp-content\/uploads\/2021\/03\/Stein-Kruste-40x48.jpeg 40w, https:\/\/galleria-kroeger.ch\/wp-content\/uploads\/2021\/03\/Stein-Kruste-200x241.jpeg 200w, https:\/\/galleria-kroeger.ch\/wp-content\/uploads\/2021\/03\/Stein-Kruste-249x300.jpeg 249w, https:\/\/galleria-kroeger.ch\/wp-content\/uploads\/2021\/03\/Stein-Kruste-400x483.jpeg 400w, https:\/\/galleria-kroeger.ch\/wp-content\/uploads\/2021\/03\/Stein-Kruste-600x724.jpeg 600w, https:\/\/galleria-kroeger.ch\/wp-content\/uploads\/2021\/03\/Stein-Kruste-768x927.jpeg 768w, https:\/\/galleria-kroeger.ch\/wp-content\/uploads\/2021\/03\/Stein-Kruste-800x966.jpeg 800w, https:\/\/galleria-kroeger.ch\/wp-content\/uploads\/2021\/03\/Stein-Kruste-848x1024.jpeg 848w, https:\/\/galleria-kroeger.ch\/wp-content\/uploads\/2021\/03\/Stein-Kruste-1200x1448.jpeg 1200w, https:\/\/galleria-kroeger.ch\/wp-content\/uploads\/2021\/03\/Stein-Kruste-1273x1536.jpeg 1273w, https:\/\/galleria-kroeger.ch\/wp-content\/uploads\/2021\/03\/Stein-Kruste-1697x2048.jpeg 1697w, https:\/\/galleria-kroeger.ch\/wp-content\/uploads\/2021\/03\/Stein-Kruste.jpeg 1972w\" sizes=\"(max-width: 848px) 100vw, 848px\" \/>\n\t\t<div class=\"figc\">\n\t\t\t<div class=\"figc-inner\">\n\t\t\t\t\t\t\t\t\t\t\t\t\t\t\t<\/div>\n\t\t<\/div>\n\n\t<\/div>\n\n<\/div><div class=\"modula-item effect-quiet jtg-filter-all jtg-filter-\" >\n\t<div class=\"modula-item-overlay\"><\/div>\n\n\t<div class=\"modula-item-content\">\n\n\t\t<a data-image-id=\"931\" role=\"button\" tabindex=\"0\" href=\"https:\/\/galleria-kroeger.ch\/wp-content\/uploads\/2021\/03\/Geballte-Kraft-scaled.jpeg\" rel=\"jtg-918\" data-caption=\"&lt;p&gt;&lt;strong&gt;Geballte Kraft&lt;\/strong&gt;&lt;br&gt;\nRussischer Labrador, Edelstahl, 2012&lt;br&gt;\n134 x 44 x 53 cm&lt;\/p&gt;\" aria-label=\"Open image in lightbox\" data-thumb=\"https:\/\/galleria-kroeger.ch\/wp-content\/uploads\/2021\/03\/Geballte-Kraft-150x150.jpeg\" class=\"tile-inner modula-item-link\"><\/a><img decoding=\"async\" class=\"pic wp-image-931\"  data-valign=\"middle\" data-halign=\"center\" alt=\"Rolf Kr\u00f6ger, Brissago, Ascona, Galleria Kr\u00f6ger, Galerie, Lago Maggiore, Steinskulpturen mit Metall, Concorde Memorial,\" data-full=\"https:\/\/galleria-kroeger.ch\/wp-content\/uploads\/2021\/03\/Geballte-Kraft.jpeg\" title=\"Geballte Kraft\" crop=\"\" width=\"553\" height=\"1024\" src=\"https:\/\/galleria-kroeger.ch\/wp-content\/uploads\/2021\/03\/Geballte-Kraft-553x1024.jpeg\" data-src=\"https:\/\/galleria-kroeger.ch\/wp-content\/uploads\/2021\/03\/Geballte-Kraft-553x1024.jpeg\" data-caption=\"&lt;strong&gt;Geballte Kraft&lt;\/strong&gt;&lt;br&gt;\nRussischer Labrador, Edelstahl, 2012&lt;br&gt;\n134 x 44 x 53 cm\" srcset=\"https:\/\/galleria-kroeger.ch\/wp-content\/uploads\/2021\/03\/Geballte-Kraft-13x24.jpeg 13w, https:\/\/galleria-kroeger.ch\/wp-content\/uploads\/2021\/03\/Geballte-Kraft-19x36.jpeg 19w, https:\/\/galleria-kroeger.ch\/wp-content\/uploads\/2021\/03\/Geballte-Kraft-26x48.jpeg 26w, https:\/\/galleria-kroeger.ch\/wp-content\/uploads\/2021\/03\/Geballte-Kraft-162x300.jpeg 162w, https:\/\/galleria-kroeger.ch\/wp-content\/uploads\/2021\/03\/Geballte-Kraft-200x371.jpeg 200w, https:\/\/galleria-kroeger.ch\/wp-content\/uploads\/2021\/03\/Geballte-Kraft-400x741.jpeg 400w, https:\/\/galleria-kroeger.ch\/wp-content\/uploads\/2021\/03\/Geballte-Kraft-scaled-553x1024.jpeg 553w, https:\/\/galleria-kroeger.ch\/wp-content\/uploads\/2021\/03\/Geballte-Kraft-600x1112.jpeg 600w, https:\/\/galleria-kroeger.ch\/wp-content\/uploads\/2021\/03\/Geballte-Kraft-768x1423.jpeg 768w, https:\/\/galleria-kroeger.ch\/wp-content\/uploads\/2021\/03\/Geballte-Kraft-800x1482.jpeg 800w, https:\/\/galleria-kroeger.ch\/wp-content\/uploads\/2021\/03\/Geballte-Kraft-829x1536.jpeg 829w, https:\/\/galleria-kroeger.ch\/wp-content\/uploads\/2021\/03\/Geballte-Kraft-1106x2048.jpeg 1106w, https:\/\/galleria-kroeger.ch\/wp-content\/uploads\/2021\/03\/Geballte-Kraft-1200x2223.jpeg 1200w, https:\/\/galleria-kroeger.ch\/wp-content\/uploads\/2021\/03\/Geballte-Kraft-scaled.jpeg 1382w\" sizes=\"(max-width: 553px) 100vw, 553px\" \/>\n\t\t<div class=\"figc\">\n\t\t\t<div class=\"figc-inner\">\n\t\t\t\t\t\t\t\t\t\t\t\t\t\t\t<\/div>\n\t\t<\/div>\n\n\t<\/div>\n\n<\/div><div class=\"modula-item effect-quiet jtg-filter-all jtg-filter-\" >\n\t<div class=\"modula-item-overlay\"><\/div>\n\n\t<div class=\"modula-item-content\">\n\n\t\t<a data-image-id=\"4406\" role=\"button\" tabindex=\"0\" href=\"https:\/\/galleria-kroeger.ch\/wp-content\/uploads\/2025\/05\/Doppelte-Kraft.jpg\" rel=\"jtg-918\" data-caption=\"&lt;p&gt;&lt;strong&gt;Geballte Kraft&lt;\/strong&gt;&lt;br&gt;\nRussischer Labrador, Edelstahl, 2012&lt;br&gt;\n134 x 44 x 53 cm&lt;\/p&gt;\" aria-label=\"Open image in lightbox\" data-thumb=\"https:\/\/galleria-kroeger.ch\/wp-content\/uploads\/2025\/05\/Doppelte-Kraft-150x150.jpg\" class=\"tile-inner modula-item-link\"><\/a><img decoding=\"async\" class=\"pic wp-image-4406\"  data-valign=\"middle\" data-halign=\"center\" alt=\"Rolf Kr\u00f6ger, Brissago, Ascona, Galleria Kr\u00f6ger, Galerie, Lago Maggiore, Steinskulpturen mit Metall, Concorde Memorial,\" data-full=\"https:\/\/galleria-kroeger.ch\/wp-content\/uploads\/2025\/05\/Doppelte-Kraft.jpg\" title=\"Geballte Kraft\" crop=\"\" width=\"558\" height=\"1024\" src=\"https:\/\/galleria-kroeger.ch\/wp-content\/uploads\/2025\/05\/Doppelte-Kraft-558x1024.jpg\" data-src=\"https:\/\/galleria-kroeger.ch\/wp-content\/uploads\/2025\/05\/Doppelte-Kraft-558x1024.jpg\" data-caption=\"&lt;strong&gt;Geballte Kraft&lt;\/strong&gt;&lt;br&gt;\nRussischer Labrador, Edelstahl, 2012&lt;br&gt;\n134 x 44 x 53 cm\" srcset=\"https:\/\/galleria-kroeger.ch\/wp-content\/uploads\/2025\/05\/Doppelte-Kraft-13x24.jpg 13w, https:\/\/galleria-kroeger.ch\/wp-content\/uploads\/2025\/05\/Doppelte-Kraft-20x36.jpg 20w, https:\/\/galleria-kroeger.ch\/wp-content\/uploads\/2025\/05\/Doppelte-Kraft-26x48.jpg 26w, https:\/\/galleria-kroeger.ch\/wp-content\/uploads\/2025\/05\/Doppelte-Kraft-164x300.jpg 164w, https:\/\/galleria-kroeger.ch\/wp-content\/uploads\/2025\/05\/Doppelte-Kraft-200x367.jpg 200w, https:\/\/galleria-kroeger.ch\/wp-content\/uploads\/2025\/05\/Doppelte-Kraft-400x734.jpg 400w, https:\/\/galleria-kroeger.ch\/wp-content\/uploads\/2025\/05\/Doppelte-Kraft-558x1024.jpg 558w, https:\/\/galleria-kroeger.ch\/wp-content\/uploads\/2025\/05\/Doppelte-Kraft-600x1101.jpg 600w, https:\/\/galleria-kroeger.ch\/wp-content\/uploads\/2025\/05\/Doppelte-Kraft.jpg 654w\" sizes=\"(max-width: 558px) 100vw, 558px\" \/>\n\t\t<div class=\"figc\">\n\t\t\t<div class=\"figc-inner\">\n\t\t\t\t\t\t\t\t\t\t\t\t\t\t\t<\/div>\n\t\t<\/div>\n\n\t<\/div>\n\n<\/div><div class=\"modula-item effect-quiet jtg-filter-all jtg-filter-\" >\n\t<div class=\"modula-item-overlay\"><\/div>\n\n\t<div class=\"modula-item-content\">\n\n\t\t<a data-image-id=\"4409\" role=\"button\" tabindex=\"0\" href=\"https:\/\/galleria-kroeger.ch\/wp-content\/uploads\/2025\/05\/Geballte-Kraft_Detail.jpg\" rel=\"jtg-918\" data-caption=\"&lt;p&gt;&lt;strong&gt;Geballte Kraft&lt;\/strong&gt;&lt;br&gt;\nRussischer Labrador, Edelstahl, 2012, Detail&lt;br&gt;\n134 x 44 x 53 cm&lt;\/p&gt;\" aria-label=\"Open image in lightbox\" data-thumb=\"https:\/\/galleria-kroeger.ch\/wp-content\/uploads\/2025\/05\/Geballte-Kraft_Detail-150x150.jpg\" class=\"tile-inner modula-item-link\"><\/a><img decoding=\"async\" class=\"pic wp-image-4409\"  data-valign=\"middle\" data-halign=\"center\" alt=\"Rolf Kr\u00f6ger, Brissago, Ascona, Galleria Kr\u00f6ger, Galerie, Lago Maggiore, Steinskulpturen mit Metall, Concorde Memorial,\" data-full=\"https:\/\/galleria-kroeger.ch\/wp-content\/uploads\/2025\/05\/Geballte-Kraft_Detail.jpg\" title=\"Geballte Kraft_Detail\" crop=\"\" width=\"769\" height=\"1024\" src=\"https:\/\/galleria-kroeger.ch\/wp-content\/uploads\/2025\/05\/Geballte-Kraft_Detail.jpg\" data-src=\"https:\/\/galleria-kroeger.ch\/wp-content\/uploads\/2025\/05\/Geballte-Kraft_Detail.jpg\" data-caption=\"&lt;strong&gt;Geballte Kraft&lt;\/strong&gt;&lt;br&gt;\nRussischer Labrador, Edelstahl, 2012, Detail&lt;br&gt;\n134 x 44 x 53 cm\" srcset=\"https:\/\/galleria-kroeger.ch\/wp-content\/uploads\/2025\/05\/Geballte-Kraft_Detail-18x24.jpg 18w, https:\/\/galleria-kroeger.ch\/wp-content\/uploads\/2025\/05\/Geballte-Kraft_Detail-27x36.jpg 27w, https:\/\/galleria-kroeger.ch\/wp-content\/uploads\/2025\/05\/Geballte-Kraft_Detail-36x48.jpg 36w, https:\/\/galleria-kroeger.ch\/wp-content\/uploads\/2025\/05\/Geballte-Kraft_Detail-200x266.jpg 200w, https:\/\/galleria-kroeger.ch\/wp-content\/uploads\/2025\/05\/Geballte-Kraft_Detail-225x300.jpg 225w, https:\/\/galleria-kroeger.ch\/wp-content\/uploads\/2025\/05\/Geballte-Kraft_Detail-400x533.jpg 400w, https:\/\/galleria-kroeger.ch\/wp-content\/uploads\/2025\/05\/Geballte-Kraft_Detail-600x799.jpg 600w, https:\/\/galleria-kroeger.ch\/wp-content\/uploads\/2025\/05\/Geballte-Kraft_Detail.jpg 769w\" sizes=\"(max-width: 769px) 100vw, 769px\" \/>\n\t\t<div class=\"figc\">\n\t\t\t<div class=\"figc-inner\">\n\t\t\t\t\t\t\t\t\t\t\t\t\t\t\t<\/div>\n\t\t<\/div>\n\n\t<\/div>\n\n<\/div><div class=\"modula-item effect-quiet jtg-filter-all jtg-filter-\" >\n\t<div class=\"modula-item-overlay\"><\/div>\n\n\t<div class=\"modula-item-content\">\n\n\t\t<a data-image-id=\"4412\" role=\"button\" tabindex=\"0\" href=\"https:\/\/galleria-kroeger.ch\/wp-content\/uploads\/2025\/05\/GRU\u0308NER-JUWEL.jpg\" rel=\"jtg-918\" data-caption=\"&lt;p&gt;&lt;strong&gt;Gr\u00fcner Juwel&lt;\/strong&gt;&lt;br&gt;\nGr\u00fcner Serpentin, Edelstahl, 2012&lt;br&gt;\n145 x 48 x 48 cm&lt;\/p&gt;\" aria-label=\"Open image in lightbox\" data-thumb=\"https:\/\/galleria-kroeger.ch\/wp-content\/uploads\/2025\/05\/GRU\u0308NER-JUWEL-150x150.jpg\" class=\"tile-inner modula-item-link\"><\/a><img decoding=\"async\" class=\"pic wp-image-4412\"  data-valign=\"middle\" data-halign=\"center\" alt=\"Rolf Kr\u00f6ger, Brissago, Ascona, Galleria Kr\u00f6ger, Galerie, Lago Maggiore, Steinskulpturen mit Metall, Concorde Memorial,\" data-full=\"https:\/\/galleria-kroeger.ch\/wp-content\/uploads\/2025\/05\/GRU\u0308NER-JUWEL.jpg\" title=\"GRU\u0308NER JUWEL\" crop=\"\" width=\"619\" height=\"1000\" src=\"https:\/\/galleria-kroeger.ch\/wp-content\/uploads\/2025\/05\/GRU\u0308NER-JUWEL.jpg\" data-src=\"https:\/\/galleria-kroeger.ch\/wp-content\/uploads\/2025\/05\/GRU\u0308NER-JUWEL.jpg\" data-caption=\"&lt;strong&gt;Gr\u00fcner Juwel&lt;\/strong&gt;&lt;br&gt;\nGr\u00fcner Serpentin, Edelstahl, 2012&lt;br&gt;\n145 x 48 x 48 cm\" srcset=\"https:\/\/galleria-kroeger.ch\/wp-content\/uploads\/2025\/05\/GRU\u0308NER-JUWEL-15x24.jpg 15w, https:\/\/galleria-kroeger.ch\/wp-content\/uploads\/2025\/05\/GRU\u0308NER-JUWEL-22x36.jpg 22w, https:\/\/galleria-kroeger.ch\/wp-content\/uploads\/2025\/05\/GRU\u0308NER-JUWEL-30x48.jpg 30w, https:\/\/galleria-kroeger.ch\/wp-content\/uploads\/2025\/05\/GRU\u0308NER-JUWEL-186x300.jpg 186w, https:\/\/galleria-kroeger.ch\/wp-content\/uploads\/2025\/05\/GRU\u0308NER-JUWEL-200x323.jpg 200w, https:\/\/galleria-kroeger.ch\/wp-content\/uploads\/2025\/05\/GRU\u0308NER-JUWEL-400x646.jpg 400w, https:\/\/galleria-kroeger.ch\/wp-content\/uploads\/2025\/05\/GRU\u0308NER-JUWEL-600x969.jpg 600w, https:\/\/galleria-kroeger.ch\/wp-content\/uploads\/2025\/05\/GRU\u0308NER-JUWEL.jpg 619w\" sizes=\"(max-width: 619px) 100vw, 619px\" \/>\n\t\t<div class=\"figc\">\n\t\t\t<div class=\"figc-inner\">\n\t\t\t\t\t\t\t\t\t\t\t\t\t\t\t<\/div>\n\t\t<\/div>\n\n\t<\/div>\n\n<\/div><div class=\"modula-item effect-quiet jtg-filter-all jtg-filter-\" >\n\t<div class=\"modula-item-overlay\"><\/div>\n\n\t<div class=\"modula-item-content\">\n\n\t\t<a data-image-id=\"4415\" role=\"button\" tabindex=\"0\" href=\"https:\/\/galleria-kroeger.ch\/wp-content\/uploads\/2025\/05\/Kraftvoller-Halt.jpg\" rel=\"jtg-918\" data-caption=\"&lt;p&gt;&lt;strong&gt;Kraftvoller Halt&lt;\/strong&gt;&lt;br&gt;\nRussischer Labrador, Edelstahl, 2016\/2023&lt;br&gt;\n113 x 48 x 46 cm&lt;\/p&gt;\" aria-label=\"Open image in lightbox\" data-thumb=\"https:\/\/galleria-kroeger.ch\/wp-content\/uploads\/2025\/05\/Kraftvoller-Halt-150x150.jpg\" class=\"tile-inner modula-item-link\"><\/a><img decoding=\"async\" class=\"pic wp-image-4415\"  data-valign=\"middle\" data-halign=\"center\" alt=\"Rolf Kr\u00f6ger, Brissago, Ascona, Galleria Kr\u00f6ger, Galerie, Lago Maggiore, Steinskulpturen mit Metall, Concorde Memorial,\" data-full=\"https:\/\/galleria-kroeger.ch\/wp-content\/uploads\/2025\/05\/Kraftvoller-Halt.jpg\" title=\"Kraftvoller Halt\" crop=\"\" width=\"769\" height=\"1024\" src=\"https:\/\/galleria-kroeger.ch\/wp-content\/uploads\/2025\/05\/Kraftvoller-Halt.jpg\" data-src=\"https:\/\/galleria-kroeger.ch\/wp-content\/uploads\/2025\/05\/Kraftvoller-Halt.jpg\" data-caption=\"&lt;strong&gt;Kraftvoller Halt&lt;\/strong&gt;&lt;br&gt;\nRussischer Labrador, Edelstahl, 2016\/2023&lt;br&gt;\n113 x 48 x 46 cm\" srcset=\"https:\/\/galleria-kroeger.ch\/wp-content\/uploads\/2025\/05\/Kraftvoller-Halt-18x24.jpg 18w, https:\/\/galleria-kroeger.ch\/wp-content\/uploads\/2025\/05\/Kraftvoller-Halt-27x36.jpg 27w, https:\/\/galleria-kroeger.ch\/wp-content\/uploads\/2025\/05\/Kraftvoller-Halt-36x48.jpg 36w, https:\/\/galleria-kroeger.ch\/wp-content\/uploads\/2025\/05\/Kraftvoller-Halt-200x266.jpg 200w, https:\/\/galleria-kroeger.ch\/wp-content\/uploads\/2025\/05\/Kraftvoller-Halt-225x300.jpg 225w, https:\/\/galleria-kroeger.ch\/wp-content\/uploads\/2025\/05\/Kraftvoller-Halt-400x533.jpg 400w, https:\/\/galleria-kroeger.ch\/wp-content\/uploads\/2025\/05\/Kraftvoller-Halt-600x799.jpg 600w, https:\/\/galleria-kroeger.ch\/wp-content\/uploads\/2025\/05\/Kraftvoller-Halt.jpg 769w\" sizes=\"(max-width: 769px) 100vw, 769px\" \/>\n\t\t<div class=\"figc\">\n\t\t\t<div class=\"figc-inner\">\n\t\t\t\t\t\t\t\t\t\t\t\t\t\t\t<\/div>\n\t\t<\/div>\n\n\t<\/div>\n\n<\/div><div class=\"modula-item effect-quiet jtg-filter-all jtg-filter-\" >\n\t<div class=\"modula-item-overlay\"><\/div>\n\n\t<div class=\"modula-item-content\">\n\n\t\t<a data-image-id=\"940\" role=\"button\" tabindex=\"0\" href=\"https:\/\/galleria-kroeger.ch\/wp-content\/uploads\/2021\/03\/Kraftvolles-Wachstum.jpeg\" rel=\"jtg-918\" data-caption=\"&lt;p&gt;&lt;strong&gt;Kraftvolles Wachstum&lt;\/strong&gt;&lt;br&gt;\nGr\u00fcner Serpentin, Edelstahl, 2012&lt;br&gt;\n218 x 97 x 75 cm&lt;\/p&gt;\" aria-label=\"Open image in lightbox\" data-thumb=\"https:\/\/galleria-kroeger.ch\/wp-content\/uploads\/2021\/03\/Kraftvolles-Wachstum-150x150.jpeg\" class=\"tile-inner modula-item-link\"><\/a><img decoding=\"async\" class=\"pic wp-image-940\"  data-valign=\"middle\" data-halign=\"center\" alt=\"Rolf Kr\u00f6ger, Brissago, Ascona, Galleria Kr\u00f6ger, Galerie, Lago Maggiore, Steinskulpturen mit Metall, Concorde Memorial,\" data-full=\"https:\/\/galleria-kroeger.ch\/wp-content\/uploads\/2021\/03\/Kraftvolles-Wachstum.jpeg\" title=\"Kraftvolles Wachstum\" crop=\"\" width=\"724\" height=\"1024\" src=\"https:\/\/galleria-kroeger.ch\/wp-content\/uploads\/2021\/03\/Kraftvolles-Wachstum-724x1024.jpeg\" data-src=\"https:\/\/galleria-kroeger.ch\/wp-content\/uploads\/2021\/03\/Kraftvolles-Wachstum-724x1024.jpeg\" data-caption=\"&lt;strong&gt;Kraftvolles Wachstum&lt;\/strong&gt;&lt;br&gt;\nGr\u00fcner Serpentin, Edelstahl, 2012&lt;br&gt;\n218 x 97 x 75 cm\" srcset=\"https:\/\/galleria-kroeger.ch\/wp-content\/uploads\/2021\/03\/Kraftvolles-Wachstum-17x24.jpeg 17w, https:\/\/galleria-kroeger.ch\/wp-content\/uploads\/2021\/03\/Kraftvolles-Wachstum-25x36.jpeg 25w, https:\/\/galleria-kroeger.ch\/wp-content\/uploads\/2021\/03\/Kraftvolles-Wachstum-34x48.jpeg 34w, https:\/\/galleria-kroeger.ch\/wp-content\/uploads\/2021\/03\/Kraftvolles-Wachstum-200x283.jpeg 200w, https:\/\/galleria-kroeger.ch\/wp-content\/uploads\/2021\/03\/Kraftvolles-Wachstum-212x300.jpeg 212w, https:\/\/galleria-kroeger.ch\/wp-content\/uploads\/2021\/03\/Kraftvolles-Wachstum-400x565.jpeg 400w, https:\/\/galleria-kroeger.ch\/wp-content\/uploads\/2021\/03\/Kraftvolles-Wachstum-600x848.jpeg 600w, https:\/\/galleria-kroeger.ch\/wp-content\/uploads\/2021\/03\/Kraftvolles-Wachstum-724x1024.jpeg 724w, https:\/\/galleria-kroeger.ch\/wp-content\/uploads\/2021\/03\/Kraftvolles-Wachstum-768x1086.jpeg 768w, https:\/\/galleria-kroeger.ch\/wp-content\/uploads\/2021\/03\/Kraftvolles-Wachstum-800x1131.jpeg 800w, https:\/\/galleria-kroeger.ch\/wp-content\/uploads\/2021\/03\/Kraftvolles-Wachstum-1087x1536.jpeg 1087w, https:\/\/galleria-kroeger.ch\/wp-content\/uploads\/2021\/03\/Kraftvolles-Wachstum-1200x1696.jpeg 1200w, https:\/\/galleria-kroeger.ch\/wp-content\/uploads\/2021\/03\/Kraftvolles-Wachstum-1449x2048.jpeg 1449w, https:\/\/galleria-kroeger.ch\/wp-content\/uploads\/2021\/03\/Kraftvolles-Wachstum.jpeg 1772w\" sizes=\"(max-width: 724px) 100vw, 724px\" \/>\n\t\t<div class=\"figc\">\n\t\t\t<div class=\"figc-inner\">\n\t\t\t\t\t\t\t\t\t\t\t\t\t\t\t<\/div>\n\t\t<\/div>\n\n\t<\/div>\n\n<\/div>\t\t\n\t<\/div>\n\n\t\n\t\n\t<script type=\"application\/ld+json\">\n\t{\n\t\t\"@context\": \"http:\/\/schema.org\",\n\t\t\"@type\"   : \"ImageGallery\",\n\t\t\"id\"      : \"https:\/\/galleria-kroeger.ch\/de\/rolf-kroger-de\/\",\n\t\t\"url\"     : \"https:\/\/galleria-kroeger.ch\/de\/rolf-kroger-de\/\"\n\t}\n\n\t<\/script>\n\n\t\n<\/div>\n\n<\/div><\/div><\/div><div class=\"fusion-layout-column fusion_builder_column fusion-builder-column-1 fusion_builder_column_1_1 1_1 fusion-flex-column\" style=\"--awb-bg-size:cover;--awb-width-large:100%;--awb-margin-top-large:0px;--awb-spacing-right-large:1.92%;--awb-margin-bottom-large:20px;--awb-spacing-left-large:1.92%;--awb-width-medium:100%;--awb-order-medium:0;--awb-spacing-right-medium:1.92%;--awb-spacing-left-medium:1.92%;--awb-width-small:100%;--awb-order-small:0;--awb-spacing-right-small:1.92%;--awb-spacing-left-small:1.92%;\"><div class=\"fusion-column-wrapper fusion-column-has-shadow fusion-flex-justify-content-flex-start fusion-content-layout-column\"><div class=\"fusion-separator fusion-full-width-sep\" style=\"align-self: center;margin-left: auto;margin-right: auto;margin-top:100px;width:100%;\"><div class=\"fusion-separator-border sep-single sep-solid\" style=\"--awb-height:20px;--awb-amount:20px;--awb-sep-color:#666666;border-color:#666666;border-top-width:1px;\"><\/div><\/div><div class=\"fusion-title title fusion-title-5 fusion-sep-none fusion-title-text fusion-title-size-five fusion-animated\" style=\"--awb-margin-top-small:10px;--awb-margin-right-small:0px;--awb-margin-bottom-small:10px;--awb-margin-left-small:0px;\" data-animationType=\"fadeInLeft\" data-animationDuration=\"1.0\" data-animationOffset=\"top-into-view\"><h5 class=\"fusion-title-heading title-heading-left\" style=\"margin:0;\">Biografie<\/h5><\/div><\/div><\/div><\/div><\/div><div class=\"fusion-fullwidth fullwidth-box fusion-builder-row-2 fusion-flex-container nonhundred-percent-fullwidth non-hundred-percent-height-scrolling\" style=\"--awb-border-radius-top-left:0px;--awb-border-radius-top-right:0px;--awb-border-radius-bottom-right:0px;--awb-border-radius-bottom-left:0px;--awb-flex-wrap:wrap;\" ><div class=\"fusion-builder-row fusion-row fusion-flex-align-items-flex-start fusion-flex-content-wrap\" style=\"max-width:1248px;margin-left: calc(-4% \/ 2 );margin-right: calc(-4% \/ 2 );\"><div class=\"fusion-layout-column fusion_builder_column fusion-builder-column-2 fusion_builder_column_1_2 1_2 fusion-flex-column\" style=\"--awb-bg-size:cover;--awb-width-large:50%;--awb-margin-top-large:0px;--awb-spacing-right-large:3.84%;--awb-margin-bottom-large:20px;--awb-spacing-left-large:3.84%;--awb-width-medium:50%;--awb-order-medium:0;--awb-spacing-right-medium:3.84%;--awb-spacing-left-medium:3.84%;--awb-width-small:100%;--awb-order-small:0;--awb-spacing-right-small:1.92%;--awb-spacing-left-small:1.92%;\"><div class=\"fusion-column-wrapper fusion-column-has-shadow fusion-flex-justify-content-flex-start fusion-content-layout-column\"><div class=\"fusion-text fusion-text-3\"><p><img decoding=\"async\" class=\"alignnone wp-image-1293 size-full\" src=\"https:\/\/sh07.ticino.com\/~gallerkr\/wp-content\/uploads\/2021\/03\/RolfKroeger.gif\" alt=\"\" width=\"150\" height=\"150\" srcset=\"https:\/\/galleria-kroeger.ch\/wp-content\/uploads\/2021\/03\/RolfKroeger-24x24.gif 24w, https:\/\/galleria-kroeger.ch\/wp-content\/uploads\/2021\/03\/RolfKroeger-36x36.gif 36w, https:\/\/galleria-kroeger.ch\/wp-content\/uploads\/2021\/03\/RolfKroeger-48x48.gif 48w, https:\/\/galleria-kroeger.ch\/wp-content\/uploads\/2021\/03\/RolfKroeger-66x66.gif 66w, https:\/\/galleria-kroeger.ch\/wp-content\/uploads\/2021\/03\/RolfKroeger.gif 150w\" sizes=\"(max-width: 150px) 100vw, 150px\" \/><\/p>\n<\/div><\/div><\/div><\/div><\/div><div class=\"fusion-fullwidth fullwidth-box fusion-builder-row-3 fusion-flex-container nonhundred-percent-fullwidth non-hundred-percent-height-scrolling\" style=\"--awb-border-radius-top-left:0px;--awb-border-radius-top-right:0px;--awb-border-radius-bottom-right:0px;--awb-border-radius-bottom-left:0px;--awb-flex-wrap:wrap;\" ><div class=\"fusion-builder-row fusion-row fusion-flex-align-items-flex-start fusion-flex-content-wrap\" style=\"max-width:1248px;margin-left: calc(-4% \/ 2 );margin-right: calc(-4% \/ 2 );\"><div class=\"fusion-layout-column fusion_builder_column fusion-builder-column-3 fusion_builder_column_1_1 1_1 fusion-flex-column\" style=\"--awb-bg-size:cover;--awb-width-large:100%;--awb-margin-top-large:0px;--awb-spacing-right-large:1.92%;--awb-margin-bottom-large:20px;--awb-spacing-left-large:1.92%;--awb-width-medium:100%;--awb-order-medium:0;--awb-spacing-right-medium:1.92%;--awb-spacing-left-medium:1.92%;--awb-width-small:100%;--awb-order-small:0;--awb-spacing-right-small:1.92%;--awb-spacing-left-small:1.92%;\"><div class=\"fusion-column-wrapper fusion-column-has-shadow fusion-flex-justify-content-flex-start fusion-content-layout-column\"><div class=\"fusion-separator fusion-full-width-sep\" style=\"align-self: center;margin-left: auto;margin-right: auto;margin-bottom:5px;width:100%;\"><\/div><\/div><\/div><div class=\"fusion-layout-column fusion_builder_column fusion-builder-column-4 fusion_builder_column_1_1 1_1 fusion-flex-column\" style=\"--awb-bg-size:cover;--awb-width-large:100%;--awb-margin-top-large:0px;--awb-spacing-right-large:1.92%;--awb-margin-bottom-large:20px;--awb-spacing-left-large:1.92%;--awb-width-medium:100%;--awb-order-medium:0;--awb-spacing-right-medium:1.92%;--awb-spacing-left-medium:1.92%;--awb-width-small:100%;--awb-order-small:0;--awb-spacing-right-small:1.92%;--awb-spacing-left-small:1.92%;\"><div class=\"fusion-column-wrapper fusion-column-has-shadow fusion-flex-justify-content-flex-start fusion-content-layout-column\"><div class=\"fusion-text fusion-text-4\"><p>1944 geboren in Bad Homburg (D)<br \/>\nDie Bildhauer-Ausbildung absolvierte er bei Alex Naef, scuola di scultura, Peccia (CH)<br \/>\nlebte und arbeitete in Brissago (CH)<br \/>\n9.1.2021 gestorben in Locarno (CH)<\/p>\n<\/div><\/div><\/div><div class=\"fusion-layout-column fusion_builder_column fusion-builder-column-5 fusion_builder_column_1_1 1_1 fusion-flex-column\" style=\"--awb-bg-size:cover;--awb-width-large:100%;--awb-margin-top-large:0px;--awb-spacing-right-large:1.92%;--awb-margin-bottom-large:20px;--awb-spacing-left-large:1.92%;--awb-width-medium:100%;--awb-order-medium:0;--awb-spacing-right-medium:1.92%;--awb-spacing-left-medium:1.92%;--awb-width-small:100%;--awb-order-small:0;--awb-spacing-right-small:1.92%;--awb-spacing-left-small:1.92%;\"><div class=\"fusion-column-wrapper fusion-column-has-shadow fusion-flex-justify-content-flex-start fusion-content-layout-column\"><div class=\"fusion-text fusion-text-5\"><p>Stein-Skulpturen und Bilder in Mischtechnik<br \/>\nDer Stein stand im Zentrum von Rolf Kr\u00f6gers Schaffen. Er kombinierte ihn fast ausschliesslich mit Metallen, vor allem Edelstahl. Seine gr\u00f6sste Arbeit war eine fast sechs Meter grosse Skulptur f\u00fcr das Concorde M\u00e9morial in Paris.<\/p>\n<p>Die Krusten des Steins, die Verwitterung, brachte er in Form von Sand und Pigmenten auf die Leinwand und gestaltete so neue Stofflichkeiten.<\/p>\n<p>Rolf Kr\u00f6ger stellte in verschiedenen europ\u00e4ischen L\u00e4ndern aus und nahm an Kunstmessen teil. Mehrere seiner gro\u00dfen Skulpturen sind am Ufer des Lago Maggiore in Brissago ausgestellt.<\/p>\n<\/div><\/div><\/div><div class=\"fusion-layout-column fusion_builder_column fusion-builder-column-6 fusion_builder_column_1_1 1_1 fusion-flex-column\" style=\"--awb-bg-size:cover;--awb-width-large:100%;--awb-margin-top-large:0px;--awb-spacing-right-large:1.92%;--awb-margin-bottom-large:20px;--awb-spacing-left-large:1.92%;--awb-width-medium:100%;--awb-order-medium:0;--awb-spacing-right-medium:1.92%;--awb-spacing-left-medium:1.92%;--awb-width-small:100%;--awb-order-small:0;--awb-spacing-right-small:1.92%;--awb-spacing-left-small:1.92%;\"><div class=\"fusion-column-wrapper fusion-column-has-shadow fusion-flex-justify-content-flex-start fusion-content-layout-column\"><div class=\"fusion-separator fusion-full-width-sep\" style=\"align-self: center;margin-left: auto;margin-right: auto;margin-bottom:100px;width:100%;\"><\/div><\/div><\/div><\/div><\/div><\/p>\n","protected":false},"excerpt":{"rendered":"","protected":false},"author":1,"featured_media":0,"parent":0,"menu_order":0,"comment_status":"closed","ping_status":"closed","template":"","meta":{"footnotes":""},"class_list":["post-1636","page","type-page","status-publish","hentry"],"yoast_head":"<!-- This site is optimized with the Yoast SEO plugin v27.3 - https:\/\/yoast.com\/product\/yoast-seo-wordpress\/ -->\n<title>Rolf Kr\u00f6ger - Galleria Kr\u00f6ger<\/title>\n<meta name=\"robots\" content=\"index, follow, max-snippet:-1, max-image-preview:large, max-video-preview:-1\" \/>\n<link rel=\"canonical\" href=\"https:\/\/galleria-kroeger.ch\/de\/rolf-kroger-de\/\" \/>\n<meta property=\"og:locale\" content=\"de_DE\" \/>\n<meta property=\"og:type\" content=\"article\" \/>\n<meta property=\"og:title\" content=\"Rolf Kr\u00f6ger - Galleria Kr\u00f6ger\" \/>\n<meta property=\"og:url\" content=\"https:\/\/galleria-kroeger.ch\/de\/rolf-kroger-de\/\" \/>\n<meta property=\"og:site_name\" content=\"Galleria Kr\u00f6ger\" \/>\n<meta property=\"article:modified_time\" content=\"2025-02-19T14:07:15+00:00\" \/>\n<meta name=\"twitter:card\" content=\"summary_large_image\" \/>\n<meta name=\"twitter:title\" content=\"false\" \/>\n<meta name=\"twitter:image\" content=\"https:\/\/sh07.ticino.com\/~gallerkr\/wp-content\/uploads\/2021\/03\/RolfKroeger.gif\" \/>\n<meta name=\"twitter:label1\" content=\"Gesch\u00e4tzte Lesezeit\" \/>\n\t<meta name=\"twitter:data1\" content=\"8\u00a0Minuten\" \/>\n<script type=\"application\/ld+json\" class=\"yoast-schema-graph\">{\"@context\":\"https:\\\/\\\/schema.org\",\"@graph\":[{\"@type\":\"WebPage\",\"@id\":\"https:\\\/\\\/galleria-kroeger.ch\\\/de\\\/rolf-kroger-de\\\/\",\"url\":\"https:\\\/\\\/galleria-kroeger.ch\\\/de\\\/rolf-kroger-de\\\/\",\"name\":\"Rolf Kr\u00f6ger - Galleria Kr\u00f6ger\",\"isPartOf\":{\"@id\":\"https:\\\/\\\/galleria-kroeger.ch\\\/de\\\/#website\"},\"primaryImageOfPage\":{\"@id\":\"https:\\\/\\\/galleria-kroeger.ch\\\/de\\\/rolf-kroger-de\\\/#primaryimage\"},\"image\":{\"@id\":\"https:\\\/\\\/galleria-kroeger.ch\\\/de\\\/rolf-kroger-de\\\/#primaryimage\"},\"thumbnailUrl\":\"https:\\\/\\\/sh07.ticino.com\\\/~gallerkr\\\/wp-content\\\/uploads\\\/2021\\\/03\\\/RolfKroeger.gif\",\"datePublished\":\"2021-04-02T09:58:56+00:00\",\"dateModified\":\"2025-02-19T14:07:15+00:00\",\"breadcrumb\":{\"@id\":\"https:\\\/\\\/galleria-kroeger.ch\\\/de\\\/rolf-kroger-de\\\/#breadcrumb\"},\"inLanguage\":\"de\",\"potentialAction\":[{\"@type\":\"ReadAction\",\"target\":[\"https:\\\/\\\/galleria-kroeger.ch\\\/de\\\/rolf-kroger-de\\\/\"]}]},{\"@type\":\"ImageObject\",\"inLanguage\":\"de\",\"@id\":\"https:\\\/\\\/galleria-kroeger.ch\\\/de\\\/rolf-kroger-de\\\/#primaryimage\",\"url\":\"https:\\\/\\\/sh07.ticino.com\\\/~gallerkr\\\/wp-content\\\/uploads\\\/2021\\\/03\\\/RolfKroeger.gif\",\"contentUrl\":\"https:\\\/\\\/sh07.ticino.com\\\/~gallerkr\\\/wp-content\\\/uploads\\\/2021\\\/03\\\/RolfKroeger.gif\"},{\"@type\":\"BreadcrumbList\",\"@id\":\"https:\\\/\\\/galleria-kroeger.ch\\\/de\\\/rolf-kroger-de\\\/#breadcrumb\",\"itemListElement\":[{\"@type\":\"ListItem\",\"position\":1,\"name\":\"Home\",\"item\":\"https:\\\/\\\/galleria-kroeger.ch\\\/de\\\/\"},{\"@type\":\"ListItem\",\"position\":2,\"name\":\"Rolf Kr\u00f6ger\"}]},{\"@type\":\"WebSite\",\"@id\":\"https:\\\/\\\/galleria-kroeger.ch\\\/de\\\/#website\",\"url\":\"https:\\\/\\\/galleria-kroeger.ch\\\/de\\\/\",\"name\":\"Galleria Kr\u00f6ger\",\"description\":\"Arte e mostra di sculture\",\"potentialAction\":[{\"@type\":\"SearchAction\",\"target\":{\"@type\":\"EntryPoint\",\"urlTemplate\":\"https:\\\/\\\/galleria-kroeger.ch\\\/de\\\/?s={search_term_string}\"},\"query-input\":{\"@type\":\"PropertyValueSpecification\",\"valueRequired\":true,\"valueName\":\"search_term_string\"}}],\"inLanguage\":\"de\"}]}<\/script>\n<!-- \/ Yoast SEO plugin. -->","yoast_head_json":{"title":"Rolf Kr\u00f6ger - Galleria Kr\u00f6ger","robots":{"index":"index","follow":"follow","max-snippet":"max-snippet:-1","max-image-preview":"max-image-preview:large","max-video-preview":"max-video-preview:-1"},"canonical":"https:\/\/galleria-kroeger.ch\/de\/rolf-kroger-de\/","og_locale":"de_DE","og_type":"article","og_title":"Rolf Kr\u00f6ger - Galleria Kr\u00f6ger","og_url":"https:\/\/galleria-kroeger.ch\/de\/rolf-kroger-de\/","og_site_name":"Galleria Kr\u00f6ger","article_modified_time":"2025-02-19T14:07:15+00:00","twitter_card":"summary_large_image","twitter_title":"false","twitter_image":"https:\/\/sh07.ticino.com\/~gallerkr\/wp-content\/uploads\/2021\/03\/RolfKroeger.gif","twitter_misc":{"Gesch\u00e4tzte Lesezeit":"8\u00a0Minuten"},"schema":{"@context":"https:\/\/schema.org","@graph":[{"@type":"WebPage","@id":"https:\/\/galleria-kroeger.ch\/de\/rolf-kroger-de\/","url":"https:\/\/galleria-kroeger.ch\/de\/rolf-kroger-de\/","name":"Rolf Kr\u00f6ger - Galleria Kr\u00f6ger","isPartOf":{"@id":"https:\/\/galleria-kroeger.ch\/de\/#website"},"primaryImageOfPage":{"@id":"https:\/\/galleria-kroeger.ch\/de\/rolf-kroger-de\/#primaryimage"},"image":{"@id":"https:\/\/galleria-kroeger.ch\/de\/rolf-kroger-de\/#primaryimage"},"thumbnailUrl":"https:\/\/sh07.ticino.com\/~gallerkr\/wp-content\/uploads\/2021\/03\/RolfKroeger.gif","datePublished":"2021-04-02T09:58:56+00:00","dateModified":"2025-02-19T14:07:15+00:00","breadcrumb":{"@id":"https:\/\/galleria-kroeger.ch\/de\/rolf-kroger-de\/#breadcrumb"},"inLanguage":"de","potentialAction":[{"@type":"ReadAction","target":["https:\/\/galleria-kroeger.ch\/de\/rolf-kroger-de\/"]}]},{"@type":"ImageObject","inLanguage":"de","@id":"https:\/\/galleria-kroeger.ch\/de\/rolf-kroger-de\/#primaryimage","url":"https:\/\/sh07.ticino.com\/~gallerkr\/wp-content\/uploads\/2021\/03\/RolfKroeger.gif","contentUrl":"https:\/\/sh07.ticino.com\/~gallerkr\/wp-content\/uploads\/2021\/03\/RolfKroeger.gif"},{"@type":"BreadcrumbList","@id":"https:\/\/galleria-kroeger.ch\/de\/rolf-kroger-de\/#breadcrumb","itemListElement":[{"@type":"ListItem","position":1,"name":"Home","item":"https:\/\/galleria-kroeger.ch\/de\/"},{"@type":"ListItem","position":2,"name":"Rolf Kr\u00f6ger"}]},{"@type":"WebSite","@id":"https:\/\/galleria-kroeger.ch\/de\/#website","url":"https:\/\/galleria-kroeger.ch\/de\/","name":"Galleria Kr\u00f6ger","description":"Arte e mostra di sculture","potentialAction":[{"@type":"SearchAction","target":{"@type":"EntryPoint","urlTemplate":"https:\/\/galleria-kroeger.ch\/de\/?s={search_term_string}"},"query-input":{"@type":"PropertyValueSpecification","valueRequired":true,"valueName":"search_term_string"}}],"inLanguage":"de"}]}},"_links":{"self":[{"href":"https:\/\/galleria-kroeger.ch\/de\/wp-json\/wp\/v2\/pages\/1636","targetHints":{"allow":["GET"]}}],"collection":[{"href":"https:\/\/galleria-kroeger.ch\/de\/wp-json\/wp\/v2\/pages"}],"about":[{"href":"https:\/\/galleria-kroeger.ch\/de\/wp-json\/wp\/v2\/types\/page"}],"author":[{"embeddable":true,"href":"https:\/\/galleria-kroeger.ch\/de\/wp-json\/wp\/v2\/users\/1"}],"replies":[{"embeddable":true,"href":"https:\/\/galleria-kroeger.ch\/de\/wp-json\/wp\/v2\/comments?post=1636"}],"version-history":[{"count":6,"href":"https:\/\/galleria-kroeger.ch\/de\/wp-json\/wp\/v2\/pages\/1636\/revisions"}],"predecessor-version":[{"id":3789,"href":"https:\/\/galleria-kroeger.ch\/de\/wp-json\/wp\/v2\/pages\/1636\/revisions\/3789"}],"wp:attachment":[{"href":"https:\/\/galleria-kroeger.ch\/de\/wp-json\/wp\/v2\/media?parent=1636"}],"curies":[{"name":"wp","href":"https:\/\/api.w.org\/{rel}","templated":true}]}}