{"id":2752,"date":"2023-02-13T12:57:04","date_gmt":"2023-02-13T11:57:04","guid":{"rendered":"https:\/\/galleria-kroeger.ch\/?page_id=2752"},"modified":"2023-03-07T10:42:05","modified_gmt":"2023-03-07T09:42:05","slug":"carole-kohler-de","status":"publish","type":"page","link":"https:\/\/galleria-kroeger.ch\/de\/carole-kohler-de\/","title":{"rendered":"Carole Kohler"},"content":{"rendered":"<p><div class=\"fusion-fullwidth fullwidth-box fusion-builder-row-1 fusion-flex-container nonhundred-percent-fullwidth non-hundred-percent-height-scrolling\" style=\"--link_hover_color: #65bc7b;--awb-border-radius-top-left:0px;--awb-border-radius-top-right:0px;--awb-border-radius-bottom-right:0px;--awb-border-radius-bottom-left:0px;--awb-background-color:#383838;--awb-flex-wrap:wrap;\" ><div class=\"fusion-builder-row fusion-row fusion-flex-align-items-flex-start fusion-flex-content-wrap\" style=\"max-width:1248px;margin-left: calc(-4% \/ 2 );margin-right: calc(-4% \/ 2 );\"><div class=\"fusion-layout-column fusion_builder_column fusion-builder-column-0 fusion_builder_column_1_1 1_1 fusion-flex-column\" style=\"--awb-bg-color:#383838;--awb-bg-color-hover:#383838;--awb-bg-size:cover;--awb-width-large:100%;--awb-margin-top-large:0px;--awb-spacing-right-large:1.92%;--awb-margin-bottom-large:20px;--awb-spacing-left-large:1.92%;--awb-width-medium:100%;--awb-order-medium:0;--awb-spacing-right-medium:1.92%;--awb-spacing-left-medium:1.92%;--awb-width-small:100%;--awb-order-small:0;--awb-spacing-right-small:1.92%;--awb-spacing-left-small:1.92%;\"><div class=\"fusion-column-wrapper fusion-column-has-shadow fusion-flex-justify-content-flex-start fusion-content-layout-column\"><div class=\"fusion-title title fusion-title-1 fusion-sep-none fusion-title-text fusion-title-size-four fusion-animated\" style=\"--awb-margin-top-small:10px;--awb-margin-right-small:0px;--awb-margin-bottom-small:10px;--awb-margin-left-small:0px;\" data-animationType=\"fadeInLeft\" data-animationDuration=\"1.0\" data-animationOffset=\"top-into-view\"><h4 class=\"fusion-title-heading title-heading-left\" style=\"margin:0;\">Carole Kohler<\/h4><\/div><div class=\"fusion-separator fusion-full-width-sep\" style=\"align-self: center;margin-left: auto;margin-right: auto;margin-top:40px;width:100%;\"><\/div><div class=\"fusion-text fusion-text-1\"><\/div><div class=\"fusion-text fusion-text-2\"><div  id=\"jtg-2745\" class=\"modula modula-gallery modula-columns\" data-config=\"{&quot;tabletHeight&quot;:800,&quot;mobileHeight&quot;:800,&quot;desktopHeight&quot;:800,&quot;enableTwitter&quot;:false,&quot;enableWhatsapp&quot;:false,&quot;enableFacebook&quot;:false,&quot;enablePinterest&quot;:false,&quot;enableLinkedin&quot;:false,&quot;enableEmail&quot;:false,&quot;randomFactor&quot;:0,&quot;type&quot;:&quot;grid&quot;,&quot;columns&quot;:12,&quot;gutter&quot;:20,&quot;mobileGutter&quot;:20,&quot;tabletGutter&quot;:20,&quot;desktopGutter&quot;:20,&quot;enableResponsive&quot;:true,&quot;tabletColumns&quot;:4,&quot;mobileColumns&quot;:3,&quot;lazyLoad&quot;:0,&quot;lightboxOpts&quot;:{&quot;animated&quot;:true,&quot;Thumbs&quot;:{&quot;type&quot;:&quot;modern&quot;,&quot;showOnStart&quot;:false},&quot;Toolbar&quot;:{&quot;display&quot;:{&quot;right&quot;:[&quot;close&quot;],&quot;left&quot;:[&quot;infobar&quot;]},&quot;enabled&quot;:true},&quot;Carousel&quot;:{&quot;Panzoom&quot;:{&quot;touch&quot;:true},&quot;infinite&quot;:false,&quot;transition&quot;:&quot;fade&quot;},&quot;keyboard&quot;:{&quot;Escape&quot;:&quot;close&quot;,&quot;Delete&quot;:&quot;close&quot;,&quot;Backspace&quot;:&quot;close&quot;,&quot;PageUp&quot;:false,&quot;PageDown&quot;:false,&quot;ArrowUp&quot;:false,&quot;ArrowDown&quot;:false,&quot;ArrowRight&quot;:false,&quot;ArrowLeft&quot;:false},&quot;touch&quot;:{&quot;vertical&quot;:true,&quot;momentum&quot;:true},&quot;backdropClick&quot;:&quot;close&quot;,&quot;l10n&quot;:{&quot;CLOSE&quot;:&quot;Close&quot;,&quot;NEXT&quot;:&quot;Next&quot;,&quot;PREV&quot;:&quot;Previous&quot;,&quot;Error&quot;:&quot;The requested content cannot be loaded. Please try again later.&quot;,&quot;PLAY_START&quot;:&quot;Start slideshow&quot;,&quot;PLAY_STOP&quot;:&quot;Pause slideshow&quot;,&quot;FULL_SCREEN&quot;:&quot;Full screen&quot;,&quot;THUMBS&quot;:&quot;Thumbnails&quot;,&quot;DOWNLOAD&quot;:&quot;Download&quot;,&quot;SHARE&quot;:&quot;Share&quot;,&quot;ZOOM&quot;:&quot;Zoom&quot;,&quot;EMAIL&quot;:&quot;Here is the link to the image : %%image_link%% and this is the link to the gallery : %%gallery_link%%&quot;,&quot;MODAL&quot;:&quot;You can close this modal content with the ESC key&quot;,&quot;ERROR&quot;:&quot;Something Went Wrong, Please Try Again Later&quot;,&quot;IMAGE_ERROR&quot;:&quot;Image Not Found&quot;,&quot;ELEMENT_NOT_FOUND&quot;:&quot;HTML Element Not Found&quot;,&quot;AJAX_NOT_FOUND&quot;:&quot;Error Loading AJAX : Not Found&quot;,&quot;AJAX_FORBIDDEN&quot;:&quot;Error Loading AJAX : Forbidden&quot;,&quot;IFRAME_ERROR&quot;:&quot;Error Loading Page&quot;,&quot;TOGGLE_ZOOM&quot;:&quot;Toggle zoom level&quot;,&quot;TOGGLE_THUMBS&quot;:&quot;Toggle thumbnails&quot;,&quot;TOGGLE_SLIDESHOW&quot;:&quot;Toggle slideshow&quot;,&quot;TOGGLE_FULLSCREEN&quot;:&quot;Toggle full-screen mode&quot;},&quot;Images&quot;:{&quot;Panzoom&quot;:{&quot;maxScale&quot;:2},&quot;zoom&quot;:false},&quot;toolbar&quot;:true,&quot;wheel&quot;:false,&quot;animationEffect&quot;:&quot;fade&quot;,&quot;animationDuration&quot;:366,&quot;transitionEffect&quot;:&quot;fade&quot;,&quot;transitionDuration&quot;:366,&quot;mainClass&quot;:&quot;modula-fancybox-container modula-lightbox-jtg-2745&quot;,&quot;Html&quot;:{&quot;videoAutoplay&quot;:0,&quot;videoTpl&quot;:&quot;&lt;video class=\\&quot;fancybox__html5video\\&quot; controls muted playsinline controlsList controlsList=\\&quot;nodownload\\&quot; poster=\\&quot;{{poster}}\\&quot; src=\\&quot;{{src}}\\&quot; type=\\&quot;{{format}}\\&quot; &gt;  Sorry, your browser doesn&#039;t support embedded videos, &lt;a href=\\&quot;{{src}}\\&quot;&gt; download &lt;\\\/a&gt; and watch with your favorite video player! &lt;\\\/video&gt;&quot;},&quot;showClass&quot;:&quot;m-fadeIn&quot;,&quot;hideClass&quot;:&quot;m-fadeOut&quot;},&quot;inView&quot;:true,&quot;email_subject&quot;:&quot;Check out this awesome image !!&quot;,&quot;email_message&quot;:&quot;Here is the link to the image : %%image_link%% and this is the link to the gallery : %%gallery_link%%&quot;,&quot;grid_type&quot;:&quot;4&quot;,&quot;rowHeight&quot;:250,&quot;lastRow&quot;:&quot;justify&quot;,&quot;lightbox&quot;:&quot;fancybox&quot;,&quot;filterClick&quot;:&quot;0&quot;,&quot;dropdownFilters&quot;:&quot;0&quot;,&quot;defaultActiveFilter&quot;:&quot;all&quot;,&quot;initLightbox&quot;:&quot;modula_pro_init_lightbox&quot;,&quot;haveFilters&quot;:0}\">\n\n\t<div class=\"modula-grid-sizer\"> <\/div>\n\t<div  class=\"modula-items grid-gallery\">\n\t\t<div class=\"modula-item effect-quiet jtg-filter-all jtg-filter-\" >\n\t<div class=\"modula-item-overlay\"><\/div>\n\n\t<div class=\"modula-item-content\">\n\n\t\t<a data-image-id=\"4621\" role=\"button\" tabindex=\"0\" href=\"https:\/\/galleria-kroeger.ch\/wp-content\/uploads\/2026\/02\/Eolica-1_140x140-cm.jpeg\" rel=\"jtg-2745\" data-caption=\"&lt;p&gt;&lt;strong&gt;Eolica&lt;\/strong&gt;&lt;br \/&gt;Mischtechnik auf Leinwand, 2026&lt;br \/&gt;140 x 140 cm&lt;\/p&gt;\" aria-label=\"Open image in lightbox\" data-thumb=\"https:\/\/galleria-kroeger.ch\/wp-content\/uploads\/2026\/02\/Eolica-1_140x140-cm-150x150.jpeg\" class=\"tile-inner modula-item-link\"><\/a><img decoding=\"async\" class=\"pic wp-image-4621\"  data-valign=\"middle\" data-halign=\"center\" alt=\"\" data-full=\"https:\/\/galleria-kroeger.ch\/wp-content\/uploads\/2026\/02\/Eolica-1_140x140-cm.jpeg\" title=\"Eolica 1_140x140 cm\" crop=\"\" width=\"960\" height=\"960\" src=\"https:\/\/galleria-kroeger.ch\/wp-content\/uploads\/2026\/02\/Eolica-1_140x140-cm.jpeg\" data-src=\"https:\/\/galleria-kroeger.ch\/wp-content\/uploads\/2026\/02\/Eolica-1_140x140-cm.jpeg\" data-caption=\"&lt;strong&gt;Eolica&lt;\/strong&gt;&lt;br \/&gt;Mischtechnik auf Leinwand, 2026&lt;br \/&gt;140 x 140 cm\" srcset=\"https:\/\/galleria-kroeger.ch\/wp-content\/uploads\/2026\/02\/Eolica-1_140x140-cm-24x24.jpeg 24w, https:\/\/galleria-kroeger.ch\/wp-content\/uploads\/2026\/02\/Eolica-1_140x140-cm-36x36.jpeg 36w, https:\/\/galleria-kroeger.ch\/wp-content\/uploads\/2026\/02\/Eolica-1_140x140-cm-48x48.jpeg 48w, https:\/\/galleria-kroeger.ch\/wp-content\/uploads\/2026\/02\/Eolica-1_140x140-cm-66x66.jpeg 66w, https:\/\/galleria-kroeger.ch\/wp-content\/uploads\/2026\/02\/Eolica-1_140x140-cm-150x150.jpeg 150w, https:\/\/galleria-kroeger.ch\/wp-content\/uploads\/2026\/02\/Eolica-1_140x140-cm-200x200.jpeg 200w, https:\/\/galleria-kroeger.ch\/wp-content\/uploads\/2026\/02\/Eolica-1_140x140-cm-300x300.jpeg 300w, https:\/\/galleria-kroeger.ch\/wp-content\/uploads\/2026\/02\/Eolica-1_140x140-cm-400x400.jpeg 400w, https:\/\/galleria-kroeger.ch\/wp-content\/uploads\/2026\/02\/Eolica-1_140x140-cm-600x600.jpeg 600w, https:\/\/galleria-kroeger.ch\/wp-content\/uploads\/2026\/02\/Eolica-1_140x140-cm-768x768.jpeg 768w, https:\/\/galleria-kroeger.ch\/wp-content\/uploads\/2026\/02\/Eolica-1_140x140-cm-800x800.jpeg 800w, https:\/\/galleria-kroeger.ch\/wp-content\/uploads\/2026\/02\/Eolica-1_140x140-cm.jpeg 960w\" sizes=\"(max-width: 960px) 100vw, 960px\" \/>\n\t\t<div class=\"figc\">\n\t\t\t<div class=\"figc-inner\">\n\t\t\t\t\t\t\t\t\t\t\t\t\t\t\t<\/div>\n\t\t<\/div>\n\n\t<\/div>\n\n<\/div><div class=\"modula-item effect-quiet jtg-filter-all jtg-filter-\" >\n\t<div class=\"modula-item-overlay\"><\/div>\n\n\t<div class=\"modula-item-content\">\n\n\t\t<a data-image-id=\"4624\" role=\"button\" tabindex=\"0\" href=\"https:\/\/galleria-kroeger.ch\/wp-content\/uploads\/2026\/02\/Eolica-2_140x120-cm.jpeg\" rel=\"jtg-2745\" data-caption=\"&lt;p&gt;&lt;strong&gt;Eolica&lt;\/strong&gt;&lt;br \/&gt;Mischtechnik auf Leinwand, 2026&lt;br \/&gt;140 x 120 cm&lt;\/p&gt;\" aria-label=\"Open image in lightbox\" data-thumb=\"https:\/\/galleria-kroeger.ch\/wp-content\/uploads\/2026\/02\/Eolica-2_140x120-cm-150x150.jpeg\" class=\"tile-inner modula-item-link\"><\/a><img decoding=\"async\" class=\"pic wp-image-4624\"  data-valign=\"middle\" data-halign=\"center\" alt=\"\" data-full=\"https:\/\/galleria-kroeger.ch\/wp-content\/uploads\/2026\/02\/Eolica-2_140x120-cm.jpeg\" title=\"Eolica 2_140x120 cm\" crop=\"\" width=\"878\" height=\"1024\" src=\"https:\/\/galleria-kroeger.ch\/wp-content\/uploads\/2026\/02\/Eolica-2_140x120-cm-878x1024.jpeg\" data-src=\"https:\/\/galleria-kroeger.ch\/wp-content\/uploads\/2026\/02\/Eolica-2_140x120-cm-878x1024.jpeg\" data-caption=\"&lt;strong&gt;Eolica&lt;\/strong&gt;&lt;br \/&gt;Mischtechnik auf Leinwand, 2026&lt;br \/&gt;140 x 120 cm\" srcset=\"https:\/\/galleria-kroeger.ch\/wp-content\/uploads\/2026\/02\/Eolica-2_140x120-cm-21x24.jpeg 21w, https:\/\/galleria-kroeger.ch\/wp-content\/uploads\/2026\/02\/Eolica-2_140x120-cm-31x36.jpeg 31w, https:\/\/galleria-kroeger.ch\/wp-content\/uploads\/2026\/02\/Eolica-2_140x120-cm-41x48.jpeg 41w, https:\/\/galleria-kroeger.ch\/wp-content\/uploads\/2026\/02\/Eolica-2_140x120-cm-200x233.jpeg 200w, https:\/\/galleria-kroeger.ch\/wp-content\/uploads\/2026\/02\/Eolica-2_140x120-cm-257x300.jpeg 257w, https:\/\/galleria-kroeger.ch\/wp-content\/uploads\/2026\/02\/Eolica-2_140x120-cm-400x467.jpeg 400w, https:\/\/galleria-kroeger.ch\/wp-content\/uploads\/2026\/02\/Eolica-2_140x120-cm-600x700.jpeg 600w, https:\/\/galleria-kroeger.ch\/wp-content\/uploads\/2026\/02\/Eolica-2_140x120-cm-768x896.jpeg 768w, https:\/\/galleria-kroeger.ch\/wp-content\/uploads\/2026\/02\/Eolica-2_140x120-cm-800x933.jpeg 800w, https:\/\/galleria-kroeger.ch\/wp-content\/uploads\/2026\/02\/Eolica-2_140x120-cm-878x1024.jpeg 878w, https:\/\/galleria-kroeger.ch\/wp-content\/uploads\/2026\/02\/Eolica-2_140x120-cm.jpeg 960w\" sizes=\"(max-width: 878px) 100vw, 878px\" \/>\n\t\t<div class=\"figc\">\n\t\t\t<div class=\"figc-inner\">\n\t\t\t\t\t\t\t\t\t\t\t\t\t\t\t<\/div>\n\t\t<\/div>\n\n\t<\/div>\n\n<\/div><div class=\"modula-item effect-quiet jtg-filter-all jtg-filter-\" >\n\t<div class=\"modula-item-overlay\"><\/div>\n\n\t<div class=\"modula-item-content\">\n\n\t\t<a data-image-id=\"4633\" role=\"button\" tabindex=\"0\" href=\"https:\/\/galleria-kroeger.ch\/wp-content\/uploads\/2026\/02\/Laguna_170x60-cm.jpeg\" rel=\"jtg-2745\" data-caption=\"&lt;p&gt;&lt;strong&gt;La Guna&lt;\/strong&gt;&lt;br \/&gt;Mischtechnik auf Leinwand, 2026&lt;br \/&gt;170 x 60 cm&lt;\/p&gt;\" aria-label=\"Open image in lightbox\" data-thumb=\"https:\/\/galleria-kroeger.ch\/wp-content\/uploads\/2026\/02\/Laguna_170x60-cm-150x150.jpeg\" class=\"tile-inner modula-item-link\"><\/a><img decoding=\"async\" class=\"pic wp-image-4633\"  data-valign=\"middle\" data-halign=\"center\" alt=\"\" data-full=\"https:\/\/galleria-kroeger.ch\/wp-content\/uploads\/2026\/02\/Laguna_170x60-cm.jpeg\" title=\"La Guna_170x60 cm\" crop=\"\" width=\"380\" height=\"1024\" src=\"https:\/\/galleria-kroeger.ch\/wp-content\/uploads\/2026\/02\/Laguna_170x60-cm-380x1024.jpeg\" data-src=\"https:\/\/galleria-kroeger.ch\/wp-content\/uploads\/2026\/02\/Laguna_170x60-cm-380x1024.jpeg\" data-caption=\"&lt;strong&gt;La Guna&lt;\/strong&gt;&lt;br \/&gt;Mischtechnik auf Leinwand, 2026&lt;br \/&gt;170 x 60 cm\" srcset=\"https:\/\/galleria-kroeger.ch\/wp-content\/uploads\/2026\/02\/Laguna_170x60-cm-9x24.jpeg 9w, https:\/\/galleria-kroeger.ch\/wp-content\/uploads\/2026\/02\/Laguna_170x60-cm-13x36.jpeg 13w, https:\/\/galleria-kroeger.ch\/wp-content\/uploads\/2026\/02\/Laguna_170x60-cm-18x48.jpeg 18w, https:\/\/galleria-kroeger.ch\/wp-content\/uploads\/2026\/02\/Laguna_170x60-cm-111x300.jpeg 111w, https:\/\/galleria-kroeger.ch\/wp-content\/uploads\/2026\/02\/Laguna_170x60-cm-200x539.jpeg 200w, https:\/\/galleria-kroeger.ch\/wp-content\/uploads\/2026\/02\/Laguna_170x60-cm-380x1024.jpeg 380w, https:\/\/galleria-kroeger.ch\/wp-content\/uploads\/2026\/02\/Laguna_170x60-cm-400x1078.jpeg 400w, https:\/\/galleria-kroeger.ch\/wp-content\/uploads\/2026\/02\/Laguna_170x60-cm.jpeg 475w\" sizes=\"(max-width: 380px) 100vw, 380px\" \/>\n\t\t<div class=\"figc\">\n\t\t\t<div class=\"figc-inner\">\n\t\t\t\t\t\t\t\t\t\t\t\t\t\t\t<\/div>\n\t\t<\/div>\n\n\t<\/div>\n\n<\/div><div class=\"modula-item effect-quiet jtg-filter-all jtg-filter-\" >\n\t<div class=\"modula-item-overlay\"><\/div>\n\n\t<div class=\"modula-item-content\">\n\n\t\t<a data-image-id=\"4630\" role=\"button\" tabindex=\"0\" href=\"https:\/\/galleria-kroeger.ch\/wp-content\/uploads\/2026\/02\/Lago-Mera_140x100-cm.jpeg\" rel=\"jtg-2745\" data-caption=\"&lt;p&gt;&lt;strong&gt;Lago Mera&lt;\/strong&gt;&lt;br \/&gt;Mischtechnik auf Leinwand, 2026&lt;br \/&gt;140 x 100 cm&lt;\/p&gt;\" aria-label=\"Open image in lightbox\" data-thumb=\"https:\/\/galleria-kroeger.ch\/wp-content\/uploads\/2026\/02\/Lago-Mera_140x100-cm-150x150.jpeg\" class=\"tile-inner modula-item-link\"><\/a><img decoding=\"async\" class=\"pic wp-image-4630\"  data-valign=\"middle\" data-halign=\"center\" alt=\"\" data-full=\"https:\/\/galleria-kroeger.ch\/wp-content\/uploads\/2026\/02\/Lago-Mera_140x100-cm.jpeg\" title=\"Lago Mera_140x100 cm\" crop=\"\" width=\"731\" height=\"1024\" src=\"https:\/\/galleria-kroeger.ch\/wp-content\/uploads\/2026\/02\/Lago-Mera_140x100-cm-731x1024.jpeg\" data-src=\"https:\/\/galleria-kroeger.ch\/wp-content\/uploads\/2026\/02\/Lago-Mera_140x100-cm-731x1024.jpeg\" data-caption=\"&lt;strong&gt;Lago Mera&lt;\/strong&gt;&lt;br \/&gt;Mischtechnik auf Leinwand, 2026&lt;br \/&gt;140 x 100 cm\" srcset=\"https:\/\/galleria-kroeger.ch\/wp-content\/uploads\/2026\/02\/Lago-Mera_140x100-cm-17x24.jpeg 17w, https:\/\/galleria-kroeger.ch\/wp-content\/uploads\/2026\/02\/Lago-Mera_140x100-cm-26x36.jpeg 26w, https:\/\/galleria-kroeger.ch\/wp-content\/uploads\/2026\/02\/Lago-Mera_140x100-cm-34x48.jpeg 34w, https:\/\/galleria-kroeger.ch\/wp-content\/uploads\/2026\/02\/Lago-Mera_140x100-cm-200x280.jpeg 200w, https:\/\/galleria-kroeger.ch\/wp-content\/uploads\/2026\/02\/Lago-Mera_140x100-cm-214x300.jpeg 214w, https:\/\/galleria-kroeger.ch\/wp-content\/uploads\/2026\/02\/Lago-Mera_140x100-cm-400x560.jpeg 400w, https:\/\/galleria-kroeger.ch\/wp-content\/uploads\/2026\/02\/Lago-Mera_140x100-cm-600x840.jpeg 600w, https:\/\/galleria-kroeger.ch\/wp-content\/uploads\/2026\/02\/Lago-Mera_140x100-cm-731x1024.jpeg 731w, https:\/\/galleria-kroeger.ch\/wp-content\/uploads\/2026\/02\/Lago-Mera_140x100-cm-768x1076.jpeg 768w, https:\/\/galleria-kroeger.ch\/wp-content\/uploads\/2026\/02\/Lago-Mera_140x100-cm-800x1120.jpeg 800w, https:\/\/galleria-kroeger.ch\/wp-content\/uploads\/2026\/02\/Lago-Mera_140x100-cm.jpeg 914w\" sizes=\"(max-width: 731px) 100vw, 731px\" \/>\n\t\t<div class=\"figc\">\n\t\t\t<div class=\"figc-inner\">\n\t\t\t\t\t\t\t\t\t\t\t\t\t\t\t<\/div>\n\t\t<\/div>\n\n\t<\/div>\n\n<\/div><div class=\"modula-item effect-quiet jtg-filter-all jtg-filter-\" >\n\t<div class=\"modula-item-overlay\"><\/div>\n\n\t<div class=\"modula-item-content\">\n\n\t\t<a data-image-id=\"4615\" role=\"button\" tabindex=\"0\" href=\"https:\/\/galleria-kroeger.ch\/wp-content\/uploads\/2026\/02\/Agujas_140x100-cm.jpeg\" rel=\"jtg-2745\" data-caption=\"&lt;p&gt;&lt;strong&gt;Agujas&lt;\/strong&gt;&lt;br \/&gt;Mischtechnik auf Leinwand, 2026&lt;br \/&gt;140 x 100 cm&lt;\/p&gt;\" aria-label=\"Open image in lightbox\" data-thumb=\"https:\/\/galleria-kroeger.ch\/wp-content\/uploads\/2026\/02\/Agujas_140x100-cm-150x150.jpeg\" class=\"tile-inner modula-item-link\"><\/a><img decoding=\"async\" class=\"pic wp-image-4615\"  data-valign=\"middle\" data-halign=\"center\" alt=\"\" data-full=\"https:\/\/galleria-kroeger.ch\/wp-content\/uploads\/2026\/02\/Agujas_140x100-cm.jpeg\" title=\"Agujas_140x100 cm\" crop=\"\" width=\"731\" height=\"1024\" src=\"https:\/\/galleria-kroeger.ch\/wp-content\/uploads\/2026\/02\/Agujas_140x100-cm-731x1024.jpeg\" data-src=\"https:\/\/galleria-kroeger.ch\/wp-content\/uploads\/2026\/02\/Agujas_140x100-cm-731x1024.jpeg\" data-caption=\"&lt;strong&gt;Agujas&lt;\/strong&gt;&lt;br \/&gt;Mischtechnik auf Leinwand, 2026&lt;br \/&gt;140 x 100 cm\" srcset=\"https:\/\/galleria-kroeger.ch\/wp-content\/uploads\/2026\/02\/Agujas_140x100-cm-17x24.jpeg 17w, https:\/\/galleria-kroeger.ch\/wp-content\/uploads\/2026\/02\/Agujas_140x100-cm-26x36.jpeg 26w, https:\/\/galleria-kroeger.ch\/wp-content\/uploads\/2026\/02\/Agujas_140x100-cm-34x48.jpeg 34w, https:\/\/galleria-kroeger.ch\/wp-content\/uploads\/2026\/02\/Agujas_140x100-cm-200x280.jpeg 200w, https:\/\/galleria-kroeger.ch\/wp-content\/uploads\/2026\/02\/Agujas_140x100-cm-214x300.jpeg 214w, https:\/\/galleria-kroeger.ch\/wp-content\/uploads\/2026\/02\/Agujas_140x100-cm-400x560.jpeg 400w, https:\/\/galleria-kroeger.ch\/wp-content\/uploads\/2026\/02\/Agujas_140x100-cm-600x840.jpeg 600w, https:\/\/galleria-kroeger.ch\/wp-content\/uploads\/2026\/02\/Agujas_140x100-cm-731x1024.jpeg 731w, https:\/\/galleria-kroeger.ch\/wp-content\/uploads\/2026\/02\/Agujas_140x100-cm-768x1076.jpeg 768w, https:\/\/galleria-kroeger.ch\/wp-content\/uploads\/2026\/02\/Agujas_140x100-cm-800x1120.jpeg 800w, https:\/\/galleria-kroeger.ch\/wp-content\/uploads\/2026\/02\/Agujas_140x100-cm.jpeg 914w\" sizes=\"(max-width: 731px) 100vw, 731px\" \/>\n\t\t<div class=\"figc\">\n\t\t\t<div class=\"figc-inner\">\n\t\t\t\t\t\t\t\t\t\t\t\t\t\t\t<\/div>\n\t\t<\/div>\n\n\t<\/div>\n\n<\/div><div class=\"modula-item effect-quiet jtg-filter-all jtg-filter-\" >\n\t<div class=\"modula-item-overlay\"><\/div>\n\n\t<div class=\"modula-item-content\">\n\n\t\t<a data-image-id=\"4627\" role=\"button\" tabindex=\"0\" href=\"https:\/\/galleria-kroeger.ch\/wp-content\/uploads\/2026\/02\/Eolica-3_140x120-cm.jpeg\" rel=\"jtg-2745\" data-caption=\"&lt;p&gt;&lt;strong&gt;Eolica&lt;\/strong&gt;&lt;br \/&gt;Mischtechnik auf Leinwand, 2026&lt;br \/&gt;140 x 120 cm&lt;\/p&gt;\" aria-label=\"Open image in lightbox\" data-thumb=\"https:\/\/galleria-kroeger.ch\/wp-content\/uploads\/2026\/02\/Eolica-3_140x120-cm-150x150.jpeg\" class=\"tile-inner modula-item-link\"><\/a><img decoding=\"async\" class=\"pic wp-image-4627\"  data-valign=\"middle\" data-halign=\"center\" alt=\"\" data-full=\"https:\/\/galleria-kroeger.ch\/wp-content\/uploads\/2026\/02\/Eolica-3_140x120-cm.jpeg\" title=\"Eolica 3_140x120 cm\" crop=\"\" width=\"878\" height=\"1024\" src=\"https:\/\/galleria-kroeger.ch\/wp-content\/uploads\/2026\/02\/Eolica-3_140x120-cm-878x1024.jpeg\" data-src=\"https:\/\/galleria-kroeger.ch\/wp-content\/uploads\/2026\/02\/Eolica-3_140x120-cm-878x1024.jpeg\" data-caption=\"&lt;strong&gt;Eolica&lt;\/strong&gt;&lt;br \/&gt;Mischtechnik auf Leinwand, 2026&lt;br \/&gt;140 x 120 cm\" srcset=\"https:\/\/galleria-kroeger.ch\/wp-content\/uploads\/2026\/02\/Eolica-3_140x120-cm-21x24.jpeg 21w, https:\/\/galleria-kroeger.ch\/wp-content\/uploads\/2026\/02\/Eolica-3_140x120-cm-31x36.jpeg 31w, https:\/\/galleria-kroeger.ch\/wp-content\/uploads\/2026\/02\/Eolica-3_140x120-cm-41x48.jpeg 41w, https:\/\/galleria-kroeger.ch\/wp-content\/uploads\/2026\/02\/Eolica-3_140x120-cm-200x233.jpeg 200w, https:\/\/galleria-kroeger.ch\/wp-content\/uploads\/2026\/02\/Eolica-3_140x120-cm-257x300.jpeg 257w, https:\/\/galleria-kroeger.ch\/wp-content\/uploads\/2026\/02\/Eolica-3_140x120-cm-400x467.jpeg 400w, https:\/\/galleria-kroeger.ch\/wp-content\/uploads\/2026\/02\/Eolica-3_140x120-cm-600x700.jpeg 600w, https:\/\/galleria-kroeger.ch\/wp-content\/uploads\/2026\/02\/Eolica-3_140x120-cm-768x896.jpeg 768w, https:\/\/galleria-kroeger.ch\/wp-content\/uploads\/2026\/02\/Eolica-3_140x120-cm-800x933.jpeg 800w, https:\/\/galleria-kroeger.ch\/wp-content\/uploads\/2026\/02\/Eolica-3_140x120-cm-878x1024.jpeg 878w, https:\/\/galleria-kroeger.ch\/wp-content\/uploads\/2026\/02\/Eolica-3_140x120-cm.jpeg 960w\" sizes=\"(max-width: 878px) 100vw, 878px\" \/>\n\t\t<div class=\"figc\">\n\t\t\t<div class=\"figc-inner\">\n\t\t\t\t\t\t\t\t\t\t\t\t\t\t\t<\/div>\n\t\t<\/div>\n\n\t<\/div>\n\n<\/div><div class=\"modula-item effect-quiet jtg-filter-all jtg-filter-\" >\n\t<div class=\"modula-item-overlay\"><\/div>\n\n\t<div class=\"modula-item-content\">\n\n\t\t<a data-image-id=\"4572\" role=\"button\" tabindex=\"0\" href=\"https:\/\/galleria-kroeger.ch\/wp-content\/uploads\/2025\/08\/Ignis.jpeg\" rel=\"jtg-2745\" data-caption=\"&lt;p&gt;&lt;strong&gt;Ignis&lt;\/strong&gt;&lt;br&gt;\nMischtechnik auf Leinwand, 2025&lt;br&gt;\n160 x 120 cm&lt;\/p&gt;\" aria-label=\"Open image in lightbox\" data-thumb=\"https:\/\/galleria-kroeger.ch\/wp-content\/uploads\/2025\/08\/Ignis-150x150.jpeg\" class=\"tile-inner modula-item-link\"><\/a><img decoding=\"async\" class=\"pic wp-image-4572\"  data-valign=\"middle\" data-halign=\"center\" alt=\"Carole Kohler, singulart, internationale K\u00fcnstlerin, Bilder in Mischtechnik, Prix de La Sarrazine, PARLEO, \u00fcnstlerresidenz im Kirsten-Kjaer-Museum in D\u00e4nemark, Galleria Kr\u00f6ger, Ascona, Lago Maggiore\" data-full=\"https:\/\/galleria-kroeger.ch\/wp-content\/uploads\/2025\/08\/Ignis.jpeg\" title=\"Ignis\" crop=\"\" width=\"480\" height=\"640\" src=\"https:\/\/galleria-kroeger.ch\/wp-content\/uploads\/2025\/08\/Ignis.jpeg\" data-src=\"https:\/\/galleria-kroeger.ch\/wp-content\/uploads\/2025\/08\/Ignis.jpeg\" data-caption=\"&lt;strong&gt;Ignis&lt;\/strong&gt;&lt;br&gt;\nMischtechnik auf Leinwand, 2025&lt;br&gt;\n160 x 120 cm\" srcset=\"https:\/\/galleria-kroeger.ch\/wp-content\/uploads\/2025\/08\/Ignis-18x24.jpeg 18w, https:\/\/galleria-kroeger.ch\/wp-content\/uploads\/2025\/08\/Ignis-27x36.jpeg 27w, https:\/\/galleria-kroeger.ch\/wp-content\/uploads\/2025\/08\/Ignis-36x48.jpeg 36w, https:\/\/galleria-kroeger.ch\/wp-content\/uploads\/2025\/08\/Ignis-200x267.jpeg 200w, https:\/\/galleria-kroeger.ch\/wp-content\/uploads\/2025\/08\/Ignis-225x300.jpeg 225w, https:\/\/galleria-kroeger.ch\/wp-content\/uploads\/2025\/08\/Ignis-400x533.jpeg 400w, https:\/\/galleria-kroeger.ch\/wp-content\/uploads\/2025\/08\/Ignis.jpeg 480w\" sizes=\"(max-width: 480px) 100vw, 480px\" \/>\n\t\t<div class=\"figc\">\n\t\t\t<div class=\"figc-inner\">\n\t\t\t\t\t\t\t\t\t\t\t\t\t\t\t<\/div>\n\t\t<\/div>\n\n\t<\/div>\n\n<\/div><div class=\"modula-item effect-quiet jtg-filter-all jtg-filter-\" >\n\t<div class=\"modula-item-overlay\"><\/div>\n\n\t<div class=\"modula-item-content\">\n\n\t\t<a data-image-id=\"4636\" role=\"button\" tabindex=\"0\" href=\"https:\/\/galleria-kroeger.ch\/wp-content\/uploads\/2026\/02\/Move-1_80x90-cm.jpeg\" rel=\"jtg-2745\" data-caption=\"&lt;p&gt;&lt;strong&gt;Move 1&lt;\/strong&gt;&lt;br \/&gt;Mischtechnik auf Leinwand, 2026&lt;br \/&gt;80 x 90 cm&lt;\/p&gt;\" aria-label=\"Open image in lightbox\" data-thumb=\"https:\/\/galleria-kroeger.ch\/wp-content\/uploads\/2026\/02\/Move-1_80x90-cm-150x150.jpeg\" class=\"tile-inner modula-item-link\"><\/a><img decoding=\"async\" class=\"pic wp-image-4636\"  data-valign=\"middle\" data-halign=\"center\" alt=\"\" data-full=\"https:\/\/galleria-kroeger.ch\/wp-content\/uploads\/2026\/02\/Move-1_80x90-cm.jpeg\" title=\"Move 1_80x90 cm\" crop=\"\" width=\"1024\" height=\"910\" src=\"https:\/\/galleria-kroeger.ch\/wp-content\/uploads\/2026\/02\/Move-1_80x90-cm-1024x910.jpeg\" data-src=\"https:\/\/galleria-kroeger.ch\/wp-content\/uploads\/2026\/02\/Move-1_80x90-cm-1024x910.jpeg\" data-caption=\"&lt;strong&gt;Move 1&lt;\/strong&gt;&lt;br \/&gt;Mischtechnik auf Leinwand, 2026&lt;br \/&gt;80 x 90 cm\" srcset=\"https:\/\/galleria-kroeger.ch\/wp-content\/uploads\/2026\/02\/Move-1_80x90-cm-24x21.jpeg 24w, https:\/\/galleria-kroeger.ch\/wp-content\/uploads\/2026\/02\/Move-1_80x90-cm-36x32.jpeg 36w, https:\/\/galleria-kroeger.ch\/wp-content\/uploads\/2026\/02\/Move-1_80x90-cm-48x43.jpeg 48w, https:\/\/galleria-kroeger.ch\/wp-content\/uploads\/2026\/02\/Move-1_80x90-cm-200x178.jpeg 200w, https:\/\/galleria-kroeger.ch\/wp-content\/uploads\/2026\/02\/Move-1_80x90-cm-300x267.jpeg 300w, https:\/\/galleria-kroeger.ch\/wp-content\/uploads\/2026\/02\/Move-1_80x90-cm-400x355.jpeg 400w, https:\/\/galleria-kroeger.ch\/wp-content\/uploads\/2026\/02\/Move-1_80x90-cm-600x533.jpeg 600w, https:\/\/galleria-kroeger.ch\/wp-content\/uploads\/2026\/02\/Move-1_80x90-cm-768x682.jpeg 768w, https:\/\/galleria-kroeger.ch\/wp-content\/uploads\/2026\/02\/Move-1_80x90-cm-800x711.jpeg 800w, https:\/\/galleria-kroeger.ch\/wp-content\/uploads\/2026\/02\/Move-1_80x90-cm-1024x910.jpeg 1024w, https:\/\/galleria-kroeger.ch\/wp-content\/uploads\/2026\/02\/Move-1_80x90-cm-1200x1066.jpeg 1200w, https:\/\/galleria-kroeger.ch\/wp-content\/uploads\/2026\/02\/Move-1_80x90-cm-1536x1365.jpeg 1536w, https:\/\/galleria-kroeger.ch\/wp-content\/uploads\/2026\/02\/Move-1_80x90-cm.jpeg 2162w\" sizes=\"(max-width: 1024px) 100vw, 1024px\" \/>\n\t\t<div class=\"figc\">\n\t\t\t<div class=\"figc-inner\">\n\t\t\t\t\t\t\t\t\t\t\t\t\t\t\t<\/div>\n\t\t<\/div>\n\n\t<\/div>\n\n<\/div><div class=\"modula-item effect-quiet jtg-filter-all jtg-filter-\" >\n\t<div class=\"modula-item-overlay\"><\/div>\n\n\t<div class=\"modula-item-content\">\n\n\t\t<a data-image-id=\"4639\" role=\"button\" tabindex=\"0\" href=\"https:\/\/galleria-kroeger.ch\/wp-content\/uploads\/2026\/02\/Move-2_80x90-cm.jpeg\" rel=\"jtg-2745\" data-caption=\"&lt;p&gt;&lt;strong&gt;Move 2&lt;\/strong&gt;&lt;br \/&gt;Mischtechnik auf Leinwand, 2026&lt;br \/&gt;80 x 90 cm&lt;\/p&gt;\" aria-label=\"Open image in lightbox\" data-thumb=\"https:\/\/galleria-kroeger.ch\/wp-content\/uploads\/2026\/02\/Move-2_80x90-cm-150x150.jpeg\" class=\"tile-inner modula-item-link\"><\/a><img decoding=\"async\" class=\"pic wp-image-4639\"  data-valign=\"middle\" data-halign=\"center\" alt=\"\" data-full=\"https:\/\/galleria-kroeger.ch\/wp-content\/uploads\/2026\/02\/Move-2_80x90-cm.jpeg\" title=\"Move 2_80x90 cm\" crop=\"\" width=\"1024\" height=\"910\" src=\"https:\/\/galleria-kroeger.ch\/wp-content\/uploads\/2026\/02\/Move-2_80x90-cm-1024x910.jpeg\" data-src=\"https:\/\/galleria-kroeger.ch\/wp-content\/uploads\/2026\/02\/Move-2_80x90-cm-1024x910.jpeg\" data-caption=\"&lt;strong&gt;Move 2&lt;\/strong&gt;&lt;br \/&gt;Mischtechnik auf Leinwand, 2026&lt;br \/&gt;80 x 90 cm\" srcset=\"https:\/\/galleria-kroeger.ch\/wp-content\/uploads\/2026\/02\/Move-2_80x90-cm-24x21.jpeg 24w, https:\/\/galleria-kroeger.ch\/wp-content\/uploads\/2026\/02\/Move-2_80x90-cm-36x32.jpeg 36w, https:\/\/galleria-kroeger.ch\/wp-content\/uploads\/2026\/02\/Move-2_80x90-cm-48x43.jpeg 48w, https:\/\/galleria-kroeger.ch\/wp-content\/uploads\/2026\/02\/Move-2_80x90-cm-200x178.jpeg 200w, https:\/\/galleria-kroeger.ch\/wp-content\/uploads\/2026\/02\/Move-2_80x90-cm-300x267.jpeg 300w, https:\/\/galleria-kroeger.ch\/wp-content\/uploads\/2026\/02\/Move-2_80x90-cm-400x355.jpeg 400w, https:\/\/galleria-kroeger.ch\/wp-content\/uploads\/2026\/02\/Move-2_80x90-cm-600x533.jpeg 600w, https:\/\/galleria-kroeger.ch\/wp-content\/uploads\/2026\/02\/Move-2_80x90-cm-768x682.jpeg 768w, https:\/\/galleria-kroeger.ch\/wp-content\/uploads\/2026\/02\/Move-2_80x90-cm-800x711.jpeg 800w, https:\/\/galleria-kroeger.ch\/wp-content\/uploads\/2026\/02\/Move-2_80x90-cm-1024x910.jpeg 1024w, https:\/\/galleria-kroeger.ch\/wp-content\/uploads\/2026\/02\/Move-2_80x90-cm-1200x1066.jpeg 1200w, https:\/\/galleria-kroeger.ch\/wp-content\/uploads\/2026\/02\/Move-2_80x90-cm-1536x1365.jpeg 1536w, https:\/\/galleria-kroeger.ch\/wp-content\/uploads\/2026\/02\/Move-2_80x90-cm.jpeg 2162w\" sizes=\"(max-width: 1024px) 100vw, 1024px\" \/>\n\t\t<div class=\"figc\">\n\t\t\t<div class=\"figc-inner\">\n\t\t\t\t\t\t\t\t\t\t\t\t\t\t\t<\/div>\n\t\t<\/div>\n\n\t<\/div>\n\n<\/div><div class=\"modula-item effect-quiet jtg-filter-all jtg-filter-\" >\n\t<div class=\"modula-item-overlay\"><\/div>\n\n\t<div class=\"modula-item-content\">\n\n\t\t<a data-image-id=\"4575\" role=\"button\" tabindex=\"0\" href=\"https:\/\/galleria-kroeger.ch\/wp-content\/uploads\/2025\/08\/Jad-or-170-x-60-cm-1.jpeg\" rel=\"jtg-2745\" data-caption=\"&lt;p&gt;&lt;strong&gt;J&#039;ad or&lt;\/strong&gt;&lt;br&gt;\nMischtechnik auf Leinwand, 2025&lt;br&gt;\n170 x 60 cm&lt;\/p&gt;\" aria-label=\"Open image in lightbox\" data-thumb=\"https:\/\/galleria-kroeger.ch\/wp-content\/uploads\/2025\/08\/Jad-or-170-x-60-cm-1-150x150.jpeg\" class=\"tile-inner modula-item-link\"><\/a><img decoding=\"async\" class=\"pic wp-image-4575\"  data-valign=\"middle\" data-halign=\"center\" alt=\"Carole Kohler, singulart, internationale K\u00fcnstlerin, Bilder in Mischtechnik, Prix de La Sarrazine, PARLEO, \u00fcnstlerresidenz im Kirsten-Kjaer-Museum in D\u00e4nemark, Galleria Kr\u00f6ger, Ascona, Lago Maggiore\" data-full=\"https:\/\/galleria-kroeger.ch\/wp-content\/uploads\/2025\/08\/Jad-or-170-x-60-cm-1.jpeg\" title=\"J&amp;#8217;ad or, 170 x 60 cm\" crop=\"\" width=\"226\" height=\"640\" src=\"https:\/\/galleria-kroeger.ch\/wp-content\/uploads\/2025\/08\/Jad-or-170-x-60-cm-1.jpeg\" data-src=\"https:\/\/galleria-kroeger.ch\/wp-content\/uploads\/2025\/08\/Jad-or-170-x-60-cm-1.jpeg\" data-caption=\"&lt;strong&gt;J&#039;ad or&lt;\/strong&gt;&lt;br&gt;\nMischtechnik auf Leinwand, 2025&lt;br&gt;\n170 x 60 cm\" srcset=\"https:\/\/galleria-kroeger.ch\/wp-content\/uploads\/2025\/08\/Jad-or-170-x-60-cm-1-8x24.jpeg 8w, https:\/\/galleria-kroeger.ch\/wp-content\/uploads\/2025\/08\/Jad-or-170-x-60-cm-1-13x36.jpeg 13w, https:\/\/galleria-kroeger.ch\/wp-content\/uploads\/2025\/08\/Jad-or-170-x-60-cm-1-17x48.jpeg 17w, https:\/\/galleria-kroeger.ch\/wp-content\/uploads\/2025\/08\/Jad-or-170-x-60-cm-1-106x300.jpeg 106w, https:\/\/galleria-kroeger.ch\/wp-content\/uploads\/2025\/08\/Jad-or-170-x-60-cm-1-200x566.jpeg 200w, https:\/\/galleria-kroeger.ch\/wp-content\/uploads\/2025\/08\/Jad-or-170-x-60-cm-1.jpeg 226w\" sizes=\"(max-width: 226px) 100vw, 226px\" \/>\n\t\t<div class=\"figc\">\n\t\t\t<div class=\"figc-inner\">\n\t\t\t\t\t\t\t\t\t\t\t\t\t\t\t<\/div>\n\t\t<\/div>\n\n\t<\/div>\n\n<\/div><div class=\"modula-item effect-quiet jtg-filter-all jtg-filter-\" >\n\t<div class=\"modula-item-overlay\"><\/div>\n\n\t<div class=\"modula-item-content\">\n\n\t\t<a data-image-id=\"4651\" role=\"button\" tabindex=\"0\" href=\"https:\/\/galleria-kroeger.ch\/wp-content\/uploads\/2026\/02\/Sulfur_140x140-cm.jpeg\" rel=\"jtg-2745\" data-caption=\"&lt;p&gt;&lt;strong&gt;Sulfur&lt;\/strong&gt;&lt;br \/&gt;Mischtechnik auf Leinwand, 2025&lt;br \/&gt;140 x 140 cm&lt;\/p&gt;\" aria-label=\"Open image in lightbox\" data-thumb=\"https:\/\/galleria-kroeger.ch\/wp-content\/uploads\/2026\/02\/Sulfur_140x140-cm-150x150.jpeg\" class=\"tile-inner modula-item-link\"><\/a><img decoding=\"async\" class=\"pic wp-image-4651\"  data-valign=\"middle\" data-halign=\"center\" alt=\"\" data-full=\"https:\/\/galleria-kroeger.ch\/wp-content\/uploads\/2026\/02\/Sulfur_140x140-cm.jpeg\" title=\"Sulfur_140x140 cm\" crop=\"\" width=\"960\" height=\"960\" src=\"https:\/\/galleria-kroeger.ch\/wp-content\/uploads\/2026\/02\/Sulfur_140x140-cm.jpeg\" data-src=\"https:\/\/galleria-kroeger.ch\/wp-content\/uploads\/2026\/02\/Sulfur_140x140-cm.jpeg\" data-caption=\"&lt;strong&gt;Sulfur&lt;\/strong&gt;&lt;br \/&gt;Mischtechnik auf Leinwand, 2025&lt;br \/&gt;140 x 140 cm\" srcset=\"https:\/\/galleria-kroeger.ch\/wp-content\/uploads\/2026\/02\/Sulfur_140x140-cm-24x24.jpeg 24w, https:\/\/galleria-kroeger.ch\/wp-content\/uploads\/2026\/02\/Sulfur_140x140-cm-36x36.jpeg 36w, https:\/\/galleria-kroeger.ch\/wp-content\/uploads\/2026\/02\/Sulfur_140x140-cm-48x48.jpeg 48w, https:\/\/galleria-kroeger.ch\/wp-content\/uploads\/2026\/02\/Sulfur_140x140-cm-66x66.jpeg 66w, https:\/\/galleria-kroeger.ch\/wp-content\/uploads\/2026\/02\/Sulfur_140x140-cm-150x150.jpeg 150w, https:\/\/galleria-kroeger.ch\/wp-content\/uploads\/2026\/02\/Sulfur_140x140-cm-200x200.jpeg 200w, https:\/\/galleria-kroeger.ch\/wp-content\/uploads\/2026\/02\/Sulfur_140x140-cm-300x300.jpeg 300w, https:\/\/galleria-kroeger.ch\/wp-content\/uploads\/2026\/02\/Sulfur_140x140-cm-400x400.jpeg 400w, https:\/\/galleria-kroeger.ch\/wp-content\/uploads\/2026\/02\/Sulfur_140x140-cm-600x600.jpeg 600w, https:\/\/galleria-kroeger.ch\/wp-content\/uploads\/2026\/02\/Sulfur_140x140-cm-768x768.jpeg 768w, https:\/\/galleria-kroeger.ch\/wp-content\/uploads\/2026\/02\/Sulfur_140x140-cm-800x800.jpeg 800w, https:\/\/galleria-kroeger.ch\/wp-content\/uploads\/2026\/02\/Sulfur_140x140-cm.jpeg 960w\" sizes=\"(max-width: 960px) 100vw, 960px\" \/>\n\t\t<div class=\"figc\">\n\t\t\t<div class=\"figc-inner\">\n\t\t\t\t\t\t\t\t\t\t\t\t\t\t\t<\/div>\n\t\t<\/div>\n\n\t<\/div>\n\n<\/div><div class=\"modula-item effect-quiet jtg-filter-all jtg-filter-\" >\n\t<div class=\"modula-item-overlay\"><\/div>\n\n\t<div class=\"modula-item-content\">\n\n\t\t<a data-image-id=\"4360\" role=\"button\" tabindex=\"0\" href=\"https:\/\/galleria-kroeger.ch\/wp-content\/uploads\/2025\/05\/sensus-1.jpg\" rel=\"jtg-2745\" data-caption=\"&lt;p&gt;&lt;strong&gt;Sensus&lt;\/strong&gt;&lt;br&gt;\nMischtechnik auf Leinwand, 2025&lt;br&gt;\n140 x 140 cm&lt;\/p&gt;\" aria-label=\"Open image in lightbox\" data-thumb=\"https:\/\/galleria-kroeger.ch\/wp-content\/uploads\/2025\/05\/sensus-1-150x150.jpg\" class=\"tile-inner modula-item-link\"><\/a><img decoding=\"async\" class=\"pic wp-image-4360\"  data-valign=\"middle\" data-halign=\"center\" alt=\"\" data-full=\"https:\/\/galleria-kroeger.ch\/wp-content\/uploads\/2025\/05\/sensus-1.jpg\" title=\"\" crop=\"\" width=\"1024\" height=\"1016\" src=\"https:\/\/galleria-kroeger.ch\/wp-content\/uploads\/2025\/05\/sensus-1-1024x1016.jpg\" data-src=\"https:\/\/galleria-kroeger.ch\/wp-content\/uploads\/2025\/05\/sensus-1-1024x1016.jpg\" data-caption=\"&lt;strong&gt;Sensus&lt;\/strong&gt;&lt;br&gt;\nMischtechnik auf Leinwand, 2025&lt;br&gt;\n140 x 140 cm\" srcset=\"https:\/\/galleria-kroeger.ch\/wp-content\/uploads\/2025\/05\/sensus-1-24x24.jpg 24w, https:\/\/galleria-kroeger.ch\/wp-content\/uploads\/2025\/05\/sensus-1-36x36.jpg 36w, https:\/\/galleria-kroeger.ch\/wp-content\/uploads\/2025\/05\/sensus-1-48x48.jpg 48w, https:\/\/galleria-kroeger.ch\/wp-content\/uploads\/2025\/05\/sensus-1-66x66.jpg 66w, https:\/\/galleria-kroeger.ch\/wp-content\/uploads\/2025\/05\/sensus-1-150x150.jpg 150w, https:\/\/galleria-kroeger.ch\/wp-content\/uploads\/2025\/05\/sensus-1-200x198.jpg 200w, https:\/\/galleria-kroeger.ch\/wp-content\/uploads\/2025\/05\/sensus-1-300x298.jpg 300w, https:\/\/galleria-kroeger.ch\/wp-content\/uploads\/2025\/05\/sensus-1-400x397.jpg 400w, https:\/\/galleria-kroeger.ch\/wp-content\/uploads\/2025\/05\/sensus-1-600x595.jpg 600w, https:\/\/galleria-kroeger.ch\/wp-content\/uploads\/2025\/05\/sensus-1-768x762.jpg 768w, https:\/\/galleria-kroeger.ch\/wp-content\/uploads\/2025\/05\/sensus-1-800x794.jpg 800w, https:\/\/galleria-kroeger.ch\/wp-content\/uploads\/2025\/05\/sensus-1-1024x1016.jpg 1024w, https:\/\/galleria-kroeger.ch\/wp-content\/uploads\/2025\/05\/sensus-1-1200x1190.jpg 1200w, https:\/\/galleria-kroeger.ch\/wp-content\/uploads\/2025\/05\/sensus-1.jpg 1500w\" sizes=\"(max-width: 1024px) 100vw, 1024px\" \/>\n\t\t<div class=\"figc no-title\">\n\t\t\t<div class=\"figc-inner\">\n\t\t\t\t\t\t\t\t\t\t\t\t\t\t\t<\/div>\n\t\t<\/div>\n\n\t<\/div>\n\n<\/div><div class=\"modula-item effect-quiet jtg-filter-all jtg-filter-\" >\n\t<div class=\"modula-item-overlay\"><\/div>\n\n\t<div class=\"modula-item-content\">\n\n\t\t<a data-image-id=\"4612\" role=\"button\" tabindex=\"0\" href=\"https:\/\/galleria-kroeger.ch\/wp-content\/uploads\/2026\/02\/Ae\u0301rea_170x60-cm.jpeg\" rel=\"jtg-2745\" data-caption=\"&lt;p&gt;&lt;strong&gt;A\u00e9rea&lt;\/strong&gt;&lt;br \/&gt;Mischtechnik auf Leinwand, 2026&lt;br \/&gt;170 x 60 cm&lt;\/p&gt;\" aria-label=\"Open image in lightbox\" data-thumb=\"https:\/\/galleria-kroeger.ch\/wp-content\/uploads\/2026\/02\/Ae\u0301rea_170x60-cm-150x150.jpeg\" class=\"tile-inner modula-item-link\"><\/a><img decoding=\"async\" class=\"pic wp-image-4612\"  data-valign=\"middle\" data-halign=\"center\" alt=\"\" data-full=\"https:\/\/galleria-kroeger.ch\/wp-content\/uploads\/2026\/02\/Ae\u0301rea_170x60-cm.jpeg\" title=\"A\u00e9rea_170x60 cm\" crop=\"\" width=\"362\" height=\"1024\" src=\"https:\/\/galleria-kroeger.ch\/wp-content\/uploads\/2026\/02\/Ae\u0301rea_170x60-cm-362x1024.jpeg\" data-src=\"https:\/\/galleria-kroeger.ch\/wp-content\/uploads\/2026\/02\/Ae\u0301rea_170x60-cm-362x1024.jpeg\" data-caption=\"&lt;strong&gt;A\u00e9rea&lt;\/strong&gt;&lt;br \/&gt;Mischtechnik auf Leinwand, 2026&lt;br \/&gt;170 x 60 cm\" srcset=\"https:\/\/galleria-kroeger.ch\/wp-content\/uploads\/2026\/02\/Ae\u0301rea_170x60-cm-8x24.jpeg 8w, https:\/\/galleria-kroeger.ch\/wp-content\/uploads\/2026\/02\/Ae\u0301rea_170x60-cm-13x36.jpeg 13w, https:\/\/galleria-kroeger.ch\/wp-content\/uploads\/2026\/02\/Ae\u0301rea_170x60-cm-17x48.jpeg 17w, https:\/\/galleria-kroeger.ch\/wp-content\/uploads\/2026\/02\/Ae\u0301rea_170x60-cm-106x300.jpeg 106w, https:\/\/galleria-kroeger.ch\/wp-content\/uploads\/2026\/02\/Ae\u0301rea_170x60-cm-200x566.jpeg 200w, https:\/\/galleria-kroeger.ch\/wp-content\/uploads\/2026\/02\/Ae\u0301rea_170x60-cm-362x1024.jpeg 362w, https:\/\/galleria-kroeger.ch\/wp-content\/uploads\/2026\/02\/Ae\u0301rea_170x60-cm-400x1133.jpeg 400w, https:\/\/galleria-kroeger.ch\/wp-content\/uploads\/2026\/02\/Ae\u0301rea_170x60-cm.jpeg 452w\" sizes=\"(max-width: 362px) 100vw, 362px\" \/>\n\t\t<div class=\"figc\">\n\t\t\t<div class=\"figc-inner\">\n\t\t\t\t\t\t\t\t\t\t\t\t\t\t\t<\/div>\n\t\t<\/div>\n\n\t<\/div>\n\n<\/div><div class=\"modula-item effect-quiet jtg-filter-all jtg-filter-\" >\n\t<div class=\"modula-item-overlay\"><\/div>\n\n\t<div class=\"modula-item-content\">\n\n\t\t<a data-image-id=\"4618\" role=\"button\" tabindex=\"0\" href=\"https:\/\/galleria-kroeger.ch\/wp-content\/uploads\/2026\/02\/Banyan-2x-170-x-60-cm.jpeg\" rel=\"jtg-2745\" data-caption=\"&lt;p&gt;&lt;strong&gt;Banyan&lt;\/strong&gt;&lt;br \/&gt;Mischtechnik auf Leinwand, 2025&lt;br \/&gt;2x 170 x 60 cm&lt;\/p&gt;\" aria-label=\"Open image in lightbox\" data-thumb=\"https:\/\/galleria-kroeger.ch\/wp-content\/uploads\/2026\/02\/Banyan-2x-170-x-60-cm-150x150.jpeg\" class=\"tile-inner modula-item-link\"><\/a><img decoding=\"async\" class=\"pic wp-image-4618\"  data-valign=\"middle\" data-halign=\"center\" alt=\"\" data-full=\"https:\/\/galleria-kroeger.ch\/wp-content\/uploads\/2026\/02\/Banyan-2x-170-x-60-cm.jpeg\" title=\"Banyan, 2x 170 x 60 cm\" crop=\"\" width=\"723\" height=\"1024\" src=\"https:\/\/galleria-kroeger.ch\/wp-content\/uploads\/2026\/02\/Banyan-2x-170-x-60-cm-723x1024.jpeg\" data-src=\"https:\/\/galleria-kroeger.ch\/wp-content\/uploads\/2026\/02\/Banyan-2x-170-x-60-cm-723x1024.jpeg\" data-caption=\"&lt;strong&gt;Banyan&lt;\/strong&gt;&lt;br \/&gt;Mischtechnik auf Leinwand, 2025&lt;br \/&gt;2x 170 x 60 cm\" srcset=\"https:\/\/galleria-kroeger.ch\/wp-content\/uploads\/2026\/02\/Banyan-2x-170-x-60-cm-17x24.jpeg 17w, https:\/\/galleria-kroeger.ch\/wp-content\/uploads\/2026\/02\/Banyan-2x-170-x-60-cm-25x36.jpeg 25w, https:\/\/galleria-kroeger.ch\/wp-content\/uploads\/2026\/02\/Banyan-2x-170-x-60-cm-34x48.jpeg 34w, https:\/\/galleria-kroeger.ch\/wp-content\/uploads\/2026\/02\/Banyan-2x-170-x-60-cm-200x283.jpeg 200w, https:\/\/galleria-kroeger.ch\/wp-content\/uploads\/2026\/02\/Banyan-2x-170-x-60-cm-212x300.jpeg 212w, https:\/\/galleria-kroeger.ch\/wp-content\/uploads\/2026\/02\/Banyan-2x-170-x-60-cm-400x566.jpeg 400w, https:\/\/galleria-kroeger.ch\/wp-content\/uploads\/2026\/02\/Banyan-2x-170-x-60-cm-600x849.jpeg 600w, https:\/\/galleria-kroeger.ch\/wp-content\/uploads\/2026\/02\/Banyan-2x-170-x-60-cm-723x1024.jpeg 723w, https:\/\/galleria-kroeger.ch\/wp-content\/uploads\/2026\/02\/Banyan-2x-170-x-60-cm-768x1087.jpeg 768w, https:\/\/galleria-kroeger.ch\/wp-content\/uploads\/2026\/02\/Banyan-2x-170-x-60-cm-800x1132.jpeg 800w, https:\/\/galleria-kroeger.ch\/wp-content\/uploads\/2026\/02\/Banyan-2x-170-x-60-cm.jpeg 965w\" sizes=\"(max-width: 723px) 100vw, 723px\" \/>\n\t\t<div class=\"figc\">\n\t\t\t<div class=\"figc-inner\">\n\t\t\t\t\t\t\t\t\t\t\t\t\t\t\t<\/div>\n\t\t<\/div>\n\n\t<\/div>\n\n<\/div><div class=\"modula-item effect-quiet jtg-filter-all jtg-filter-\" >\n\t<div class=\"modula-item-overlay\"><\/div>\n\n\t<div class=\"modula-item-content\">\n\n\t\t<a data-image-id=\"4303\" role=\"button\" tabindex=\"0\" href=\"https:\/\/galleria-kroeger.ch\/wp-content\/uploads\/2025\/03\/Nene_90-x-140-cm_Ralf-1.jpeg\" rel=\"jtg-2745\" data-caption=\"&lt;p&gt;&lt;strong&gt;Nene&lt;\/strong&gt;&lt;br&gt;\nMischtechnik auf Leinwand, 2024&lt;br&gt;\n90 x 140 cm&lt;\/p&gt;\" aria-label=\"Open image in lightbox\" data-thumb=\"https:\/\/galleria-kroeger.ch\/wp-content\/uploads\/2025\/03\/Nene_90-x-140-cm_Ralf-1-150x150.jpeg\" class=\"tile-inner modula-item-link\"><\/a><img decoding=\"async\" class=\"pic wp-image-4303\"  data-valign=\"middle\" data-halign=\"center\" alt=\"Carole Kohler, singulart, internationale K\u00fcnstlerin, Bilder in Mischtechnik, Prix de La Sarrazine, PARLEO, \u00fcnstlerresidenz im Kirsten-Kjaer-Museum in D\u00e4nemark, Galleria Kr\u00f6ger, Ascona, Lago Maggiore, Erinnerungen an Hawaii\" data-full=\"https:\/\/galleria-kroeger.ch\/wp-content\/uploads\/2025\/03\/Nene_90-x-140-cm_Ralf-1.jpeg\" title=\"\" crop=\"\" width=\"1024\" height=\"669\" src=\"https:\/\/galleria-kroeger.ch\/wp-content\/uploads\/2025\/03\/Nene_90-x-140-cm_Ralf-1-1024x669.jpeg\" data-src=\"https:\/\/galleria-kroeger.ch\/wp-content\/uploads\/2025\/03\/Nene_90-x-140-cm_Ralf-1-1024x669.jpeg\" data-caption=\"&lt;strong&gt;Nene&lt;\/strong&gt;&lt;br&gt;\nMischtechnik auf Leinwand, 2024&lt;br&gt;\n90 x 140 cm\" srcset=\"https:\/\/galleria-kroeger.ch\/wp-content\/uploads\/2025\/03\/Nene_90-x-140-cm_Ralf-1-24x16.jpeg 24w, https:\/\/galleria-kroeger.ch\/wp-content\/uploads\/2025\/03\/Nene_90-x-140-cm_Ralf-1-36x24.jpeg 36w, https:\/\/galleria-kroeger.ch\/wp-content\/uploads\/2025\/03\/Nene_90-x-140-cm_Ralf-1-48x31.jpeg 48w, https:\/\/galleria-kroeger.ch\/wp-content\/uploads\/2025\/03\/Nene_90-x-140-cm_Ralf-1-200x131.jpeg 200w, https:\/\/galleria-kroeger.ch\/wp-content\/uploads\/2025\/03\/Nene_90-x-140-cm_Ralf-1-300x196.jpeg 300w, https:\/\/galleria-kroeger.ch\/wp-content\/uploads\/2025\/03\/Nene_90-x-140-cm_Ralf-1-400x261.jpeg 400w, https:\/\/galleria-kroeger.ch\/wp-content\/uploads\/2025\/03\/Nene_90-x-140-cm_Ralf-1-600x392.jpeg 600w, https:\/\/galleria-kroeger.ch\/wp-content\/uploads\/2025\/03\/Nene_90-x-140-cm_Ralf-1-768x501.jpeg 768w, https:\/\/galleria-kroeger.ch\/wp-content\/uploads\/2025\/03\/Nene_90-x-140-cm_Ralf-1-800x522.jpeg 800w, https:\/\/galleria-kroeger.ch\/wp-content\/uploads\/2025\/03\/Nene_90-x-140-cm_Ralf-1-1024x669.jpeg 1024w, https:\/\/galleria-kroeger.ch\/wp-content\/uploads\/2025\/03\/Nene_90-x-140-cm_Ralf-1-1200x784.jpeg 1200w, https:\/\/galleria-kroeger.ch\/wp-content\/uploads\/2025\/03\/Nene_90-x-140-cm_Ralf-1-1536x1003.jpeg 1536w, https:\/\/galleria-kroeger.ch\/wp-content\/uploads\/2025\/03\/Nene_90-x-140-cm_Ralf-1.jpeg 2037w\" sizes=\"(max-width: 1024px) 100vw, 1024px\" \/>\n\t\t<div class=\"figc no-title\">\n\t\t\t<div class=\"figc-inner\">\n\t\t\t\t\t\t\t\t\t\t\t\t\t\t\t<\/div>\n\t\t<\/div>\n\n\t<\/div>\n\n<\/div><div class=\"modula-item effect-quiet jtg-filter-all jtg-filter-\" >\n\t<div class=\"modula-item-overlay\"><\/div>\n\n\t<div class=\"modula-item-content\">\n\n\t\t<a data-image-id=\"4290\" role=\"button\" tabindex=\"0\" href=\"https:\/\/galleria-kroeger.ch\/wp-content\/uploads\/2025\/03\/25002.jpeg\" rel=\"jtg-2745\" data-caption=\"&lt;p&gt;&lt;strong&gt;Nakalele&lt;\/strong&gt;&lt;br&gt;\nMischtechnik auf Leinwand, 2024&lt;br&gt;\n90 x 140 cm&lt;\/p&gt;\" aria-label=\"Open image in lightbox\" data-thumb=\"https:\/\/galleria-kroeger.ch\/wp-content\/uploads\/2025\/03\/25002-150x150.jpeg\" class=\"tile-inner modula-item-link\"><\/a><img decoding=\"async\" class=\"pic wp-image-4290\"  data-valign=\"middle\" data-halign=\"center\" alt=\"Carole Kohler, singulart, internationale K\u00fcnstlerin, Bilder in Mischtechnik, Prix de La Sarrazine, PARLEO, \u00fcnstlerresidenz im Kirsten-Kjaer-Museum in D\u00e4nemark, Galleria Kr\u00f6ger, Ascona, Lago Maggiore, Erinnerungen an Hawaii\" data-full=\"https:\/\/galleria-kroeger.ch\/wp-content\/uploads\/2025\/03\/25002.jpeg\" title=\"\" crop=\"\" width=\"1024\" height=\"658\" src=\"https:\/\/galleria-kroeger.ch\/wp-content\/uploads\/2025\/03\/25002-1024x658.jpeg\" data-src=\"https:\/\/galleria-kroeger.ch\/wp-content\/uploads\/2025\/03\/25002-1024x658.jpeg\" data-caption=\"&lt;strong&gt;Nakalele&lt;\/strong&gt;&lt;br&gt;\nMischtechnik auf Leinwand, 2024&lt;br&gt;\n90 x 140 cm\" srcset=\"https:\/\/galleria-kroeger.ch\/wp-content\/uploads\/2025\/03\/25002-24x15.jpeg 24w, https:\/\/galleria-kroeger.ch\/wp-content\/uploads\/2025\/03\/25002-36x23.jpeg 36w, https:\/\/galleria-kroeger.ch\/wp-content\/uploads\/2025\/03\/25002-48x31.jpeg 48w, https:\/\/galleria-kroeger.ch\/wp-content\/uploads\/2025\/03\/25002-200x129.jpeg 200w, https:\/\/galleria-kroeger.ch\/wp-content\/uploads\/2025\/03\/25002-300x193.jpeg 300w, https:\/\/galleria-kroeger.ch\/wp-content\/uploads\/2025\/03\/25002-400x257.jpeg 400w, https:\/\/galleria-kroeger.ch\/wp-content\/uploads\/2025\/03\/25002-460x295.jpeg 460w, https:\/\/galleria-kroeger.ch\/wp-content\/uploads\/2025\/03\/25002-600x386.jpeg 600w, https:\/\/galleria-kroeger.ch\/wp-content\/uploads\/2025\/03\/25002-768x494.jpeg 768w, https:\/\/galleria-kroeger.ch\/wp-content\/uploads\/2025\/03\/25002-800x514.jpeg 800w, https:\/\/galleria-kroeger.ch\/wp-content\/uploads\/2025\/03\/25002-1024x658.jpeg 1024w, https:\/\/galleria-kroeger.ch\/wp-content\/uploads\/2025\/03\/25002-1200x772.jpeg 1200w, https:\/\/galleria-kroeger.ch\/wp-content\/uploads\/2025\/03\/25002.jpeg 1280w\" sizes=\"(max-width: 1024px) 100vw, 1024px\" \/>\n\t\t<div class=\"figc no-title\">\n\t\t\t<div class=\"figc-inner\">\n\t\t\t\t\t\t\t\t\t\t\t\t\t\t\t<\/div>\n\t\t<\/div>\n\n\t<\/div>\n\n<\/div><div class=\"modula-item effect-quiet jtg-filter-all jtg-filter-\" >\n\t<div class=\"modula-item-overlay\"><\/div>\n\n\t<div class=\"modula-item-content\">\n\n\t\t<a data-image-id=\"4284\" role=\"button\" tabindex=\"0\" href=\"https:\/\/galleria-kroeger.ch\/wp-content\/uploads\/2025\/03\/WinDance-1_160-x-120-cm.jpeg\" rel=\"jtg-2745\" data-caption=\"&lt;p&gt;&lt;strong&gt;WinDance 1&lt;\/strong&gt;&lt;br&gt;\nMischtechnik auf Leinwand, 2024&lt;br&gt;\n160 x 120 cm&lt;\/p&gt;\" aria-label=\"Open image in lightbox\" data-thumb=\"https:\/\/galleria-kroeger.ch\/wp-content\/uploads\/2025\/03\/WinDance-1_160-x-120-cm-150x150.jpeg\" class=\"tile-inner modula-item-link\"><\/a><img decoding=\"async\" class=\"pic wp-image-4284\"  data-valign=\"middle\" data-halign=\"center\" alt=\"Carole Kohler, singulart, internationale K\u00fcnstlerin, Bilder in Mischtechnik, Prix de La Sarrazine, PARLEO, \u00fcnstlerresidenz im Kirsten-Kjaer-Museum in D\u00e4nemark, Galleria Kr\u00f6ger, Ascona, Lago Maggiore\" data-full=\"https:\/\/galleria-kroeger.ch\/wp-content\/uploads\/2025\/03\/WinDance-1_160-x-120-cm.jpeg\" title=\"\" crop=\"\" width=\"769\" height=\"1024\" src=\"https:\/\/galleria-kroeger.ch\/wp-content\/uploads\/2025\/03\/WinDance-1_160-x-120-cm-769x1024.jpeg\" data-src=\"https:\/\/galleria-kroeger.ch\/wp-content\/uploads\/2025\/03\/WinDance-1_160-x-120-cm-769x1024.jpeg\" data-caption=\"&lt;strong&gt;WinDance 1&lt;\/strong&gt;&lt;br&gt;\nMischtechnik auf Leinwand, 2024&lt;br&gt;\n160 x 120 cm\" srcset=\"https:\/\/galleria-kroeger.ch\/wp-content\/uploads\/2025\/03\/WinDance-1_160-x-120-cm-18x24.jpeg 18w, https:\/\/galleria-kroeger.ch\/wp-content\/uploads\/2025\/03\/WinDance-1_160-x-120-cm-27x36.jpeg 27w, https:\/\/galleria-kroeger.ch\/wp-content\/uploads\/2025\/03\/WinDance-1_160-x-120-cm-36x48.jpeg 36w, https:\/\/galleria-kroeger.ch\/wp-content\/uploads\/2025\/03\/WinDance-1_160-x-120-cm-200x266.jpeg 200w, https:\/\/galleria-kroeger.ch\/wp-content\/uploads\/2025\/03\/WinDance-1_160-x-120-cm-225x300.jpeg 225w, https:\/\/galleria-kroeger.ch\/wp-content\/uploads\/2025\/03\/WinDance-1_160-x-120-cm-400x533.jpeg 400w, https:\/\/galleria-kroeger.ch\/wp-content\/uploads\/2025\/03\/WinDance-1_160-x-120-cm-600x799.jpeg 600w, https:\/\/galleria-kroeger.ch\/wp-content\/uploads\/2025\/03\/WinDance-1_160-x-120-cm-768x1023.jpeg 768w, https:\/\/galleria-kroeger.ch\/wp-content\/uploads\/2025\/03\/WinDance-1_160-x-120-cm-769x1024.jpeg 769w, https:\/\/galleria-kroeger.ch\/wp-content\/uploads\/2025\/03\/WinDance-1_160-x-120-cm-800x1066.jpeg 800w, https:\/\/galleria-kroeger.ch\/wp-content\/uploads\/2025\/03\/WinDance-1_160-x-120-cm-1153x1536.jpeg 1153w, https:\/\/galleria-kroeger.ch\/wp-content\/uploads\/2025\/03\/WinDance-1_160-x-120-cm.jpeg 1201w\" sizes=\"(max-width: 769px) 100vw, 769px\" \/>\n\t\t<div class=\"figc no-title\">\n\t\t\t<div class=\"figc-inner\">\n\t\t\t\t\t\t\t\t\t\t\t\t\t\t\t<\/div>\n\t\t<\/div>\n\n\t<\/div>\n\n<\/div><div class=\"modula-item effect-quiet jtg-filter-all jtg-filter-\" >\n\t<div class=\"modula-item-overlay\"><\/div>\n\n\t<div class=\"modula-item-content\">\n\n\t\t<a data-image-id=\"3879\" role=\"button\" tabindex=\"0\" href=\"https:\/\/galleria-kroeger.ch\/wp-content\/uploads\/2024\/09\/Kinesis-1.jpeg\" rel=\"jtg-2745\" data-caption=\"&lt;p&gt;&lt;strong&gt;Kinesis&lt;\/strong&gt;&lt;br&gt;\nMischtechnik auf Leinwand, 2024&lt;br&gt;\n170 x 60 cm&lt;\/p&gt;\" aria-label=\"Open image in lightbox\" data-thumb=\"https:\/\/galleria-kroeger.ch\/wp-content\/uploads\/2024\/09\/Kinesis-1-150x150.jpeg\" class=\"tile-inner modula-item-link\"><\/a><img decoding=\"async\" class=\"pic wp-image-3879\"  data-valign=\"middle\" data-halign=\"center\" alt=\"Carole Kohler, singulart, internationale K\u00fcnstlerin, Bilder in Mischtechnik, Prix de La Sarrazine, PARLEO, \u00fcnstlerresidenz im Kirsten-Kjaer-Museum in D\u00e4nemark, Galleria Kr\u00f6ger, Ascona, Lago Maggiore\" data-full=\"https:\/\/galleria-kroeger.ch\/wp-content\/uploads\/2024\/09\/Kinesis-1.jpeg\" title=\"\" crop=\"\" width=\"353\" height=\"1024\" src=\"https:\/\/galleria-kroeger.ch\/wp-content\/uploads\/2024\/09\/Kinesis-1-353x1024.jpeg\" data-src=\"https:\/\/galleria-kroeger.ch\/wp-content\/uploads\/2024\/09\/Kinesis-1-353x1024.jpeg\" data-caption=\"&lt;strong&gt;Kinesis&lt;\/strong&gt;&lt;br&gt;\nMischtechnik auf Leinwand, 2024&lt;br&gt;\n170 x 60 cm\" srcset=\"https:\/\/galleria-kroeger.ch\/wp-content\/uploads\/2024\/09\/Kinesis-1-8x24.jpeg 8w, https:\/\/galleria-kroeger.ch\/wp-content\/uploads\/2024\/09\/Kinesis-1-12x36.jpeg 12w, https:\/\/galleria-kroeger.ch\/wp-content\/uploads\/2024\/09\/Kinesis-1-17x48.jpeg 17w, https:\/\/galleria-kroeger.ch\/wp-content\/uploads\/2024\/09\/Kinesis-1-103x300.jpeg 103w, https:\/\/galleria-kroeger.ch\/wp-content\/uploads\/2024\/09\/Kinesis-1-200x580.jpeg 200w, https:\/\/galleria-kroeger.ch\/wp-content\/uploads\/2024\/09\/Kinesis-1-353x1024.jpeg 353w, https:\/\/galleria-kroeger.ch\/wp-content\/uploads\/2024\/09\/Kinesis-1-400x1161.jpeg 400w, https:\/\/galleria-kroeger.ch\/wp-content\/uploads\/2024\/09\/Kinesis-1.jpeg 517w\" sizes=\"(max-width: 353px) 100vw, 353px\" \/>\n\t\t<div class=\"figc no-title\">\n\t\t\t<div class=\"figc-inner\">\n\t\t\t\t\t\t\t\t\t\t\t\t\t\t\t<\/div>\n\t\t<\/div>\n\n\t<\/div>\n\n<\/div><div class=\"modula-item effect-quiet jtg-filter-all jtg-filter-\" >\n\t<div class=\"modula-item-overlay\"><\/div>\n\n\t<div class=\"modula-item-content\">\n\n\t\t<a data-image-id=\"4278\" role=\"button\" tabindex=\"0\" href=\"https:\/\/galleria-kroeger.ch\/wp-content\/uploads\/2025\/03\/Tension_140-x-140-cm.jpeg\" rel=\"jtg-2745\" data-caption=\"&lt;p&gt;&lt;strong&gt;Tension&lt;\/strong&gt;&lt;br&gt;\nMischtechnik auf Leinwand, 2024&lt;br&gt;\n140 x 140 cm&lt;\/p&gt;\" aria-label=\"Open image in lightbox\" data-thumb=\"https:\/\/galleria-kroeger.ch\/wp-content\/uploads\/2025\/03\/Tension_140-x-140-cm-150x150.jpeg\" class=\"tile-inner modula-item-link\"><\/a><img decoding=\"async\" class=\"pic wp-image-4278\"  data-valign=\"middle\" data-halign=\"center\" alt=\"\" data-full=\"https:\/\/galleria-kroeger.ch\/wp-content\/uploads\/2025\/03\/Tension_140-x-140-cm.jpeg\" title=\"\" crop=\"\" width=\"1024\" height=\"1024\" src=\"https:\/\/galleria-kroeger.ch\/wp-content\/uploads\/2025\/03\/Tension_140-x-140-cm-1024x1024.jpeg\" data-src=\"https:\/\/galleria-kroeger.ch\/wp-content\/uploads\/2025\/03\/Tension_140-x-140-cm-1024x1024.jpeg\" data-caption=\"&lt;strong&gt;Tension&lt;\/strong&gt;&lt;br&gt;\nMischtechnik auf Leinwand, 2024&lt;br&gt;\n140 x 140 cm\" srcset=\"https:\/\/galleria-kroeger.ch\/wp-content\/uploads\/2025\/03\/Tension_140-x-140-cm-24x24.jpeg 24w, https:\/\/galleria-kroeger.ch\/wp-content\/uploads\/2025\/03\/Tension_140-x-140-cm-36x36.jpeg 36w, https:\/\/galleria-kroeger.ch\/wp-content\/uploads\/2025\/03\/Tension_140-x-140-cm-48x48.jpeg 48w, https:\/\/galleria-kroeger.ch\/wp-content\/uploads\/2025\/03\/Tension_140-x-140-cm-66x66.jpeg 66w, https:\/\/galleria-kroeger.ch\/wp-content\/uploads\/2025\/03\/Tension_140-x-140-cm-150x150.jpeg 150w, https:\/\/galleria-kroeger.ch\/wp-content\/uploads\/2025\/03\/Tension_140-x-140-cm-200x200.jpeg 200w, https:\/\/galleria-kroeger.ch\/wp-content\/uploads\/2025\/03\/Tension_140-x-140-cm-300x300.jpeg 300w, https:\/\/galleria-kroeger.ch\/wp-content\/uploads\/2025\/03\/Tension_140-x-140-cm-400x400.jpeg 400w, https:\/\/galleria-kroeger.ch\/wp-content\/uploads\/2025\/03\/Tension_140-x-140-cm-600x600.jpeg 600w, https:\/\/galleria-kroeger.ch\/wp-content\/uploads\/2025\/03\/Tension_140-x-140-cm-768x768.jpeg 768w, https:\/\/galleria-kroeger.ch\/wp-content\/uploads\/2025\/03\/Tension_140-x-140-cm-800x800.jpeg 800w, https:\/\/galleria-kroeger.ch\/wp-content\/uploads\/2025\/03\/Tension_140-x-140-cm-1024x1024.jpeg 1024w, https:\/\/galleria-kroeger.ch\/wp-content\/uploads\/2025\/03\/Tension_140-x-140-cm-1200x1200.jpeg 1200w, https:\/\/galleria-kroeger.ch\/wp-content\/uploads\/2025\/03\/Tension_140-x-140-cm-1536x1536.jpeg 1536w, https:\/\/galleria-kroeger.ch\/wp-content\/uploads\/2025\/03\/Tension_140-x-140-cm.jpeg 2048w\" sizes=\"(max-width: 1024px) 100vw, 1024px\" \/>\n\t\t<div class=\"figc no-title\">\n\t\t\t<div class=\"figc-inner\">\n\t\t\t\t\t\t\t\t\t\t\t\t\t\t\t<\/div>\n\t\t<\/div>\n\n\t<\/div>\n\n<\/div><div class=\"modula-item effect-quiet jtg-filter-all jtg-filter-\" >\n\t<div class=\"modula-item-overlay\"><\/div>\n\n\t<div class=\"modula-item-content\">\n\n\t\t<a data-image-id=\"3882\" role=\"button\" tabindex=\"0\" href=\"https:\/\/galleria-kroeger.ch\/wp-content\/uploads\/2024\/09\/Nocturne.jpeg\" rel=\"jtg-2745\" data-caption=\"&lt;p&gt;&lt;strong&gt;Nocturne&lt;\/strong&gt;&lt;br&gt;\nMischtechnik auf Leinwand, 2024&lt;br&gt;\n110 x 100 cm&lt;\/p&gt;\" aria-label=\"Open image in lightbox\" data-thumb=\"https:\/\/galleria-kroeger.ch\/wp-content\/uploads\/2024\/09\/Nocturne-150x150.jpeg\" class=\"tile-inner modula-item-link\"><\/a><img decoding=\"async\" class=\"pic wp-image-3882\"  data-valign=\"middle\" data-halign=\"center\" alt=\"Carole Kohler, singulart, internationale K\u00fcnstlerin, Bilder in Mischtechnik, Prix de La Sarrazine, PARLEO, \u00fcnstlerresidenz im Kirsten-Kjaer-Museum in D\u00e4nemark, Galleria Kr\u00f6ger, Ascona, Lago Maggiore\" data-full=\"https:\/\/galleria-kroeger.ch\/wp-content\/uploads\/2024\/09\/Nocturne.jpeg\" title=\"\" crop=\"\" width=\"961\" height=\"1024\" src=\"https:\/\/galleria-kroeger.ch\/wp-content\/uploads\/2024\/09\/Nocturne-961x1024.jpeg\" data-src=\"https:\/\/galleria-kroeger.ch\/wp-content\/uploads\/2024\/09\/Nocturne-961x1024.jpeg\" data-caption=\"&lt;strong&gt;Nocturne&lt;\/strong&gt;&lt;br&gt;\nMischtechnik auf Leinwand, 2024&lt;br&gt;\n110 x 100 cm\" srcset=\"https:\/\/galleria-kroeger.ch\/wp-content\/uploads\/2024\/09\/Nocturne-34x36.jpeg 34w, https:\/\/galleria-kroeger.ch\/wp-content\/uploads\/2024\/09\/Nocturne-45x48.jpeg 45w, https:\/\/galleria-kroeger.ch\/wp-content\/uploads\/2024\/09\/Nocturne-200x213.jpeg 200w, https:\/\/galleria-kroeger.ch\/wp-content\/uploads\/2024\/09\/Nocturne-282x300.jpeg 282w, https:\/\/galleria-kroeger.ch\/wp-content\/uploads\/2024\/09\/Nocturne-400x426.jpeg 400w, https:\/\/galleria-kroeger.ch\/wp-content\/uploads\/2024\/09\/Nocturne-600x639.jpeg 600w, https:\/\/galleria-kroeger.ch\/wp-content\/uploads\/2024\/09\/Nocturne-768x818.jpeg 768w, https:\/\/galleria-kroeger.ch\/wp-content\/uploads\/2024\/09\/Nocturne-800x852.jpeg 800w, https:\/\/galleria-kroeger.ch\/wp-content\/uploads\/2024\/09\/Nocturne-961x1024.jpeg 961w, https:\/\/galleria-kroeger.ch\/wp-content\/uploads\/2024\/09\/Nocturne-1200x1278.jpeg 1200w, https:\/\/galleria-kroeger.ch\/wp-content\/uploads\/2024\/09\/Nocturne.jpeg 1408w\" sizes=\"(max-width: 961px) 100vw, 961px\" \/>\n\t\t<div class=\"figc no-title\">\n\t\t\t<div class=\"figc-inner\">\n\t\t\t\t\t\t\t\t\t\t\t\t\t\t\t<\/div>\n\t\t<\/div>\n\n\t<\/div>\n\n<\/div><div class=\"modula-item effect-quiet jtg-filter-all jtg-filter-\" >\n\t<div class=\"modula-item-overlay\"><\/div>\n\n\t<div class=\"modula-item-content\">\n\n\t\t<a data-image-id=\"4275\" role=\"button\" tabindex=\"0\" href=\"https:\/\/galleria-kroeger.ch\/wp-content\/uploads\/2025\/03\/Stage-Diving_100x100-cm.jpeg\" rel=\"jtg-2745\" data-caption=\"&lt;p&gt;&lt;strong&gt;Stage Diving&lt;\/strong&gt;&lt;br&gt;\nMischtechnik auf Leinwand, 2024&lt;br&gt;\n100 x 100 cm&lt;\/p&gt;\" aria-label=\"Open image in lightbox\" data-thumb=\"https:\/\/galleria-kroeger.ch\/wp-content\/uploads\/2025\/03\/Stage-Diving_100x100-cm-150x150.jpeg\" class=\"tile-inner modula-item-link\"><\/a><img decoding=\"async\" class=\"pic wp-image-4275\"  data-valign=\"middle\" data-halign=\"center\" alt=\"Carole Kohler, singulart, internationale K\u00fcnstlerin, Bilder in Mischtechnik, Prix de La Sarrazine, PARLEO, \u00fcnstlerresidenz im Kirsten-Kjaer-Museum in D\u00e4nemark, Galleria Kr\u00f6ger, Ascona, Lago Maggiore\" data-full=\"https:\/\/galleria-kroeger.ch\/wp-content\/uploads\/2025\/03\/Stage-Diving_100x100-cm.jpeg\" title=\"\" crop=\"\" width=\"960\" height=\"960\" src=\"https:\/\/galleria-kroeger.ch\/wp-content\/uploads\/2025\/03\/Stage-Diving_100x100-cm.jpeg\" data-src=\"https:\/\/galleria-kroeger.ch\/wp-content\/uploads\/2025\/03\/Stage-Diving_100x100-cm.jpeg\" data-caption=\"&lt;strong&gt;Stage Diving&lt;\/strong&gt;&lt;br&gt;\nMischtechnik auf Leinwand, 2024&lt;br&gt;\n100 x 100 cm\" srcset=\"https:\/\/galleria-kroeger.ch\/wp-content\/uploads\/2025\/03\/Stage-Diving_100x100-cm-24x24.jpeg 24w, https:\/\/galleria-kroeger.ch\/wp-content\/uploads\/2025\/03\/Stage-Diving_100x100-cm-36x36.jpeg 36w, https:\/\/galleria-kroeger.ch\/wp-content\/uploads\/2025\/03\/Stage-Diving_100x100-cm-48x48.jpeg 48w, https:\/\/galleria-kroeger.ch\/wp-content\/uploads\/2025\/03\/Stage-Diving_100x100-cm-66x66.jpeg 66w, https:\/\/galleria-kroeger.ch\/wp-content\/uploads\/2025\/03\/Stage-Diving_100x100-cm-150x150.jpeg 150w, https:\/\/galleria-kroeger.ch\/wp-content\/uploads\/2025\/03\/Stage-Diving_100x100-cm-200x200.jpeg 200w, https:\/\/galleria-kroeger.ch\/wp-content\/uploads\/2025\/03\/Stage-Diving_100x100-cm-300x300.jpeg 300w, https:\/\/galleria-kroeger.ch\/wp-content\/uploads\/2025\/03\/Stage-Diving_100x100-cm-400x400.jpeg 400w, https:\/\/galleria-kroeger.ch\/wp-content\/uploads\/2025\/03\/Stage-Diving_100x100-cm-600x600.jpeg 600w, https:\/\/galleria-kroeger.ch\/wp-content\/uploads\/2025\/03\/Stage-Diving_100x100-cm-768x768.jpeg 768w, https:\/\/galleria-kroeger.ch\/wp-content\/uploads\/2025\/03\/Stage-Diving_100x100-cm-800x800.jpeg 800w, https:\/\/galleria-kroeger.ch\/wp-content\/uploads\/2025\/03\/Stage-Diving_100x100-cm.jpeg 960w\" sizes=\"(max-width: 960px) 100vw, 960px\" \/>\n\t\t<div class=\"figc no-title\">\n\t\t\t<div class=\"figc-inner\">\n\t\t\t\t\t\t\t\t\t\t\t\t\t\t\t<\/div>\n\t\t<\/div>\n\n\t<\/div>\n\n<\/div><div class=\"modula-item effect-quiet jtg-filter-all jtg-filter-\" >\n\t<div class=\"modula-item-overlay\"><\/div>\n\n\t<div class=\"modula-item-content\">\n\n\t\t<a data-image-id=\"4245\" role=\"button\" tabindex=\"0\" href=\"https:\/\/galleria-kroeger.ch\/wp-content\/uploads\/2025\/03\/Curtain.jpeg\" rel=\"jtg-2745\" data-caption=\"&lt;p&gt;&lt;strong&gt;Curtain&lt;\/strong&gt;&lt;br&gt;\nMischtechnik auf Leinwand, 2024&lt;br&gt;\n100 x 100 cm&lt;\/p&gt;\" aria-label=\"Open image in lightbox\" data-thumb=\"https:\/\/galleria-kroeger.ch\/wp-content\/uploads\/2025\/03\/Curtain-150x150.jpeg\" class=\"tile-inner modula-item-link\"><\/a><img decoding=\"async\" class=\"pic wp-image-4245\"  data-valign=\"middle\" data-halign=\"center\" alt=\"Carole Kohler, singulart, internationale K\u00fcnstlerin, Bilder in Mischtechnik, Prix de La Sarrazine, PARLEO, \u00fcnstlerresidenz im Kirsten-Kjaer-Museum in D\u00e4nemark, Galleria Kr\u00f6ger, Ascona, Lago Maggiore\" data-full=\"https:\/\/galleria-kroeger.ch\/wp-content\/uploads\/2025\/03\/Curtain.jpeg\" title=\"\" crop=\"\" width=\"960\" height=\"960\" src=\"https:\/\/galleria-kroeger.ch\/wp-content\/uploads\/2025\/03\/Curtain.jpeg\" data-src=\"https:\/\/galleria-kroeger.ch\/wp-content\/uploads\/2025\/03\/Curtain.jpeg\" data-caption=\"&lt;strong&gt;Curtain&lt;\/strong&gt;&lt;br&gt;\nMischtechnik auf Leinwand, 2024&lt;br&gt;\n100 x 100 cm\" srcset=\"https:\/\/galleria-kroeger.ch\/wp-content\/uploads\/2025\/03\/Curtain-24x24.jpeg 24w, https:\/\/galleria-kroeger.ch\/wp-content\/uploads\/2025\/03\/Curtain-36x36.jpeg 36w, https:\/\/galleria-kroeger.ch\/wp-content\/uploads\/2025\/03\/Curtain-48x48.jpeg 48w, https:\/\/galleria-kroeger.ch\/wp-content\/uploads\/2025\/03\/Curtain-66x66.jpeg 66w, https:\/\/galleria-kroeger.ch\/wp-content\/uploads\/2025\/03\/Curtain-150x150.jpeg 150w, https:\/\/galleria-kroeger.ch\/wp-content\/uploads\/2025\/03\/Curtain-200x200.jpeg 200w, https:\/\/galleria-kroeger.ch\/wp-content\/uploads\/2025\/03\/Curtain-300x300.jpeg 300w, https:\/\/galleria-kroeger.ch\/wp-content\/uploads\/2025\/03\/Curtain-400x400.jpeg 400w, https:\/\/galleria-kroeger.ch\/wp-content\/uploads\/2025\/03\/Curtain-600x600.jpeg 600w, https:\/\/galleria-kroeger.ch\/wp-content\/uploads\/2025\/03\/Curtain-768x768.jpeg 768w, https:\/\/galleria-kroeger.ch\/wp-content\/uploads\/2025\/03\/Curtain-800x800.jpeg 800w, https:\/\/galleria-kroeger.ch\/wp-content\/uploads\/2025\/03\/Curtain.jpeg 960w\" sizes=\"(max-width: 960px) 100vw, 960px\" \/>\n\t\t<div class=\"figc no-title\">\n\t\t\t<div class=\"figc-inner\">\n\t\t\t\t\t\t\t\t\t\t\t\t\t\t\t<\/div>\n\t\t<\/div>\n\n\t<\/div>\n\n<\/div><div class=\"modula-item effect-quiet jtg-filter-all jtg-filter-\" >\n\t<div class=\"modula-item-overlay\"><\/div>\n\n\t<div class=\"modula-item-content\">\n\n\t\t<a data-image-id=\"4648\" role=\"button\" tabindex=\"0\" href=\"https:\/\/galleria-kroeger.ch\/wp-content\/uploads\/2026\/02\/Skriptun_170x60-cm.jpeg\" rel=\"jtg-2745\" data-caption=\"&lt;p&gt;&lt;strong&gt;Skriptum&lt;\/strong&gt;&lt;br \/&gt;Mischtechnik auf Leinwand, 2025&lt;br \/&gt;170 x 60 cm&lt;\/p&gt;\" aria-label=\"Open image in lightbox\" data-thumb=\"https:\/\/galleria-kroeger.ch\/wp-content\/uploads\/2026\/02\/Skriptun_170x60-cm-150x150.jpeg\" class=\"tile-inner modula-item-link\"><\/a><img decoding=\"async\" class=\"pic wp-image-4648\"  data-valign=\"middle\" data-halign=\"center\" alt=\"\" data-full=\"https:\/\/galleria-kroeger.ch\/wp-content\/uploads\/2026\/02\/Skriptun_170x60-cm.jpeg\" title=\"Skriptum_170x60 cm\" crop=\"\" width=\"362\" height=\"1024\" src=\"https:\/\/galleria-kroeger.ch\/wp-content\/uploads\/2026\/02\/Skriptun_170x60-cm-362x1024.jpeg\" data-src=\"https:\/\/galleria-kroeger.ch\/wp-content\/uploads\/2026\/02\/Skriptun_170x60-cm-362x1024.jpeg\" data-caption=\"&lt;strong&gt;Skriptum&lt;\/strong&gt;&lt;br \/&gt;Mischtechnik auf Leinwand, 2025&lt;br \/&gt;170 x 60 cm\" srcset=\"https:\/\/galleria-kroeger.ch\/wp-content\/uploads\/2026\/02\/Skriptun_170x60-cm-8x24.jpeg 8w, https:\/\/galleria-kroeger.ch\/wp-content\/uploads\/2026\/02\/Skriptun_170x60-cm-13x36.jpeg 13w, https:\/\/galleria-kroeger.ch\/wp-content\/uploads\/2026\/02\/Skriptun_170x60-cm-17x48.jpeg 17w, https:\/\/galleria-kroeger.ch\/wp-content\/uploads\/2026\/02\/Skriptun_170x60-cm-106x300.jpeg 106w, https:\/\/galleria-kroeger.ch\/wp-content\/uploads\/2026\/02\/Skriptun_170x60-cm-200x566.jpeg 200w, https:\/\/galleria-kroeger.ch\/wp-content\/uploads\/2026\/02\/Skriptun_170x60-cm-362x1024.jpeg 362w, https:\/\/galleria-kroeger.ch\/wp-content\/uploads\/2026\/02\/Skriptun_170x60-cm-400x1133.jpeg 400w, https:\/\/galleria-kroeger.ch\/wp-content\/uploads\/2026\/02\/Skriptun_170x60-cm.jpeg 452w\" sizes=\"(max-width: 362px) 100vw, 362px\" \/>\n\t\t<div class=\"figc\">\n\t\t\t<div class=\"figc-inner\">\n\t\t\t\t\t\t\t\t\t\t\t\t\t\t\t<\/div>\n\t\t<\/div>\n\n\t<\/div>\n\n<\/div><div class=\"modula-item effect-quiet jtg-filter-all jtg-filter-\" >\n\t<div class=\"modula-item-overlay\"><\/div>\n\n\t<div class=\"modula-item-content\">\n\n\t\t<a data-image-id=\"4269\" role=\"button\" tabindex=\"0\" href=\"https:\/\/galleria-kroeger.ch\/wp-content\/uploads\/2025\/03\/Spotlight_100-x-100-cm-1.jpeg\" rel=\"jtg-2745\" data-caption=\"&lt;p&gt;&lt;strong&gt;Spotlight&lt;\/strong&gt;&lt;br&gt;\nMischtechnik auf Leinwand, 2024&lt;br&gt;\n100 x 100 cm&lt;\/p&gt;\" aria-label=\"Open image in lightbox\" data-thumb=\"https:\/\/galleria-kroeger.ch\/wp-content\/uploads\/2025\/03\/Spotlight_100-x-100-cm-1-150x150.jpeg\" class=\"tile-inner modula-item-link\"><\/a><img decoding=\"async\" class=\"pic wp-image-4269\"  data-valign=\"middle\" data-halign=\"center\" alt=\"Carole Kohler, singulart, internationale K\u00fcnstlerin, Bilder in Mischtechnik, Prix de La Sarrazine, PARLEO, \u00fcnstlerresidenz im Kirsten-Kjaer-Museum in D\u00e4nemark, Galleria Kr\u00f6ger, Ascona, Lago Maggiore\" data-full=\"https:\/\/galleria-kroeger.ch\/wp-content\/uploads\/2025\/03\/Spotlight_100-x-100-cm-1.jpeg\" title=\"\" crop=\"\" width=\"973\" height=\"961\" src=\"https:\/\/galleria-kroeger.ch\/wp-content\/uploads\/2025\/03\/Spotlight_100-x-100-cm-1.jpeg\" data-src=\"https:\/\/galleria-kroeger.ch\/wp-content\/uploads\/2025\/03\/Spotlight_100-x-100-cm-1.jpeg\" data-caption=\"&lt;strong&gt;Spotlight&lt;\/strong&gt;&lt;br&gt;\nMischtechnik auf Leinwand, 2024&lt;br&gt;\n100 x 100 cm\" srcset=\"https:\/\/galleria-kroeger.ch\/wp-content\/uploads\/2025\/03\/Spotlight_100-x-100-cm-1-24x24.jpeg 24w, https:\/\/galleria-kroeger.ch\/wp-content\/uploads\/2025\/03\/Spotlight_100-x-100-cm-1-36x36.jpeg 36w, https:\/\/galleria-kroeger.ch\/wp-content\/uploads\/2025\/03\/Spotlight_100-x-100-cm-1-48x48.jpeg 48w, https:\/\/galleria-kroeger.ch\/wp-content\/uploads\/2025\/03\/Spotlight_100-x-100-cm-1-66x66.jpeg 66w, https:\/\/galleria-kroeger.ch\/wp-content\/uploads\/2025\/03\/Spotlight_100-x-100-cm-1-200x198.jpeg 200w, https:\/\/galleria-kroeger.ch\/wp-content\/uploads\/2025\/03\/Spotlight_100-x-100-cm-1-300x296.jpeg 300w, https:\/\/galleria-kroeger.ch\/wp-content\/uploads\/2025\/03\/Spotlight_100-x-100-cm-1-400x395.jpeg 400w, https:\/\/galleria-kroeger.ch\/wp-content\/uploads\/2025\/03\/Spotlight_100-x-100-cm-1-600x593.jpeg 600w, https:\/\/galleria-kroeger.ch\/wp-content\/uploads\/2025\/03\/Spotlight_100-x-100-cm-1-768x759.jpeg 768w, https:\/\/galleria-kroeger.ch\/wp-content\/uploads\/2025\/03\/Spotlight_100-x-100-cm-1-800x790.jpeg 800w, https:\/\/galleria-kroeger.ch\/wp-content\/uploads\/2025\/03\/Spotlight_100-x-100-cm-1.jpeg 973w\" sizes=\"(max-width: 973px) 100vw, 973px\" \/>\n\t\t<div class=\"figc no-title\">\n\t\t\t<div class=\"figc-inner\">\n\t\t\t\t\t\t\t\t\t\t\t\t\t\t\t<\/div>\n\t\t<\/div>\n\n\t<\/div>\n\n<\/div><div class=\"modula-item effect-quiet jtg-filter-all jtg-filter-\" >\n\t<div class=\"modula-item-overlay\"><\/div>\n\n\t<div class=\"modula-item-content\">\n\n\t\t<a data-image-id=\"4272\" role=\"button\" tabindex=\"0\" href=\"https:\/\/galleria-kroeger.ch\/wp-content\/uploads\/2025\/03\/Spotlight_100-x-100-cm.jpeg\" rel=\"jtg-2745\" data-caption=\"&lt;p&gt;&lt;strong&gt;Spotlight&lt;\/strong&gt;&lt;br&gt;\nMischtechnik auf Leinwand, 2024&lt;br&gt;\n100 x 100 cm&lt;\/p&gt;\" aria-label=\"Open image in lightbox\" data-thumb=\"https:\/\/galleria-kroeger.ch\/wp-content\/uploads\/2025\/03\/Spotlight_100-x-100-cm-150x150.jpeg\" class=\"tile-inner modula-item-link\"><\/a><img decoding=\"async\" class=\"pic wp-image-4272\"  data-valign=\"middle\" data-halign=\"center\" alt=\"Carole Kohler, singulart, internationale K\u00fcnstlerin, Bilder in Mischtechnik, Prix de La Sarrazine, PARLEO, \u00fcnstlerresidenz im Kirsten-Kjaer-Museum in D\u00e4nemark, Galleria Kr\u00f6ger, Ascona, Lago Maggiore\" data-full=\"https:\/\/galleria-kroeger.ch\/wp-content\/uploads\/2025\/03\/Spotlight_100-x-100-cm.jpeg\" title=\"\" crop=\"\" width=\"615\" height=\"1024\" src=\"https:\/\/galleria-kroeger.ch\/wp-content\/uploads\/2025\/03\/Spotlight_100-x-100-cm-615x1024.jpeg\" data-src=\"https:\/\/galleria-kroeger.ch\/wp-content\/uploads\/2025\/03\/Spotlight_100-x-100-cm-615x1024.jpeg\" data-caption=\"&lt;strong&gt;Spotlight&lt;\/strong&gt;&lt;br&gt;\nMischtechnik auf Leinwand, 2024&lt;br&gt;\n100 x 100 cm\" srcset=\"https:\/\/galleria-kroeger.ch\/wp-content\/uploads\/2025\/03\/Spotlight_100-x-100-cm-14x24.jpeg 14w, https:\/\/galleria-kroeger.ch\/wp-content\/uploads\/2025\/03\/Spotlight_100-x-100-cm-22x36.jpeg 22w, https:\/\/galleria-kroeger.ch\/wp-content\/uploads\/2025\/03\/Spotlight_100-x-100-cm-29x48.jpeg 29w, https:\/\/galleria-kroeger.ch\/wp-content\/uploads\/2025\/03\/Spotlight_100-x-100-cm-180x300.jpeg 180w, https:\/\/galleria-kroeger.ch\/wp-content\/uploads\/2025\/03\/Spotlight_100-x-100-cm-200x333.jpeg 200w, https:\/\/galleria-kroeger.ch\/wp-content\/uploads\/2025\/03\/Spotlight_100-x-100-cm-400x666.jpeg 400w, https:\/\/galleria-kroeger.ch\/wp-content\/uploads\/2025\/03\/Spotlight_100-x-100-cm-600x1000.jpeg 600w, https:\/\/galleria-kroeger.ch\/wp-content\/uploads\/2025\/03\/Spotlight_100-x-100-cm-615x1024.jpeg 615w, https:\/\/galleria-kroeger.ch\/wp-content\/uploads\/2025\/03\/Spotlight_100-x-100-cm-768x1280.jpeg 768w, https:\/\/galleria-kroeger.ch\/wp-content\/uploads\/2025\/03\/Spotlight_100-x-100-cm-800x1333.jpeg 800w, https:\/\/galleria-kroeger.ch\/wp-content\/uploads\/2025\/03\/Spotlight_100-x-100-cm-922x1536.jpeg 922w, https:\/\/galleria-kroeger.ch\/wp-content\/uploads\/2025\/03\/Spotlight_100-x-100-cm.jpeg 1141w\" sizes=\"(max-width: 615px) 100vw, 615px\" \/>\n\t\t<div class=\"figc no-title\">\n\t\t\t<div class=\"figc-inner\">\n\t\t\t\t\t\t\t\t\t\t\t\t\t\t\t<\/div>\n\t\t<\/div>\n\n\t<\/div>\n\n<\/div><div class=\"modula-item effect-quiet jtg-filter-all jtg-filter-\" >\n\t<div class=\"modula-item-overlay\"><\/div>\n\n\t<div class=\"modula-item-content\">\n\n\t\t<a data-image-id=\"3867\" role=\"button\" tabindex=\"0\" href=\"https:\/\/galleria-kroeger.ch\/wp-content\/uploads\/2024\/09\/Auditorium-3.jpeg\" rel=\"jtg-2745\" data-caption=\"&lt;p&gt;&lt;strong&gt;Auditorium 3&lt;\/strong&gt;&lt;br&gt;\nMischtechnik auf Leinwand, 2024&lt;br&gt;\n120 x 100 cm&lt;\/p&gt;\" aria-label=\"Open image in lightbox\" data-thumb=\"https:\/\/galleria-kroeger.ch\/wp-content\/uploads\/2024\/09\/Auditorium-3-150x150.jpeg\" class=\"tile-inner modula-item-link\"><\/a><img decoding=\"async\" class=\"pic wp-image-3867\"  data-valign=\"middle\" data-halign=\"center\" alt=\"Carole Kohler, singulart, internationale K\u00fcnstlerin, Bilder in Mischtechnik, Prix de La Sarrazine, PARLEO, \u00fcnstlerresidenz im Kirsten-Kjaer-Museum in D\u00e4nemark, Galleria Kr\u00f6ger, Ascona, Lago Maggiore\" data-full=\"https:\/\/galleria-kroeger.ch\/wp-content\/uploads\/2024\/09\/Auditorium-3.jpeg\" title=\"\" crop=\"\" width=\"850\" height=\"1024\" src=\"https:\/\/galleria-kroeger.ch\/wp-content\/uploads\/2024\/09\/Auditorium-3-850x1024.jpeg\" data-src=\"https:\/\/galleria-kroeger.ch\/wp-content\/uploads\/2024\/09\/Auditorium-3-850x1024.jpeg\" data-caption=\"&lt;strong&gt;Auditorium 3&lt;\/strong&gt;&lt;br&gt;\nMischtechnik auf Leinwand, 2024&lt;br&gt;\n120 x 100 cm\" srcset=\"https:\/\/galleria-kroeger.ch\/wp-content\/uploads\/2024\/09\/Auditorium-3-20x24.jpeg 20w, https:\/\/galleria-kroeger.ch\/wp-content\/uploads\/2024\/09\/Auditorium-3-30x36.jpeg 30w, https:\/\/galleria-kroeger.ch\/wp-content\/uploads\/2024\/09\/Auditorium-3-40x48.jpeg 40w, https:\/\/galleria-kroeger.ch\/wp-content\/uploads\/2024\/09\/Auditorium-3-200x241.jpeg 200w, https:\/\/galleria-kroeger.ch\/wp-content\/uploads\/2024\/09\/Auditorium-3-249x300.jpeg 249w, https:\/\/galleria-kroeger.ch\/wp-content\/uploads\/2024\/09\/Auditorium-3-400x482.jpeg 400w, https:\/\/galleria-kroeger.ch\/wp-content\/uploads\/2024\/09\/Auditorium-3-600x723.jpeg 600w, https:\/\/galleria-kroeger.ch\/wp-content\/uploads\/2024\/09\/Auditorium-3-768x925.jpeg 768w, https:\/\/galleria-kroeger.ch\/wp-content\/uploads\/2024\/09\/Auditorium-3-800x964.jpeg 800w, https:\/\/galleria-kroeger.ch\/wp-content\/uploads\/2024\/09\/Auditorium-3-850x1024.jpeg 850w, https:\/\/galleria-kroeger.ch\/wp-content\/uploads\/2024\/09\/Auditorium-3-1200x1446.jpeg 1200w, https:\/\/galleria-kroeger.ch\/wp-content\/uploads\/2024\/09\/Auditorium-3.jpeg 1245w\" sizes=\"(max-width: 850px) 100vw, 850px\" \/>\n\t\t<div class=\"figc no-title\">\n\t\t\t<div class=\"figc-inner\">\n\t\t\t\t\t\t\t\t\t\t\t\t\t\t\t<\/div>\n\t\t<\/div>\n\n\t<\/div>\n\n<\/div><div class=\"modula-item effect-quiet jtg-filter-all jtg-filter-\" >\n\t<div class=\"modula-item-overlay\"><\/div>\n\n\t<div class=\"modula-item-content\">\n\n\t\t<a data-image-id=\"3870\" role=\"button\" tabindex=\"0\" href=\"https:\/\/galleria-kroeger.ch\/wp-content\/uploads\/2024\/09\/Dragonfly.jpeg\" rel=\"jtg-2745\" data-caption=\"&lt;p&gt;&lt;strong&gt;Dragonfly&lt;\/strong&gt;&lt;br&gt;\nMischtechnik auf Leinwand, 2024&lt;br&gt;\n140 x 140 cm&lt;\/p&gt;\" aria-label=\"Open image in lightbox\" data-thumb=\"https:\/\/galleria-kroeger.ch\/wp-content\/uploads\/2024\/09\/Dragonfly-150x150.jpeg\" class=\"tile-inner modula-item-link\"><\/a><img decoding=\"async\" class=\"pic wp-image-3870\"  data-valign=\"middle\" data-halign=\"center\" alt=\"Carole Kohler, singulart, internationale K\u00fcnstlerin, Bilder in Mischtechnik, Prix de La Sarrazine, PARLEO, \u00fcnstlerresidenz im Kirsten-Kjaer-Museum in D\u00e4nemark, Galleria Kr\u00f6ger, Ascona, Lago Maggiore\" data-full=\"https:\/\/galleria-kroeger.ch\/wp-content\/uploads\/2024\/09\/Dragonfly.jpeg\" title=\"\" crop=\"\" width=\"1016\" height=\"1024\" src=\"https:\/\/galleria-kroeger.ch\/wp-content\/uploads\/2024\/09\/Dragonfly-1016x1024.jpeg\" data-src=\"https:\/\/galleria-kroeger.ch\/wp-content\/uploads\/2024\/09\/Dragonfly-1016x1024.jpeg\" data-caption=\"&lt;strong&gt;Dragonfly&lt;\/strong&gt;&lt;br&gt;\nMischtechnik auf Leinwand, 2024&lt;br&gt;\n140 x 140 cm\" srcset=\"https:\/\/galleria-kroeger.ch\/wp-content\/uploads\/2024\/09\/Dragonfly-24x24.jpeg 24w, https:\/\/galleria-kroeger.ch\/wp-content\/uploads\/2024\/09\/Dragonfly-36x36.jpeg 36w, https:\/\/galleria-kroeger.ch\/wp-content\/uploads\/2024\/09\/Dragonfly-48x48.jpeg 48w, https:\/\/galleria-kroeger.ch\/wp-content\/uploads\/2024\/09\/Dragonfly-66x66.jpeg 66w, https:\/\/galleria-kroeger.ch\/wp-content\/uploads\/2024\/09\/Dragonfly-150x150.jpeg 150w, https:\/\/galleria-kroeger.ch\/wp-content\/uploads\/2024\/09\/Dragonfly-200x202.jpeg 200w, https:\/\/galleria-kroeger.ch\/wp-content\/uploads\/2024\/09\/Dragonfly-298x300.jpeg 298w, https:\/\/galleria-kroeger.ch\/wp-content\/uploads\/2024\/09\/Dragonfly-400x403.jpeg 400w, https:\/\/galleria-kroeger.ch\/wp-content\/uploads\/2024\/09\/Dragonfly-600x605.jpeg 600w, https:\/\/galleria-kroeger.ch\/wp-content\/uploads\/2024\/09\/Dragonfly-768x774.jpeg 768w, https:\/\/galleria-kroeger.ch\/wp-content\/uploads\/2024\/09\/Dragonfly-800x806.jpeg 800w, https:\/\/galleria-kroeger.ch\/wp-content\/uploads\/2024\/09\/Dragonfly-1016x1024.jpeg 1016w, https:\/\/galleria-kroeger.ch\/wp-content\/uploads\/2024\/09\/Dragonfly-1200x1210.jpeg 1200w, https:\/\/galleria-kroeger.ch\/wp-content\/uploads\/2024\/09\/Dragonfly.jpeg 1488w\" sizes=\"(max-width: 1016px) 100vw, 1016px\" \/>\n\t\t<div class=\"figc no-title\">\n\t\t\t<div class=\"figc-inner\">\n\t\t\t\t\t\t\t\t\t\t\t\t\t\t\t<\/div>\n\t\t<\/div>\n\n\t<\/div>\n\n<\/div><div class=\"modula-item effect-quiet jtg-filter-all jtg-filter-\" >\n\t<div class=\"modula-item-overlay\"><\/div>\n\n\t<div class=\"modula-item-content\">\n\n\t\t<a data-image-id=\"4645\" role=\"button\" tabindex=\"0\" href=\"https:\/\/galleria-kroeger.ch\/wp-content\/uploads\/2026\/02\/Nocturne-3_140x100-cm.jpeg\" rel=\"jtg-2745\" data-caption=\"&lt;p&gt;&lt;strong&gt;Nocturne 3&lt;\/strong&gt;&lt;br \/&gt;Mischtechnik auf Leinwand, 2026&lt;br \/&gt;140 x 100 cm&lt;\/p&gt;\" aria-label=\"Open image in lightbox\" data-thumb=\"https:\/\/galleria-kroeger.ch\/wp-content\/uploads\/2026\/02\/Nocturne-3_140x100-cm-150x150.jpeg\" class=\"tile-inner modula-item-link\"><\/a><img decoding=\"async\" class=\"pic wp-image-4645\"  data-valign=\"middle\" data-halign=\"center\" alt=\"\" data-full=\"https:\/\/galleria-kroeger.ch\/wp-content\/uploads\/2026\/02\/Nocturne-3_140x100-cm.jpeg\" title=\"Nocturne 3_140x100 cm\" crop=\"\" width=\"731\" height=\"1024\" src=\"https:\/\/galleria-kroeger.ch\/wp-content\/uploads\/2026\/02\/Nocturne-3_140x100-cm-731x1024.jpeg\" data-src=\"https:\/\/galleria-kroeger.ch\/wp-content\/uploads\/2026\/02\/Nocturne-3_140x100-cm-731x1024.jpeg\" data-caption=\"&lt;strong&gt;Nocturne 3&lt;\/strong&gt;&lt;br \/&gt;Mischtechnik auf Leinwand, 2026&lt;br \/&gt;140 x 100 cm\" srcset=\"https:\/\/galleria-kroeger.ch\/wp-content\/uploads\/2026\/02\/Nocturne-3_140x100-cm-17x24.jpeg 17w, https:\/\/galleria-kroeger.ch\/wp-content\/uploads\/2026\/02\/Nocturne-3_140x100-cm-26x36.jpeg 26w, https:\/\/galleria-kroeger.ch\/wp-content\/uploads\/2026\/02\/Nocturne-3_140x100-cm-34x48.jpeg 34w, https:\/\/galleria-kroeger.ch\/wp-content\/uploads\/2026\/02\/Nocturne-3_140x100-cm-200x280.jpeg 200w, https:\/\/galleria-kroeger.ch\/wp-content\/uploads\/2026\/02\/Nocturne-3_140x100-cm-214x300.jpeg 214w, https:\/\/galleria-kroeger.ch\/wp-content\/uploads\/2026\/02\/Nocturne-3_140x100-cm-400x560.jpeg 400w, https:\/\/galleria-kroeger.ch\/wp-content\/uploads\/2026\/02\/Nocturne-3_140x100-cm-600x840.jpeg 600w, https:\/\/galleria-kroeger.ch\/wp-content\/uploads\/2026\/02\/Nocturne-3_140x100-cm-731x1024.jpeg 731w, https:\/\/galleria-kroeger.ch\/wp-content\/uploads\/2026\/02\/Nocturne-3_140x100-cm-768x1076.jpeg 768w, https:\/\/galleria-kroeger.ch\/wp-content\/uploads\/2026\/02\/Nocturne-3_140x100-cm-800x1120.jpeg 800w, https:\/\/galleria-kroeger.ch\/wp-content\/uploads\/2026\/02\/Nocturne-3_140x100-cm.jpeg 914w\" sizes=\"(max-width: 731px) 100vw, 731px\" \/>\n\t\t<div class=\"figc\">\n\t\t\t<div class=\"figc-inner\">\n\t\t\t\t\t\t\t\t\t\t\t\t\t\t\t<\/div>\n\t\t<\/div>\n\n\t<\/div>\n\n<\/div><div class=\"modula-item effect-quiet jtg-filter-all jtg-filter-\" >\n\t<div class=\"modula-item-overlay\"><\/div>\n\n\t<div class=\"modula-item-content\">\n\n\t\t<a data-image-id=\"4642\" role=\"button\" tabindex=\"0\" href=\"https:\/\/galleria-kroeger.ch\/wp-content\/uploads\/2026\/02\/Nocturne-2_140x90-cm.jpeg\" rel=\"jtg-2745\" data-caption=\"&lt;p&gt;&lt;strong&gt;Nocturne 2&lt;\/strong&gt;&lt;br \/&gt;Mischtechnik auf Leinwand, 2026&lt;br \/&gt;140 x 90 cm&lt;\/p&gt;\" aria-label=\"Open image in lightbox\" data-thumb=\"https:\/\/galleria-kroeger.ch\/wp-content\/uploads\/2026\/02\/Nocturne-2_140x90-cm-150x150.jpeg\" class=\"tile-inner modula-item-link\"><\/a><img decoding=\"async\" class=\"pic wp-image-4642\"  data-valign=\"middle\" data-halign=\"center\" alt=\"\" data-full=\"https:\/\/galleria-kroeger.ch\/wp-content\/uploads\/2026\/02\/Nocturne-2_140x90-cm.jpeg\" title=\"Nocturne 2_140x90 cm\" crop=\"\" width=\"681\" height=\"1024\" src=\"https:\/\/galleria-kroeger.ch\/wp-content\/uploads\/2026\/02\/Nocturne-2_140x90-cm-681x1024.jpeg\" data-src=\"https:\/\/galleria-kroeger.ch\/wp-content\/uploads\/2026\/02\/Nocturne-2_140x90-cm-681x1024.jpeg\" data-caption=\"&lt;strong&gt;Nocturne 2&lt;\/strong&gt;&lt;br \/&gt;Mischtechnik auf Leinwand, 2026&lt;br \/&gt;140 x 90 cm\" srcset=\"https:\/\/galleria-kroeger.ch\/wp-content\/uploads\/2026\/02\/Nocturne-2_140x90-cm-16x24.jpeg 16w, https:\/\/galleria-kroeger.ch\/wp-content\/uploads\/2026\/02\/Nocturne-2_140x90-cm-24x36.jpeg 24w, https:\/\/galleria-kroeger.ch\/wp-content\/uploads\/2026\/02\/Nocturne-2_140x90-cm-32x48.jpeg 32w, https:\/\/galleria-kroeger.ch\/wp-content\/uploads\/2026\/02\/Nocturne-2_140x90-cm-199x300.jpeg 199w, https:\/\/galleria-kroeger.ch\/wp-content\/uploads\/2026\/02\/Nocturne-2_140x90-cm-200x301.jpeg 200w, https:\/\/galleria-kroeger.ch\/wp-content\/uploads\/2026\/02\/Nocturne-2_140x90-cm-400x602.jpeg 400w, https:\/\/galleria-kroeger.ch\/wp-content\/uploads\/2026\/02\/Nocturne-2_140x90-cm-600x902.jpeg 600w, https:\/\/galleria-kroeger.ch\/wp-content\/uploads\/2026\/02\/Nocturne-2_140x90-cm-681x1024.jpeg 681w, https:\/\/galleria-kroeger.ch\/wp-content\/uploads\/2026\/02\/Nocturne-2_140x90-cm-768x1155.jpeg 768w, https:\/\/galleria-kroeger.ch\/wp-content\/uploads\/2026\/02\/Nocturne-2_140x90-cm-800x1203.jpeg 800w, https:\/\/galleria-kroeger.ch\/wp-content\/uploads\/2026\/02\/Nocturne-2_140x90-cm.jpeg 851w\" sizes=\"(max-width: 681px) 100vw, 681px\" \/>\n\t\t<div class=\"figc\">\n\t\t\t<div class=\"figc-inner\">\n\t\t\t\t\t\t\t\t\t\t\t\t\t\t\t<\/div>\n\t\t<\/div>\n\n\t<\/div>\n\n<\/div><div class=\"modula-item effect-quiet jtg-filter-all jtg-filter-\" >\n\t<div class=\"modula-item-overlay\"><\/div>\n\n\t<div class=\"modula-item-content\">\n\n\t\t<a data-image-id=\"3738\" role=\"button\" tabindex=\"0\" href=\"https:\/\/galleria-kroeger.ch\/wp-content\/uploads\/2024\/07\/Peek-a-boo-1.jpeg\" rel=\"jtg-2745\" data-caption=\"&lt;p&gt;&lt;strong&gt;Peek-a-boo&lt;\/strong&gt;&lt;br&gt;\nBronze, 8er Auflage, auf W\u00fcrgefeige&lt;br&gt;\nH\u00f6he 55 x 57 cm + H\u00f6he der W\u00fcrgefeige&lt;\/p&gt;\" aria-label=\"Open image in lightbox\" data-thumb=\"https:\/\/galleria-kroeger.ch\/wp-content\/uploads\/2024\/07\/Peek-a-boo-1-150x150.jpeg\" class=\"tile-inner modula-item-link\"><\/a><img decoding=\"async\" class=\"pic wp-image-3738\"  data-valign=\"middle\" data-halign=\"center\" alt=\"Carole Kohler, singulart, internationale K\u00fcnstlerin, Bilder in Mischtechnik, Prix de La Sarrazine, PARLEO, \u00fcnstlerresidenz im Kirsten-Kjaer-Museum in D\u00e4nemark, Galleria Kr\u00f6ger, Ascona, Lago Maggiore\" data-full=\"https:\/\/galleria-kroeger.ch\/wp-content\/uploads\/2024\/07\/Peek-a-boo-1.jpeg\" title=\"\" crop=\"\" width=\"582\" height=\"1024\" src=\"https:\/\/galleria-kroeger.ch\/wp-content\/uploads\/2024\/07\/Peek-a-boo-1-582x1024.jpeg\" data-src=\"https:\/\/galleria-kroeger.ch\/wp-content\/uploads\/2024\/07\/Peek-a-boo-1-582x1024.jpeg\" data-caption=\"&lt;strong&gt;Peek-a-boo&lt;\/strong&gt;&lt;br&gt;\nBronze, 8er Auflage, auf W\u00fcrgefeige&lt;br&gt;\nH\u00f6he 55 x 57 cm + H\u00f6he der W\u00fcrgefeige\" srcset=\"https:\/\/galleria-kroeger.ch\/wp-content\/uploads\/2024\/07\/Peek-a-boo-1-14x24.jpeg 14w, https:\/\/galleria-kroeger.ch\/wp-content\/uploads\/2024\/07\/Peek-a-boo-1-20x36.jpeg 20w, https:\/\/galleria-kroeger.ch\/wp-content\/uploads\/2024\/07\/Peek-a-boo-1-27x48.jpeg 27w, https:\/\/galleria-kroeger.ch\/wp-content\/uploads\/2024\/07\/Peek-a-boo-1-170x300.jpeg 170w, https:\/\/galleria-kroeger.ch\/wp-content\/uploads\/2024\/07\/Peek-a-boo-1-200x352.jpeg 200w, https:\/\/galleria-kroeger.ch\/wp-content\/uploads\/2024\/07\/Peek-a-boo-1-400x704.jpeg 400w, https:\/\/galleria-kroeger.ch\/wp-content\/uploads\/2024\/07\/Peek-a-boo-1-582x1024.jpeg 582w, https:\/\/galleria-kroeger.ch\/wp-content\/uploads\/2024\/07\/Peek-a-boo-1-600x1056.jpeg 600w, https:\/\/galleria-kroeger.ch\/wp-content\/uploads\/2024\/07\/Peek-a-boo-1-768x1352.jpeg 768w, https:\/\/galleria-kroeger.ch\/wp-content\/uploads\/2024\/07\/Peek-a-boo-1-800x1408.jpeg 800w, https:\/\/galleria-kroeger.ch\/wp-content\/uploads\/2024\/07\/Peek-a-boo-1-873x1536.jpeg 873w, https:\/\/galleria-kroeger.ch\/wp-content\/uploads\/2024\/07\/Peek-a-boo-1.jpeg 917w\" sizes=\"(max-width: 582px) 100vw, 582px\" \/>\n\t\t<div class=\"figc no-title\">\n\t\t\t<div class=\"figc-inner\">\n\t\t\t\t\t\t\t\t\t\t\t\t\t\t\t<\/div>\n\t\t<\/div>\n\n\t<\/div>\n\n<\/div><div class=\"modula-item effect-quiet jtg-filter-all jtg-filter-\" >\n\t<div class=\"modula-item-overlay\"><\/div>\n\n\t<div class=\"modula-item-content\">\n\n\t\t<a data-image-id=\"3397\" role=\"button\" tabindex=\"0\" href=\"https:\/\/galleria-kroeger.ch\/wp-content\/uploads\/2024\/02\/Peek-a-boo-2.jpeg\" rel=\"jtg-2745\" data-caption=\"&lt;p&gt;&lt;strong&gt;Peek-a-boo&lt;\/strong&gt;&lt;br&gt;\nBronze, 8er Auflage&lt;br&gt;\nH\u00f6he 57 cm &lt;\/p&gt;\" aria-label=\"Open image in lightbox\" data-thumb=\"https:\/\/galleria-kroeger.ch\/wp-content\/uploads\/2024\/02\/Peek-a-boo-2-150x150.jpeg\" class=\"tile-inner modula-item-link\"><\/a><img decoding=\"async\" class=\"pic wp-image-3397\"  data-valign=\"middle\" data-halign=\"center\" alt=\"Carole Kohler, Mischtechnik auf Leinwand, singulart, internationale K\u00fcnstlerin, Bilder in Mischtechnik, Prix de La Sarrazine, PARLEO, \u00fcnstlerresidenz im Kirsten-Kjaer-Museum in D\u00e4nemark, Galleria Kr\u00f6ger, Ascona, Lago Maggiore, Biennale Venedig, European Cultural Centers, Palazzo Mora\" data-full=\"https:\/\/galleria-kroeger.ch\/wp-content\/uploads\/2024\/02\/Peek-a-boo-2.jpeg\" title=\"\" crop=\"\" width=\"578\" height=\"1024\" src=\"https:\/\/galleria-kroeger.ch\/wp-content\/uploads\/2024\/02\/Peek-a-boo-2-578x1024.jpeg\" data-src=\"https:\/\/galleria-kroeger.ch\/wp-content\/uploads\/2024\/02\/Peek-a-boo-2-578x1024.jpeg\" data-caption=\"&lt;strong&gt;Peek-a-boo&lt;\/strong&gt;&lt;br&gt;\nBronze, 8er Auflage&lt;br&gt;\nH\u00f6he 57 cm \" srcset=\"https:\/\/galleria-kroeger.ch\/wp-content\/uploads\/2024\/02\/Peek-a-boo-2-14x24.jpeg 14w, https:\/\/galleria-kroeger.ch\/wp-content\/uploads\/2024\/02\/Peek-a-boo-2-20x36.jpeg 20w, https:\/\/galleria-kroeger.ch\/wp-content\/uploads\/2024\/02\/Peek-a-boo-2-27x48.jpeg 27w, https:\/\/galleria-kroeger.ch\/wp-content\/uploads\/2024\/02\/Peek-a-boo-2-169x300.jpeg 169w, https:\/\/galleria-kroeger.ch\/wp-content\/uploads\/2024\/02\/Peek-a-boo-2-200x354.jpeg 200w, https:\/\/galleria-kroeger.ch\/wp-content\/uploads\/2024\/02\/Peek-a-boo-2-400x709.jpeg 400w, https:\/\/galleria-kroeger.ch\/wp-content\/uploads\/2024\/02\/Peek-a-boo-2-578x1024.jpeg 578w, https:\/\/galleria-kroeger.ch\/wp-content\/uploads\/2024\/02\/Peek-a-boo-2-600x1063.jpeg 600w, https:\/\/galleria-kroeger.ch\/wp-content\/uploads\/2024\/02\/Peek-a-boo-2-768x1361.jpeg 768w, https:\/\/galleria-kroeger.ch\/wp-content\/uploads\/2024\/02\/Peek-a-boo-2-800x1418.jpeg 800w, https:\/\/galleria-kroeger.ch\/wp-content\/uploads\/2024\/02\/Peek-a-boo-2.jpeg 807w\" sizes=\"(max-width: 578px) 100vw, 578px\" \/>\n\t\t<div class=\"figc no-title\">\n\t\t\t<div class=\"figc-inner\">\n\t\t\t\t\t\t\t\t\t\t\t\t\t\t\t<\/div>\n\t\t<\/div>\n\n\t<\/div>\n\n<\/div><div class=\"modula-item effect-quiet jtg-filter-all jtg-filter-\" >\n\t<div class=\"modula-item-overlay\"><\/div>\n\n\t<div class=\"modula-item-content\">\n\n\t\t<a data-image-id=\"3370\" role=\"button\" tabindex=\"0\" href=\"https:\/\/galleria-kroeger.ch\/wp-content\/uploads\/2024\/02\/IMG_2972.PNG-1.jpeg\" rel=\"jtg-2745\" data-caption=\"&lt;p&gt;&lt;strong&gt;Peek-a-boo, Detail&lt;\/strong&gt;&lt;br&gt;\nBronze, 8er Auflage&lt;br&gt;\nH\u00f6he 57 cm &lt;\/p&gt;\" aria-label=\"Open image in lightbox\" data-thumb=\"https:\/\/galleria-kroeger.ch\/wp-content\/uploads\/2024\/02\/IMG_2972.PNG-1-150x150.jpeg\" class=\"tile-inner modula-item-link\"><\/a><img decoding=\"async\" class=\"pic wp-image-3370\"  data-valign=\"middle\" data-halign=\"center\" alt=\"Carole Kohler, Mischtechnik auf Leinwand, singulart, internationale K\u00fcnstlerin, Bilder in Mischtechnik, Prix de La Sarrazine, PARLEO, \u00fcnstlerresidenz im Kirsten-Kjaer-Museum in D\u00e4nemark, Galleria Kr\u00f6ger, Ascona, Lago Maggiore, Biennale Venedig, European Cultural Centers, Palazzo Mora\" data-full=\"https:\/\/galleria-kroeger.ch\/wp-content\/uploads\/2024\/02\/IMG_2972.PNG-1.jpeg\" title=\"\" crop=\"\" width=\"676\" height=\"1024\" src=\"https:\/\/galleria-kroeger.ch\/wp-content\/uploads\/2024\/02\/IMG_2972.PNG-1-676x1024.jpeg\" data-src=\"https:\/\/galleria-kroeger.ch\/wp-content\/uploads\/2024\/02\/IMG_2972.PNG-1-676x1024.jpeg\" data-caption=\"&lt;strong&gt;Peek-a-boo, Detail&lt;\/strong&gt;&lt;br&gt;\nBronze, 8er Auflage&lt;br&gt;\nH\u00f6he 57 cm \" srcset=\"https:\/\/galleria-kroeger.ch\/wp-content\/uploads\/2024\/02\/IMG_2972.PNG-1-16x24.jpeg 16w, https:\/\/galleria-kroeger.ch\/wp-content\/uploads\/2024\/02\/IMG_2972.PNG-1-24x36.jpeg 24w, https:\/\/galleria-kroeger.ch\/wp-content\/uploads\/2024\/02\/IMG_2972.PNG-1-32x48.jpeg 32w, https:\/\/galleria-kroeger.ch\/wp-content\/uploads\/2024\/02\/IMG_2972.PNG-1-198x300.jpeg 198w, https:\/\/galleria-kroeger.ch\/wp-content\/uploads\/2024\/02\/IMG_2972.PNG-1-200x303.jpeg 200w, https:\/\/galleria-kroeger.ch\/wp-content\/uploads\/2024\/02\/IMG_2972.PNG-1-400x606.jpeg 400w, https:\/\/galleria-kroeger.ch\/wp-content\/uploads\/2024\/02\/IMG_2972.PNG-1-600x908.jpeg 600w, https:\/\/galleria-kroeger.ch\/wp-content\/uploads\/2024\/02\/IMG_2972.PNG-1-676x1024.jpeg 676w, https:\/\/galleria-kroeger.ch\/wp-content\/uploads\/2024\/02\/IMG_2972.PNG-1-768x1163.jpeg 768w, https:\/\/galleria-kroeger.ch\/wp-content\/uploads\/2024\/02\/IMG_2972.PNG-1-800x1211.jpeg 800w, https:\/\/galleria-kroeger.ch\/wp-content\/uploads\/2024\/02\/IMG_2972.PNG-1.jpeg 953w\" sizes=\"(max-width: 676px) 100vw, 676px\" \/>\n\t\t<div class=\"figc no-title\">\n\t\t\t<div class=\"figc-inner\">\n\t\t\t\t\t\t\t\t\t\t\t\t\t\t\t<\/div>\n\t\t<\/div>\n\n\t<\/div>\n\n<\/div><div class=\"modula-item effect-quiet jtg-filter-all jtg-filter-\" >\n\t<div class=\"modula-item-overlay\"><\/div>\n\n\t<div class=\"modula-item-content\">\n\n\t\t<a data-image-id=\"4517\" role=\"button\" tabindex=\"0\" href=\"https:\/\/galleria-kroeger.ch\/wp-content\/uploads\/2025\/07\/Peek-a-boo.jpg\" rel=\"jtg-2745\" data-caption=\"&lt;p&gt;&lt;strong&gt;Peek-a-boo, Detail&lt;\/strong&gt;&lt;br&gt;\nBronze, 8er Auflage&lt;br&gt;\nH\u00f6he 55 cm &lt;\/p&gt;\" aria-label=\"Open image in lightbox\" data-thumb=\"https:\/\/galleria-kroeger.ch\/wp-content\/uploads\/2025\/07\/Peek-a-boo-150x150.jpg\" class=\"tile-inner modula-item-link\"><\/a><img decoding=\"async\" class=\"pic wp-image-4517\"  data-valign=\"middle\" data-halign=\"center\" alt=\"Carole Kohler, Mischtechnik auf Leinwand, singulart, internationale K\u00fcnstlerin, Bilder in Mischtechnik, Prix de La Sarrazine, PARLEO, \u00fcnstlerresidenz im Kirsten-Kjaer-Museum in D\u00e4nemark, Galleria Kr\u00f6ger, Ascona, Lago Maggiore, Biennale Venedig, European Cultural Centers, Palazzo Mora\" data-full=\"https:\/\/galleria-kroeger.ch\/wp-content\/uploads\/2025\/07\/Peek-a-boo.jpg\" title=\"Peek-a-boo\" crop=\"\" width=\"768\" height=\"1024\" src=\"https:\/\/galleria-kroeger.ch\/wp-content\/uploads\/2025\/07\/Peek-a-boo-768x1024.jpg\" data-src=\"https:\/\/galleria-kroeger.ch\/wp-content\/uploads\/2025\/07\/Peek-a-boo-768x1024.jpg\" data-caption=\"&lt;strong&gt;Peek-a-boo, Detail&lt;\/strong&gt;&lt;br&gt;\nBronze, 8er Auflage&lt;br&gt;\nH\u00f6he 55 cm \" srcset=\"https:\/\/galleria-kroeger.ch\/wp-content\/uploads\/2025\/07\/Peek-a-boo-18x24.jpg 18w, https:\/\/galleria-kroeger.ch\/wp-content\/uploads\/2025\/07\/Peek-a-boo-27x36.jpg 27w, https:\/\/galleria-kroeger.ch\/wp-content\/uploads\/2025\/07\/Peek-a-boo-36x48.jpg 36w, https:\/\/galleria-kroeger.ch\/wp-content\/uploads\/2025\/07\/Peek-a-boo-200x267.jpg 200w, https:\/\/galleria-kroeger.ch\/wp-content\/uploads\/2025\/07\/Peek-a-boo-225x300.jpg 225w, https:\/\/galleria-kroeger.ch\/wp-content\/uploads\/2025\/07\/Peek-a-boo-400x533.jpg 400w, https:\/\/galleria-kroeger.ch\/wp-content\/uploads\/2025\/07\/Peek-a-boo-600x800.jpg 600w, https:\/\/galleria-kroeger.ch\/wp-content\/uploads\/2025\/07\/Peek-a-boo-768x1024.jpg 768w, https:\/\/galleria-kroeger.ch\/wp-content\/uploads\/2025\/07\/Peek-a-boo-800x1067.jpg 800w, https:\/\/galleria-kroeger.ch\/wp-content\/uploads\/2025\/07\/Peek-a-boo.jpg 1125w\" sizes=\"(max-width: 768px) 100vw, 768px\" \/>\n\t\t<div class=\"figc\">\n\t\t\t<div class=\"figc-inner\">\n\t\t\t\t\t\t\t\t\t\t\t\t\t\t\t<\/div>\n\t\t<\/div>\n\n\t<\/div>\n\n<\/div><div class=\"modula-item effect-quiet jtg-filter-all jtg-filter-\" >\n\t<div class=\"modula-item-overlay\"><\/div>\n\n\t<div class=\"modula-item-content\">\n\n\t\t<a data-image-id=\"3376\" role=\"button\" tabindex=\"0\" href=\"https:\/\/galleria-kroeger.ch\/wp-content\/uploads\/2024\/02\/Nebelduft-140-x-100-cm.jpeg\" rel=\"jtg-2745\" data-caption=\"&lt;p&gt;&lt;strong&gt;Nebelduft&lt;\/strong&gt;&lt;br&gt;\nMischtechnik auf Leinwand, 2023&lt;br&gt;\n140 x 100 cm&lt;\/p&gt;\" aria-label=\"Open image in lightbox\" data-thumb=\"https:\/\/galleria-kroeger.ch\/wp-content\/uploads\/2024\/02\/Nebelduft-140-x-100-cm-150x150.jpeg\" class=\"tile-inner modula-item-link\"><\/a><img decoding=\"async\" class=\"pic wp-image-3376\"  data-valign=\"middle\" data-halign=\"center\" alt=\"Carole Kohler, Mischtechnik auf Leinwand, singulart, internationale K\u00fcnstlerin, Bilder in Mischtechnik, Prix de La Sarrazine, PARLEO, \u00fcnstlerresidenz im Kirsten-Kjaer-Museum in D\u00e4nemark, Galleria Kr\u00f6ger, Ascona, Lago Maggiore, Biennale Venedig, European Cultural Centers, Palazzo Mora\" data-full=\"https:\/\/galleria-kroeger.ch\/wp-content\/uploads\/2024\/02\/Nebelduft-140-x-100-cm.jpeg\" title=\"\" crop=\"\" width=\"457\" height=\"640\" src=\"https:\/\/galleria-kroeger.ch\/wp-content\/uploads\/2024\/02\/Nebelduft-140-x-100-cm.jpeg\" data-src=\"https:\/\/galleria-kroeger.ch\/wp-content\/uploads\/2024\/02\/Nebelduft-140-x-100-cm.jpeg\" data-caption=\"&lt;strong&gt;Nebelduft&lt;\/strong&gt;&lt;br&gt;\nMischtechnik auf Leinwand, 2023&lt;br&gt;\n140 x 100 cm\" srcset=\"https:\/\/galleria-kroeger.ch\/wp-content\/uploads\/2024\/02\/Nebelduft-140-x-100-cm-17x24.jpeg 17w, https:\/\/galleria-kroeger.ch\/wp-content\/uploads\/2024\/02\/Nebelduft-140-x-100-cm-26x36.jpeg 26w, https:\/\/galleria-kroeger.ch\/wp-content\/uploads\/2024\/02\/Nebelduft-140-x-100-cm-34x48.jpeg 34w, https:\/\/galleria-kroeger.ch\/wp-content\/uploads\/2024\/02\/Nebelduft-140-x-100-cm-200x280.jpeg 200w, https:\/\/galleria-kroeger.ch\/wp-content\/uploads\/2024\/02\/Nebelduft-140-x-100-cm-214x300.jpeg 214w, https:\/\/galleria-kroeger.ch\/wp-content\/uploads\/2024\/02\/Nebelduft-140-x-100-cm-400x560.jpeg 400w, https:\/\/galleria-kroeger.ch\/wp-content\/uploads\/2024\/02\/Nebelduft-140-x-100-cm.jpeg 457w\" sizes=\"(max-width: 457px) 100vw, 457px\" \/>\n\t\t<div class=\"figc no-title\">\n\t\t\t<div class=\"figc-inner\">\n\t\t\t\t\t\t\t\t\t\t\t\t\t\t\t<\/div>\n\t\t<\/div>\n\n\t<\/div>\n\n<\/div><div class=\"modula-item effect-quiet jtg-filter-all jtg-filter-\" >\n\t<div class=\"modula-item-overlay\"><\/div>\n\n\t<div class=\"modula-item-content\">\n\n\t\t<a data-image-id=\"3403\" role=\"button\" tabindex=\"0\" href=\"https:\/\/galleria-kroeger.ch\/wp-content\/uploads\/2024\/02\/Nebelduft-2.jpeg\" rel=\"jtg-2745\" data-caption=\"&lt;p&gt;&lt;strong&gt;Nebelduft&lt;\/strong&gt;&lt;br&gt;\nMischtechnik auf Leinwand, 2023&lt;br&gt;\n140 x 100 cm&lt;\/p&gt;\" aria-label=\"Open image in lightbox\" data-thumb=\"https:\/\/galleria-kroeger.ch\/wp-content\/uploads\/2024\/02\/Nebelduft-2-150x150.jpeg\" class=\"tile-inner modula-item-link\"><\/a><img decoding=\"async\" class=\"pic wp-image-3403\"  data-valign=\"middle\" data-halign=\"center\" alt=\"Carole Kohler, Mischtechnik auf Leinwand, singulart, internationale K\u00fcnstlerin, Bilder in Mischtechnik, Prix de La Sarrazine, PARLEO, \u00fcnstlerresidenz im Kirsten-Kjaer-Museum in D\u00e4nemark, Galleria Kr\u00f6ger, Ascona, Lago Maggiore\" data-full=\"https:\/\/galleria-kroeger.ch\/wp-content\/uploads\/2024\/02\/Nebelduft-2.jpeg\" title=\"\" crop=\"\" width=\"944\" height=\"1024\" src=\"https:\/\/galleria-kroeger.ch\/wp-content\/uploads\/2024\/02\/Nebelduft-2-944x1024.jpeg\" data-src=\"https:\/\/galleria-kroeger.ch\/wp-content\/uploads\/2024\/02\/Nebelduft-2-944x1024.jpeg\" data-caption=\"&lt;strong&gt;Nebelduft&lt;\/strong&gt;&lt;br&gt;\nMischtechnik auf Leinwand, 2023&lt;br&gt;\n140 x 100 cm\" srcset=\"https:\/\/galleria-kroeger.ch\/wp-content\/uploads\/2024\/02\/Nebelduft-2-22x24.jpeg 22w, https:\/\/galleria-kroeger.ch\/wp-content\/uploads\/2024\/02\/Nebelduft-2-33x36.jpeg 33w, https:\/\/galleria-kroeger.ch\/wp-content\/uploads\/2024\/02\/Nebelduft-2-44x48.jpeg 44w, https:\/\/galleria-kroeger.ch\/wp-content\/uploads\/2024\/02\/Nebelduft-2-200x217.jpeg 200w, https:\/\/galleria-kroeger.ch\/wp-content\/uploads\/2024\/02\/Nebelduft-2-277x300.jpeg 277w, https:\/\/galleria-kroeger.ch\/wp-content\/uploads\/2024\/02\/Nebelduft-2-400x434.jpeg 400w, https:\/\/galleria-kroeger.ch\/wp-content\/uploads\/2024\/02\/Nebelduft-2-600x651.jpeg 600w, https:\/\/galleria-kroeger.ch\/wp-content\/uploads\/2024\/02\/Nebelduft-2-768x833.jpeg 768w, https:\/\/galleria-kroeger.ch\/wp-content\/uploads\/2024\/02\/Nebelduft-2-800x868.jpeg 800w, https:\/\/galleria-kroeger.ch\/wp-content\/uploads\/2024\/02\/Nebelduft-2-944x1024.jpeg 944w, https:\/\/galleria-kroeger.ch\/wp-content\/uploads\/2024\/02\/Nebelduft-2.jpeg 1060w\" sizes=\"(max-width: 944px) 100vw, 944px\" \/>\n\t\t<div class=\"figc no-title\">\n\t\t\t<div class=\"figc-inner\">\n\t\t\t\t\t\t\t\t\t\t\t\t\t\t\t<\/div>\n\t\t<\/div>\n\n\t<\/div>\n\n<\/div><div class=\"modula-item effect-quiet jtg-filter-all jtg-filter-\" >\n\t<div class=\"modula-item-overlay\"><\/div>\n\n\t<div class=\"modula-item-content\">\n\n\t\t<a data-image-id=\"3394\" role=\"button\" tabindex=\"0\" href=\"https:\/\/galleria-kroeger.ch\/wp-content\/uploads\/2024\/02\/Harzig-80x60cm.jpeg\" rel=\"jtg-2745\" data-caption=\"&lt;p&gt;&lt;strong&gt;Harzig&lt;\/strong&gt;&lt;br&gt;\nMischtechnik auf Leinwand, 2019&lt;br&gt;\n75 x 60 cm&lt;\/p&gt;\" aria-label=\"Open image in lightbox\" data-thumb=\"https:\/\/galleria-kroeger.ch\/wp-content\/uploads\/2024\/02\/Harzig-80x60cm-150x150.jpeg\" class=\"tile-inner modula-item-link\"><\/a><img decoding=\"async\" class=\"pic wp-image-3394\"  data-valign=\"middle\" data-halign=\"center\" alt=\"Carole Kohler, Mischtechnik auf Leinwand, singulart, internationale K\u00fcnstlerin, Bilder in Mischtechnik, Prix de La Sarrazine, PARLEO, \u00fcnstlerresidenz im Kirsten-Kjaer-Museum in D\u00e4nemark, Galleria Kr\u00f6ger, Ascona, Lago Maggiore, Biennale Venedig, European Cultural Centers, Palazzo Mora\" data-full=\"https:\/\/galleria-kroeger.ch\/wp-content\/uploads\/2024\/02\/Harzig-80x60cm.jpeg\" title=\"\" crop=\"\" width=\"480\" height=\"574\" src=\"https:\/\/galleria-kroeger.ch\/wp-content\/uploads\/2024\/02\/Harzig-80x60cm.jpeg\" data-src=\"https:\/\/galleria-kroeger.ch\/wp-content\/uploads\/2024\/02\/Harzig-80x60cm.jpeg\" data-caption=\"&lt;strong&gt;Harzig&lt;\/strong&gt;&lt;br&gt;\nMischtechnik auf Leinwand, 2019&lt;br&gt;\n75 x 60 cm\" srcset=\"https:\/\/galleria-kroeger.ch\/wp-content\/uploads\/2024\/02\/Harzig-80x60cm-20x24.jpeg 20w, https:\/\/galleria-kroeger.ch\/wp-content\/uploads\/2024\/02\/Harzig-80x60cm-30x36.jpeg 30w, https:\/\/galleria-kroeger.ch\/wp-content\/uploads\/2024\/02\/Harzig-80x60cm-40x48.jpeg 40w, https:\/\/galleria-kroeger.ch\/wp-content\/uploads\/2024\/02\/Harzig-80x60cm-200x239.jpeg 200w, https:\/\/galleria-kroeger.ch\/wp-content\/uploads\/2024\/02\/Harzig-80x60cm-251x300.jpeg 251w, https:\/\/galleria-kroeger.ch\/wp-content\/uploads\/2024\/02\/Harzig-80x60cm-400x478.jpeg 400w, https:\/\/galleria-kroeger.ch\/wp-content\/uploads\/2024\/02\/Harzig-80x60cm.jpeg 480w\" sizes=\"(max-width: 480px) 100vw, 480px\" \/>\n\t\t<div class=\"figc no-title\">\n\t\t\t<div class=\"figc-inner\">\n\t\t\t\t\t\t\t\t\t\t\t\t\t\t\t<\/div>\n\t\t<\/div>\n\n\t<\/div>\n\n<\/div><div class=\"modula-item effect-quiet jtg-filter-all jtg-filter-\" >\n\t<div class=\"modula-item-overlay\"><\/div>\n\n\t<div class=\"modula-item-content\">\n\n\t\t<a data-image-id=\"3599\" role=\"button\" tabindex=\"0\" href=\"https:\/\/galleria-kroeger.ch\/wp-content\/uploads\/2024\/07\/Even-ing-3.jpg\" rel=\"jtg-2745\" data-caption=\"&lt;p&gt;&lt;strong&gt;even-ing&lt;\/strong&gt;&lt;br&gt;\nMischtechnik auf Leinwand, 2019&lt;br&gt;\n90 x 80 cm&lt;\/p&gt;\" aria-label=\"Open image in lightbox\" data-thumb=\"https:\/\/galleria-kroeger.ch\/wp-content\/uploads\/2024\/07\/Even-ing-3-150x150.jpg\" class=\"tile-inner modula-item-link\"><\/a><img decoding=\"async\" class=\"pic wp-image-3599\"  data-valign=\"middle\" data-halign=\"center\" alt=\"Carole Kohler, singulart, internationale K\u00fcnstlerin, Bilder in Mischtechnik, Prix de La Sarrazine, PARLEO, \u00fcnstlerresidenz im Kirsten-Kjaer-Museum in D\u00e4nemark, Galleria Kr\u00f6ger, Ascona, Lago Maggiore\" data-full=\"https:\/\/galleria-kroeger.ch\/wp-content\/uploads\/2024\/07\/Even-ing-3.jpg\" title=\"\" crop=\"\" width=\"838\" height=\"938\" src=\"https:\/\/galleria-kroeger.ch\/wp-content\/uploads\/2024\/07\/Even-ing-3.jpg\" data-src=\"https:\/\/galleria-kroeger.ch\/wp-content\/uploads\/2024\/07\/Even-ing-3.jpg\" data-caption=\"&lt;strong&gt;even-ing&lt;\/strong&gt;&lt;br&gt;\nMischtechnik auf Leinwand, 2019&lt;br&gt;\n90 x 80 cm\" srcset=\"https:\/\/galleria-kroeger.ch\/wp-content\/uploads\/2024\/07\/Even-ing-3-21x24.jpg 21w, https:\/\/galleria-kroeger.ch\/wp-content\/uploads\/2024\/07\/Even-ing-3-32x36.jpg 32w, https:\/\/galleria-kroeger.ch\/wp-content\/uploads\/2024\/07\/Even-ing-3-43x48.jpg 43w, https:\/\/galleria-kroeger.ch\/wp-content\/uploads\/2024\/07\/Even-ing-3-200x224.jpg 200w, https:\/\/galleria-kroeger.ch\/wp-content\/uploads\/2024\/07\/Even-ing-3-268x300.jpg 268w, https:\/\/galleria-kroeger.ch\/wp-content\/uploads\/2024\/07\/Even-ing-3-400x448.jpg 400w, https:\/\/galleria-kroeger.ch\/wp-content\/uploads\/2024\/07\/Even-ing-3-600x672.jpg 600w, https:\/\/galleria-kroeger.ch\/wp-content\/uploads\/2024\/07\/Even-ing-3-768x860.jpg 768w, https:\/\/galleria-kroeger.ch\/wp-content\/uploads\/2024\/07\/Even-ing-3-800x895.jpg 800w, https:\/\/galleria-kroeger.ch\/wp-content\/uploads\/2024\/07\/Even-ing-3.jpg 838w\" sizes=\"(max-width: 838px) 100vw, 838px\" \/>\n\t\t<div class=\"figc no-title\">\n\t\t\t<div class=\"figc-inner\">\n\t\t\t\t\t\t\t\t\t\t\t\t\t\t\t<\/div>\n\t\t<\/div>\n\n\t<\/div>\n\n<\/div><div class=\"modula-item effect-quiet jtg-filter-all jtg-filter-\" >\n\t<div class=\"modula-item-overlay\"><\/div>\n\n\t<div class=\"modula-item-content\">\n\n\t\t<a data-image-id=\"2767\" role=\"button\" tabindex=\"0\" href=\"https:\/\/galleria-kroeger.ch\/wp-content\/uploads\/2023\/03\/Cascade-1-80-x-80-cm.jpeg\" rel=\"jtg-2745\" data-caption=\"&lt;p&gt;&lt;strong&gt;Cascade 1&lt;\/strong&gt;&lt;br&gt;\nMischtechnik auf Leinwand, 2019&lt;br&gt;\n80 x 80 cm&lt;\/p&gt;\" aria-label=\"Open image in lightbox\" data-thumb=\"https:\/\/galleria-kroeger.ch\/wp-content\/uploads\/2023\/03\/Cascade-1-80-x-80-cm-150x150.jpeg\" class=\"tile-inner modula-item-link\"><\/a><img decoding=\"async\" class=\"pic wp-image-2767\"  data-valign=\"middle\" data-halign=\"center\" alt=\"Carole Kohler, singulart, internationale K\u00fcnstlerin, Bilder in Mischtechnik, Prix de La Sarrazine, PARLEO, \u00fcnstlerresidenz im Kirsten-Kjaer-Museum in D\u00e4nemark, Galleria Kr\u00f6ger, Ascona, Lago Maggiore\" data-full=\"https:\/\/galleria-kroeger.ch\/wp-content\/uploads\/2023\/03\/Cascade-1-80-x-80-cm.jpeg\" title=\"\" crop=\"\" width=\"1024\" height=\"1024\" src=\"https:\/\/galleria-kroeger.ch\/wp-content\/uploads\/2023\/03\/Cascade-1-80-x-80-cm-1024x1024.jpeg\" data-src=\"https:\/\/galleria-kroeger.ch\/wp-content\/uploads\/2023\/03\/Cascade-1-80-x-80-cm-1024x1024.jpeg\" data-caption=\"&lt;strong&gt;Cascade 1&lt;\/strong&gt;&lt;br&gt;\nMischtechnik auf Leinwand, 2019&lt;br&gt;\n80 x 80 cm\" srcset=\"https:\/\/galleria-kroeger.ch\/wp-content\/uploads\/2023\/03\/Cascade-1-80-x-80-cm-24x24.jpeg 24w, https:\/\/galleria-kroeger.ch\/wp-content\/uploads\/2023\/03\/Cascade-1-80-x-80-cm-36x36.jpeg 36w, https:\/\/galleria-kroeger.ch\/wp-content\/uploads\/2023\/03\/Cascade-1-80-x-80-cm-48x48.jpeg 48w, https:\/\/galleria-kroeger.ch\/wp-content\/uploads\/2023\/03\/Cascade-1-80-x-80-cm-66x66.jpeg 66w, https:\/\/galleria-kroeger.ch\/wp-content\/uploads\/2023\/03\/Cascade-1-80-x-80-cm-150x150.jpeg 150w, https:\/\/galleria-kroeger.ch\/wp-content\/uploads\/2023\/03\/Cascade-1-80-x-80-cm-200x200.jpeg 200w, https:\/\/galleria-kroeger.ch\/wp-content\/uploads\/2023\/03\/Cascade-1-80-x-80-cm-300x300.jpeg 300w, https:\/\/galleria-kroeger.ch\/wp-content\/uploads\/2023\/03\/Cascade-1-80-x-80-cm-400x400.jpeg 400w, https:\/\/galleria-kroeger.ch\/wp-content\/uploads\/2023\/03\/Cascade-1-80-x-80-cm-600x601.jpeg 600w, https:\/\/galleria-kroeger.ch\/wp-content\/uploads\/2023\/03\/Cascade-1-80-x-80-cm-768x769.jpeg 768w, https:\/\/galleria-kroeger.ch\/wp-content\/uploads\/2023\/03\/Cascade-1-80-x-80-cm-800x801.jpeg 800w, https:\/\/galleria-kroeger.ch\/wp-content\/uploads\/2023\/03\/Cascade-1-80-x-80-cm-1024x1024.jpeg 1024w, https:\/\/galleria-kroeger.ch\/wp-content\/uploads\/2023\/03\/Cascade-1-80-x-80-cm-1200x1201.jpeg 1200w, https:\/\/galleria-kroeger.ch\/wp-content\/uploads\/2023\/03\/Cascade-1-80-x-80-cm-1534x1536.jpeg 1534w, https:\/\/galleria-kroeger.ch\/wp-content\/uploads\/2023\/03\/Cascade-1-80-x-80-cm.jpeg 1602w\" sizes=\"(max-width: 1024px) 100vw, 1024px\" \/>\n\t\t<div class=\"figc no-title\">\n\t\t\t<div class=\"figc-inner\">\n\t\t\t\t\t\t\t\t\t\t\t\t\t\t\t<\/div>\n\t\t<\/div>\n\n\t<\/div>\n\n<\/div><div class=\"modula-item effect-quiet jtg-filter-all jtg-filter-\" >\n\t<div class=\"modula-item-overlay\"><\/div>\n\n\t<div class=\"modula-item-content\">\n\n\t\t<a data-image-id=\"2770\" role=\"button\" tabindex=\"0\" href=\"https:\/\/galleria-kroeger.ch\/wp-content\/uploads\/2023\/03\/Cascade-2-75-x-80-cm.jpeg\" rel=\"jtg-2745\" data-caption=\"&lt;p&gt;&lt;strong&gt;Cascade 2&lt;\/strong&gt;&lt;br&gt;\nMischtechnik auf Leinwand, 2019&lt;br&gt;\n75 x 80 cm&lt;\/p&gt;\" aria-label=\"Open image in lightbox\" data-thumb=\"https:\/\/galleria-kroeger.ch\/wp-content\/uploads\/2023\/03\/Cascade-2-75-x-80-cm-150x150.jpeg\" class=\"tile-inner modula-item-link\"><\/a><img decoding=\"async\" class=\"pic wp-image-2770\"  data-valign=\"middle\" data-halign=\"center\" alt=\"Carole Kohler, singulart, internationale K\u00fcnstlerin, Bilder in Mischtechnik, Prix de La Sarrazine, PARLEO, \u00fcnstlerresidenz im Kirsten-Kjaer-Museum in D\u00e4nemark, Galleria Kr\u00f6ger, Ascona, Lago Maggiore\" data-full=\"https:\/\/galleria-kroeger.ch\/wp-content\/uploads\/2023\/03\/Cascade-2-75-x-80-cm.jpeg\" title=\"\" crop=\"\" width=\"1024\" height=\"941\" src=\"https:\/\/galleria-kroeger.ch\/wp-content\/uploads\/2023\/03\/Cascade-2-75-x-80-cm-1024x941.jpeg\" data-src=\"https:\/\/galleria-kroeger.ch\/wp-content\/uploads\/2023\/03\/Cascade-2-75-x-80-cm-1024x941.jpeg\" data-caption=\"&lt;strong&gt;Cascade 2&lt;\/strong&gt;&lt;br&gt;\nMischtechnik auf Leinwand, 2019&lt;br&gt;\n75 x 80 cm\" srcset=\"https:\/\/galleria-kroeger.ch\/wp-content\/uploads\/2023\/03\/Cascade-2-75-x-80-cm-24x22.jpeg 24w, https:\/\/galleria-kroeger.ch\/wp-content\/uploads\/2023\/03\/Cascade-2-75-x-80-cm-36x33.jpeg 36w, https:\/\/galleria-kroeger.ch\/wp-content\/uploads\/2023\/03\/Cascade-2-75-x-80-cm-48x44.jpeg 48w, https:\/\/galleria-kroeger.ch\/wp-content\/uploads\/2023\/03\/Cascade-2-75-x-80-cm-200x184.jpeg 200w, https:\/\/galleria-kroeger.ch\/wp-content\/uploads\/2023\/03\/Cascade-2-75-x-80-cm-300x276.jpeg 300w, https:\/\/galleria-kroeger.ch\/wp-content\/uploads\/2023\/03\/Cascade-2-75-x-80-cm-400x367.jpeg 400w, https:\/\/galleria-kroeger.ch\/wp-content\/uploads\/2023\/03\/Cascade-2-75-x-80-cm-600x551.jpeg 600w, https:\/\/galleria-kroeger.ch\/wp-content\/uploads\/2023\/03\/Cascade-2-75-x-80-cm-768x705.jpeg 768w, https:\/\/galleria-kroeger.ch\/wp-content\/uploads\/2023\/03\/Cascade-2-75-x-80-cm-800x735.jpeg 800w, https:\/\/galleria-kroeger.ch\/wp-content\/uploads\/2023\/03\/Cascade-2-75-x-80-cm-1024x941.jpeg 1024w, https:\/\/galleria-kroeger.ch\/wp-content\/uploads\/2023\/03\/Cascade-2-75-x-80-cm-1200x1102.jpeg 1200w, https:\/\/galleria-kroeger.ch\/wp-content\/uploads\/2023\/03\/Cascade-2-75-x-80-cm-1536x1411.jpeg 1536w, https:\/\/galleria-kroeger.ch\/wp-content\/uploads\/2023\/03\/Cascade-2-75-x-80-cm.jpeg 1744w\" sizes=\"(max-width: 1024px) 100vw, 1024px\" \/>\n\t\t<div class=\"figc no-title\">\n\t\t\t<div class=\"figc-inner\">\n\t\t\t\t\t\t\t\t\t\t\t\t\t\t\t<\/div>\n\t\t<\/div>\n\n\t<\/div>\n\n<\/div><div class=\"modula-item effect-quiet jtg-filter-all jtg-filter-\" >\n\t<div class=\"modula-item-overlay\"><\/div>\n\n\t<div class=\"modula-item-content\">\n\n\t\t<a data-image-id=\"2803\" role=\"button\" tabindex=\"0\" href=\"https:\/\/galleria-kroeger.ch\/wp-content\/uploads\/2023\/03\/Heat-100-x-120-cm.jpeg\" rel=\"jtg-2745\" data-caption=\"&lt;p&gt;&lt;strong&gt;Heat&lt;\/strong&gt;&lt;br&gt;\nMischtechnik auf Leinwand, 2022&lt;br&gt;\n100 x 120 cm&lt;\/p&gt;\" aria-label=\"Open image in lightbox\" data-thumb=\"https:\/\/galleria-kroeger.ch\/wp-content\/uploads\/2023\/03\/Heat-100-x-120-cm-150x150.jpeg\" class=\"tile-inner modula-item-link\"><\/a><img decoding=\"async\" class=\"pic wp-image-2803\"  data-valign=\"middle\" data-halign=\"center\" alt=\"Carole Kohler, Mischtechnik auf Leinwand, singulart, internationale K\u00fcnstlerin, Bilder in Mischtechnik, Prix de La Sarrazine, PARLEO, \u00fcnstlerresidenz im Kirsten-Kjaer-Museum in D\u00e4nemark, Galleria Kr\u00f6ger, Ascona, Lago Maggiore\" data-full=\"https:\/\/galleria-kroeger.ch\/wp-content\/uploads\/2023\/03\/Heat-100-x-120-cm.jpeg\" title=\"\" crop=\"\" width=\"1024\" height=\"855\" src=\"https:\/\/galleria-kroeger.ch\/wp-content\/uploads\/2023\/03\/Heat-100-x-120-cm-1024x855.jpeg\" data-src=\"https:\/\/galleria-kroeger.ch\/wp-content\/uploads\/2023\/03\/Heat-100-x-120-cm-1024x855.jpeg\" data-caption=\"&lt;strong&gt;Heat&lt;\/strong&gt;&lt;br&gt;\nMischtechnik auf Leinwand, 2022&lt;br&gt;\n100 x 120 cm\" srcset=\"https:\/\/galleria-kroeger.ch\/wp-content\/uploads\/2023\/03\/Heat-100-x-120-cm-24x20.jpeg 24w, https:\/\/galleria-kroeger.ch\/wp-content\/uploads\/2023\/03\/Heat-100-x-120-cm-36x30.jpeg 36w, https:\/\/galleria-kroeger.ch\/wp-content\/uploads\/2023\/03\/Heat-100-x-120-cm-48x40.jpeg 48w, https:\/\/galleria-kroeger.ch\/wp-content\/uploads\/2023\/03\/Heat-100-x-120-cm-200x167.jpeg 200w, https:\/\/galleria-kroeger.ch\/wp-content\/uploads\/2023\/03\/Heat-100-x-120-cm-300x250.jpeg 300w, https:\/\/galleria-kroeger.ch\/wp-content\/uploads\/2023\/03\/Heat-100-x-120-cm-400x334.jpeg 400w, https:\/\/galleria-kroeger.ch\/wp-content\/uploads\/2023\/03\/Heat-100-x-120-cm-600x501.jpeg 600w, https:\/\/galleria-kroeger.ch\/wp-content\/uploads\/2023\/03\/Heat-100-x-120-cm-768x641.jpeg 768w, https:\/\/galleria-kroeger.ch\/wp-content\/uploads\/2023\/03\/Heat-100-x-120-cm-800x668.jpeg 800w, https:\/\/galleria-kroeger.ch\/wp-content\/uploads\/2023\/03\/Heat-100-x-120-cm-1024x855.jpeg 1024w, https:\/\/galleria-kroeger.ch\/wp-content\/uploads\/2023\/03\/Heat-100-x-120-cm-1200x1002.jpeg 1200w, https:\/\/galleria-kroeger.ch\/wp-content\/uploads\/2023\/03\/Heat-100-x-120-cm-1536x1282.jpeg 1536w, https:\/\/galleria-kroeger.ch\/wp-content\/uploads\/2023\/03\/Heat-100-x-120-cm.jpeg 1780w\" sizes=\"(max-width: 1024px) 100vw, 1024px\" \/>\n\t\t<div class=\"figc no-title\">\n\t\t\t<div class=\"figc-inner\">\n\t\t\t\t\t\t\t\t\t\t\t\t\t\t\t<\/div>\n\t\t<\/div>\n\n\t<\/div>\n\n<\/div><div class=\"modula-item effect-quiet jtg-filter-all jtg-filter-\" >\n\t<div class=\"modula-item-overlay\"><\/div>\n\n\t<div class=\"modula-item-content\">\n\n\t\t<a data-image-id=\"3349\" role=\"button\" tabindex=\"0\" href=\"https:\/\/galleria-kroeger.ch\/wp-content\/uploads\/2024\/02\/Birds-View-2-90-x-90-cm-2017-1.jpeg\" rel=\"jtg-2745\" data-caption=\"&lt;p&gt;&lt;strong&gt;Birds View 2&lt;\/strong&gt;&lt;br&gt;\nMischtechnik auf Leinwand, 2017&lt;br&gt;\n90 x 90 cm&lt;\/p&gt;\" aria-label=\"Open image in lightbox\" data-thumb=\"https:\/\/galleria-kroeger.ch\/wp-content\/uploads\/2024\/02\/Birds-View-2-90-x-90-cm-2017-1-150x150.jpeg\" class=\"tile-inner modula-item-link\"><\/a><img decoding=\"async\" class=\"pic wp-image-3349\"  data-valign=\"middle\" data-halign=\"center\" alt=\"Carole Kohler, Mischtechnik auf Leinwand, singulart, internationale K\u00fcnstlerin, Bilder in Mischtechnik, Prix de La Sarrazine, PARLEO, \u00fcnstlerresidenz im Kirsten-Kjaer-Museum in D\u00e4nemark, Galleria Kr\u00f6ger, Ascona, Lago Maggiore\" data-full=\"https:\/\/galleria-kroeger.ch\/wp-content\/uploads\/2024\/02\/Birds-View-2-90-x-90-cm-2017-1.jpeg\" title=\"\" crop=\"\" width=\"1024\" height=\"1020\" src=\"https:\/\/galleria-kroeger.ch\/wp-content\/uploads\/2024\/02\/Birds-View-2-90-x-90-cm-2017-1-1024x1020.jpeg\" data-src=\"https:\/\/galleria-kroeger.ch\/wp-content\/uploads\/2024\/02\/Birds-View-2-90-x-90-cm-2017-1-1024x1020.jpeg\" data-caption=\"&lt;strong&gt;Birds View 2&lt;\/strong&gt;&lt;br&gt;\nMischtechnik auf Leinwand, 2017&lt;br&gt;\n90 x 90 cm\" srcset=\"https:\/\/galleria-kroeger.ch\/wp-content\/uploads\/2024\/02\/Birds-View-2-90-x-90-cm-2017-1-24x24.jpeg 24w, https:\/\/galleria-kroeger.ch\/wp-content\/uploads\/2024\/02\/Birds-View-2-90-x-90-cm-2017-1-36x36.jpeg 36w, https:\/\/galleria-kroeger.ch\/wp-content\/uploads\/2024\/02\/Birds-View-2-90-x-90-cm-2017-1-48x48.jpeg 48w, https:\/\/galleria-kroeger.ch\/wp-content\/uploads\/2024\/02\/Birds-View-2-90-x-90-cm-2017-1-66x66.jpeg 66w, https:\/\/galleria-kroeger.ch\/wp-content\/uploads\/2024\/02\/Birds-View-2-90-x-90-cm-2017-1-150x150.jpeg 150w, https:\/\/galleria-kroeger.ch\/wp-content\/uploads\/2024\/02\/Birds-View-2-90-x-90-cm-2017-1-200x199.jpeg 200w, https:\/\/galleria-kroeger.ch\/wp-content\/uploads\/2024\/02\/Birds-View-2-90-x-90-cm-2017-1-300x300.jpeg 300w, https:\/\/galleria-kroeger.ch\/wp-content\/uploads\/2024\/02\/Birds-View-2-90-x-90-cm-2017-1-400x398.jpeg 400w, https:\/\/galleria-kroeger.ch\/wp-content\/uploads\/2024\/02\/Birds-View-2-90-x-90-cm-2017-1-600x597.jpeg 600w, https:\/\/galleria-kroeger.ch\/wp-content\/uploads\/2024\/02\/Birds-View-2-90-x-90-cm-2017-1-768x765.jpeg 768w, https:\/\/galleria-kroeger.ch\/wp-content\/uploads\/2024\/02\/Birds-View-2-90-x-90-cm-2017-1-800x797.jpeg 800w, https:\/\/galleria-kroeger.ch\/wp-content\/uploads\/2024\/02\/Birds-View-2-90-x-90-cm-2017-1-1024x1020.jpeg 1024w, https:\/\/galleria-kroeger.ch\/wp-content\/uploads\/2024\/02\/Birds-View-2-90-x-90-cm-2017-1-1200x1195.jpeg 1200w, https:\/\/galleria-kroeger.ch\/wp-content\/uploads\/2024\/02\/Birds-View-2-90-x-90-cm-2017-1.jpeg 1427w\" sizes=\"(max-width: 1024px) 100vw, 1024px\" \/>\n\t\t<div class=\"figc no-title\">\n\t\t\t<div class=\"figc-inner\">\n\t\t\t\t\t\t\t\t\t\t\t\t\t\t\t<\/div>\n\t\t<\/div>\n\n\t<\/div>\n\n<\/div><div class=\"modula-item effect-quiet jtg-filter-all jtg-filter-\" >\n\t<div class=\"modula-item-overlay\"><\/div>\n\n\t<div class=\"modula-item-content\">\n\n\t\t<a data-image-id=\"2791\" role=\"button\" tabindex=\"0\" href=\"https:\/\/galleria-kroeger.ch\/wp-content\/uploads\/2023\/03\/G8-1-80-x-80-cm.jpeg\" rel=\"jtg-2745\" data-caption=\"&lt;p&gt;&lt;strong&gt;G8 2&lt;\/strong&gt;&lt;br&gt;\nMischtechnik auf Leinwand, 2019&lt;br&gt;\n80 x 80 cm&lt;\/p&gt;\" aria-label=\"Open image in lightbox\" data-thumb=\"https:\/\/galleria-kroeger.ch\/wp-content\/uploads\/2023\/03\/G8-1-80-x-80-cm-150x150.jpeg\" class=\"tile-inner modula-item-link\"><\/a><img decoding=\"async\" class=\"pic wp-image-2791\"  data-valign=\"middle\" data-halign=\"center\" alt=\"Carole Kohler, singulart, internationale K\u00fcnstlerin, Bilder in Mischtechnik, Prix de La Sarrazine, PARLEO, \u00fcnstlerresidenz im Kirsten-Kjaer-Museum in D\u00e4nemark, Galleria Kr\u00f6ger, Ascona, Lago Maggiore\" data-full=\"https:\/\/galleria-kroeger.ch\/wp-content\/uploads\/2023\/03\/G8-1-80-x-80-cm.jpeg\" title=\"\" crop=\"\" width=\"1024\" height=\"1015\" src=\"https:\/\/galleria-kroeger.ch\/wp-content\/uploads\/2023\/03\/G8-1-80-x-80-cm-1024x1015.jpeg\" data-src=\"https:\/\/galleria-kroeger.ch\/wp-content\/uploads\/2023\/03\/G8-1-80-x-80-cm-1024x1015.jpeg\" data-caption=\"&lt;strong&gt;G8 2&lt;\/strong&gt;&lt;br&gt;\nMischtechnik auf Leinwand, 2019&lt;br&gt;\n80 x 80 cm\" srcset=\"https:\/\/galleria-kroeger.ch\/wp-content\/uploads\/2023\/03\/G8-1-80-x-80-cm-24x24.jpeg 24w, https:\/\/galleria-kroeger.ch\/wp-content\/uploads\/2023\/03\/G8-1-80-x-80-cm-36x36.jpeg 36w, https:\/\/galleria-kroeger.ch\/wp-content\/uploads\/2023\/03\/G8-1-80-x-80-cm-48x48.jpeg 48w, https:\/\/galleria-kroeger.ch\/wp-content\/uploads\/2023\/03\/G8-1-80-x-80-cm-66x66.jpeg 66w, https:\/\/galleria-kroeger.ch\/wp-content\/uploads\/2023\/03\/G8-1-80-x-80-cm-150x150.jpeg 150w, https:\/\/galleria-kroeger.ch\/wp-content\/uploads\/2023\/03\/G8-1-80-x-80-cm-200x198.jpeg 200w, https:\/\/galleria-kroeger.ch\/wp-content\/uploads\/2023\/03\/G8-1-80-x-80-cm-300x297.jpeg 300w, https:\/\/galleria-kroeger.ch\/wp-content\/uploads\/2023\/03\/G8-1-80-x-80-cm-400x397.jpeg 400w, https:\/\/galleria-kroeger.ch\/wp-content\/uploads\/2023\/03\/G8-1-80-x-80-cm-600x595.jpeg 600w, https:\/\/galleria-kroeger.ch\/wp-content\/uploads\/2023\/03\/G8-1-80-x-80-cm-768x761.jpeg 768w, https:\/\/galleria-kroeger.ch\/wp-content\/uploads\/2023\/03\/G8-1-80-x-80-cm-800x793.jpeg 800w, https:\/\/galleria-kroeger.ch\/wp-content\/uploads\/2023\/03\/G8-1-80-x-80-cm-1024x1015.jpeg 1024w, https:\/\/galleria-kroeger.ch\/wp-content\/uploads\/2023\/03\/G8-1-80-x-80-cm-1200x1190.jpeg 1200w, https:\/\/galleria-kroeger.ch\/wp-content\/uploads\/2023\/03\/G8-1-80-x-80-cm-1536x1523.jpeg 1536w, https:\/\/galleria-kroeger.ch\/wp-content\/uploads\/2023\/03\/G8-1-80-x-80-cm.jpeg 1612w\" sizes=\"(max-width: 1024px) 100vw, 1024px\" \/>\n\t\t<div class=\"figc no-title\">\n\t\t\t<div class=\"figc-inner\">\n\t\t\t\t\t\t\t\t\t\t\t\t\t\t\t<\/div>\n\t\t<\/div>\n\n\t<\/div>\n\n<\/div><div class=\"modula-item effect-quiet jtg-filter-all jtg-filter-\" >\n\t<div class=\"modula-item-overlay\"><\/div>\n\n\t<div class=\"modula-item-content\">\n\n\t\t<a data-image-id=\"4260\" role=\"button\" tabindex=\"0\" href=\"https:\/\/galleria-kroeger.ch\/wp-content\/uploads\/2025\/03\/Naalehu_160-x-120-cm.jpeg\" rel=\"jtg-2745\" data-caption=\"&lt;p&gt;&lt;strong&gt;Na&#039;alehu&lt;\/strong&gt;&lt;br&gt;\nMischtechnik auf Leinwand, 2025&lt;br&gt;\n160 x 120 cm&lt;\/p&gt;\" aria-label=\"Open image in lightbox\" data-thumb=\"https:\/\/galleria-kroeger.ch\/wp-content\/uploads\/2025\/03\/Naalehu_160-x-120-cm-150x150.jpeg\" class=\"tile-inner modula-item-link\"><\/a><img decoding=\"async\" class=\"pic wp-image-4260\"  data-valign=\"middle\" data-halign=\"center\" alt=\"Carole Kohler, singulart, internationale K\u00fcnstlerin, Bilder in Mischtechnik, Prix de La Sarrazine, PARLEO, \u00fcnstlerresidenz im Kirsten-Kjaer-Museum in D\u00e4nemark, Galleria Kr\u00f6ger, Ascona, Lago Maggiore, Erinnerungen an Hawaii\" data-full=\"https:\/\/galleria-kroeger.ch\/wp-content\/uploads\/2025\/03\/Naalehu_160-x-120-cm.jpeg\" title=\"\" crop=\"\" width=\"769\" height=\"1024\" src=\"https:\/\/galleria-kroeger.ch\/wp-content\/uploads\/2025\/03\/Naalehu_160-x-120-cm-769x1024.jpeg\" data-src=\"https:\/\/galleria-kroeger.ch\/wp-content\/uploads\/2025\/03\/Naalehu_160-x-120-cm-769x1024.jpeg\" data-caption=\"&lt;strong&gt;Na&#039;alehu&lt;\/strong&gt;&lt;br&gt;\nMischtechnik auf Leinwand, 2025&lt;br&gt;\n160 x 120 cm\" srcset=\"https:\/\/galleria-kroeger.ch\/wp-content\/uploads\/2025\/03\/Naalehu_160-x-120-cm-18x24.jpeg 18w, https:\/\/galleria-kroeger.ch\/wp-content\/uploads\/2025\/03\/Naalehu_160-x-120-cm-27x36.jpeg 27w, https:\/\/galleria-kroeger.ch\/wp-content\/uploads\/2025\/03\/Naalehu_160-x-120-cm-36x48.jpeg 36w, https:\/\/galleria-kroeger.ch\/wp-content\/uploads\/2025\/03\/Naalehu_160-x-120-cm-200x266.jpeg 200w, https:\/\/galleria-kroeger.ch\/wp-content\/uploads\/2025\/03\/Naalehu_160-x-120-cm-225x300.jpeg 225w, https:\/\/galleria-kroeger.ch\/wp-content\/uploads\/2025\/03\/Naalehu_160-x-120-cm-400x533.jpeg 400w, https:\/\/galleria-kroeger.ch\/wp-content\/uploads\/2025\/03\/Naalehu_160-x-120-cm-600x799.jpeg 600w, https:\/\/galleria-kroeger.ch\/wp-content\/uploads\/2025\/03\/Naalehu_160-x-120-cm-768x1023.jpeg 768w, https:\/\/galleria-kroeger.ch\/wp-content\/uploads\/2025\/03\/Naalehu_160-x-120-cm-769x1024.jpeg 769w, https:\/\/galleria-kroeger.ch\/wp-content\/uploads\/2025\/03\/Naalehu_160-x-120-cm-800x1066.jpeg 800w, https:\/\/galleria-kroeger.ch\/wp-content\/uploads\/2025\/03\/Naalehu_160-x-120-cm-1153x1536.jpeg 1153w, https:\/\/galleria-kroeger.ch\/wp-content\/uploads\/2025\/03\/Naalehu_160-x-120-cm-1200x1599.jpeg 1200w, https:\/\/galleria-kroeger.ch\/wp-content\/uploads\/2025\/03\/Naalehu_160-x-120-cm.jpeg 1537w\" sizes=\"(max-width: 769px) 100vw, 769px\" \/>\n\t\t<div class=\"figc no-title\">\n\t\t\t<div class=\"figc-inner\">\n\t\t\t\t\t\t\t\t\t\t\t\t\t\t\t<\/div>\n\t\t<\/div>\n\n\t<\/div>\n\n<\/div><div class=\"modula-item effect-quiet jtg-filter-all jtg-filter-\" >\n\t<div class=\"modula-item-overlay\"><\/div>\n\n\t<div class=\"modula-item-content\">\n\n\t\t<a data-image-id=\"4281\" role=\"button\" tabindex=\"0\" href=\"https:\/\/galleria-kroeger.ch\/wp-content\/uploads\/2025\/03\/Ulaula_140-x-120-cm.jpeg\" rel=\"jtg-2745\" data-caption=\"&lt;p&gt;&lt;strong&gt;&#039;Ula&#039;ula&lt;\/strong&gt;&lt;br&gt;\nMischtechnik auf Leinwand, 2025&lt;br&gt;\n120 x 140 cm&lt;\/p&gt;\" aria-label=\"Open image in lightbox\" data-thumb=\"https:\/\/galleria-kroeger.ch\/wp-content\/uploads\/2025\/03\/Ulaula_140-x-120-cm-150x150.jpeg\" class=\"tile-inner modula-item-link\"><\/a><img decoding=\"async\" class=\"pic wp-image-4281\"  data-valign=\"middle\" data-halign=\"center\" alt=\"Carole Kohler, singulart, internationale K\u00fcnstlerin, Bilder in Mischtechnik, Prix de La Sarrazine, PARLEO, \u00fcnstlerresidenz im Kirsten-Kjaer-Museum in D\u00e4nemark, Galleria Kr\u00f6ger, Ascona, Lago Maggiore, Erinnerungen an Hawaii\" data-full=\"https:\/\/galleria-kroeger.ch\/wp-content\/uploads\/2025\/03\/Ulaula_140-x-120-cm.jpeg\" title=\"\" crop=\"\" width=\"1024\" height=\"864\" src=\"https:\/\/galleria-kroeger.ch\/wp-content\/uploads\/2025\/03\/Ulaula_140-x-120-cm-1024x864.jpeg\" data-src=\"https:\/\/galleria-kroeger.ch\/wp-content\/uploads\/2025\/03\/Ulaula_140-x-120-cm-1024x864.jpeg\" data-caption=\"&lt;strong&gt;&#039;Ula&#039;ula&lt;\/strong&gt;&lt;br&gt;\nMischtechnik auf Leinwand, 2025&lt;br&gt;\n120 x 140 cm\" srcset=\"https:\/\/galleria-kroeger.ch\/wp-content\/uploads\/2025\/03\/Ulaula_140-x-120-cm-24x20.jpeg 24w, https:\/\/galleria-kroeger.ch\/wp-content\/uploads\/2025\/03\/Ulaula_140-x-120-cm-36x30.jpeg 36w, https:\/\/galleria-kroeger.ch\/wp-content\/uploads\/2025\/03\/Ulaula_140-x-120-cm-48x41.jpeg 48w, https:\/\/galleria-kroeger.ch\/wp-content\/uploads\/2025\/03\/Ulaula_140-x-120-cm-200x169.jpeg 200w, https:\/\/galleria-kroeger.ch\/wp-content\/uploads\/2025\/03\/Ulaula_140-x-120-cm-300x253.jpeg 300w, https:\/\/galleria-kroeger.ch\/wp-content\/uploads\/2025\/03\/Ulaula_140-x-120-cm-400x338.jpeg 400w, https:\/\/galleria-kroeger.ch\/wp-content\/uploads\/2025\/03\/Ulaula_140-x-120-cm-600x506.jpeg 600w, https:\/\/galleria-kroeger.ch\/wp-content\/uploads\/2025\/03\/Ulaula_140-x-120-cm-768x648.jpeg 768w, https:\/\/galleria-kroeger.ch\/wp-content\/uploads\/2025\/03\/Ulaula_140-x-120-cm-800x675.jpeg 800w, https:\/\/galleria-kroeger.ch\/wp-content\/uploads\/2025\/03\/Ulaula_140-x-120-cm-1024x864.jpeg 1024w, https:\/\/galleria-kroeger.ch\/wp-content\/uploads\/2025\/03\/Ulaula_140-x-120-cm-1200x1013.jpeg 1200w, https:\/\/galleria-kroeger.ch\/wp-content\/uploads\/2025\/03\/Ulaula_140-x-120-cm-1536x1296.jpeg 1536w, https:\/\/galleria-kroeger.ch\/wp-content\/uploads\/2025\/03\/Ulaula_140-x-120-cm.jpeg 2048w\" sizes=\"(max-width: 1024px) 100vw, 1024px\" \/>\n\t\t<div class=\"figc no-title\">\n\t\t\t<div class=\"figc-inner\">\n\t\t\t\t\t\t\t\t\t\t\t\t\t\t\t<\/div>\n\t\t<\/div>\n\n\t<\/div>\n\n<\/div><div class=\"modula-item effect-quiet jtg-filter-all jtg-filter-\" >\n\t<div class=\"modula-item-overlay\"><\/div>\n\n\t<div class=\"modula-item-content\">\n\n\t\t<a data-image-id=\"2782\" role=\"button\" tabindex=\"0\" href=\"https:\/\/galleria-kroeger.ch\/wp-content\/uploads\/2023\/03\/Driftwood100-x-100-cm.jpeg\" rel=\"jtg-2745\" data-caption=\"&lt;p&gt;&lt;strong&gt;Drift-Wood&lt;\/strong&gt;&lt;br&gt;\nMischtechnik auf Leinwand, 2022&lt;br&gt;\n100 x 100 cm&lt;\/p&gt;\" aria-label=\"Open image in lightbox\" data-thumb=\"https:\/\/galleria-kroeger.ch\/wp-content\/uploads\/2023\/03\/Driftwood100-x-100-cm-150x150.jpeg\" class=\"tile-inner modula-item-link\"><\/a><img decoding=\"async\" class=\"pic wp-image-2782\"  data-valign=\"middle\" data-halign=\"center\" alt=\"Carole Kohler, singulart, internationale K\u00fcnstlerin, Bilder in Mischtechnik, Prix de La Sarrazine, PARLEO, \u00fcnstlerresidenz im Kirsten-Kjaer-Museum in D\u00e4nemark, Galleria Kr\u00f6ger, Ascona, Lago Maggiore\" data-full=\"https:\/\/galleria-kroeger.ch\/wp-content\/uploads\/2023\/03\/Driftwood100-x-100-cm.jpeg\" title=\"\" crop=\"\" width=\"1021\" height=\"1024\" src=\"https:\/\/galleria-kroeger.ch\/wp-content\/uploads\/2023\/03\/Driftwood100-x-100-cm-1021x1024.jpeg\" data-src=\"https:\/\/galleria-kroeger.ch\/wp-content\/uploads\/2023\/03\/Driftwood100-x-100-cm-1021x1024.jpeg\" data-caption=\"&lt;strong&gt;Drift-Wood&lt;\/strong&gt;&lt;br&gt;\nMischtechnik auf Leinwand, 2022&lt;br&gt;\n100 x 100 cm\" srcset=\"https:\/\/galleria-kroeger.ch\/wp-content\/uploads\/2023\/03\/Driftwood100-x-100-cm-24x24.jpeg 24w, https:\/\/galleria-kroeger.ch\/wp-content\/uploads\/2023\/03\/Driftwood100-x-100-cm-36x36.jpeg 36w, https:\/\/galleria-kroeger.ch\/wp-content\/uploads\/2023\/03\/Driftwood100-x-100-cm-48x48.jpeg 48w, https:\/\/galleria-kroeger.ch\/wp-content\/uploads\/2023\/03\/Driftwood100-x-100-cm-66x66.jpeg 66w, https:\/\/galleria-kroeger.ch\/wp-content\/uploads\/2023\/03\/Driftwood100-x-100-cm-150x150.jpeg 150w, https:\/\/galleria-kroeger.ch\/wp-content\/uploads\/2023\/03\/Driftwood100-x-100-cm-200x200.jpeg 200w, https:\/\/galleria-kroeger.ch\/wp-content\/uploads\/2023\/03\/Driftwood100-x-100-cm-300x300.jpeg 300w, https:\/\/galleria-kroeger.ch\/wp-content\/uploads\/2023\/03\/Driftwood100-x-100-cm-400x401.jpeg 400w, https:\/\/galleria-kroeger.ch\/wp-content\/uploads\/2023\/03\/Driftwood100-x-100-cm-600x601.jpeg 600w, https:\/\/galleria-kroeger.ch\/wp-content\/uploads\/2023\/03\/Driftwood100-x-100-cm-768x770.jpeg 768w, https:\/\/galleria-kroeger.ch\/wp-content\/uploads\/2023\/03\/Driftwood100-x-100-cm-800x802.jpeg 800w, https:\/\/galleria-kroeger.ch\/wp-content\/uploads\/2023\/03\/Driftwood100-x-100-cm-1021x1024.jpeg 1021w, https:\/\/galleria-kroeger.ch\/wp-content\/uploads\/2023\/03\/Driftwood100-x-100-cm-1200x1203.jpeg 1200w, https:\/\/galleria-kroeger.ch\/wp-content\/uploads\/2023\/03\/Driftwood100-x-100-cm-1532x1536.jpeg 1532w, https:\/\/galleria-kroeger.ch\/wp-content\/uploads\/2023\/03\/Driftwood100-x-100-cm.jpeg 1602w\" sizes=\"(max-width: 1021px) 100vw, 1021px\" \/>\n\t\t<div class=\"figc no-title\">\n\t\t\t<div class=\"figc-inner\">\n\t\t\t\t\t\t\t\t\t\t\t\t\t\t\t<\/div>\n\t\t<\/div>\n\n\t<\/div>\n\n<\/div><div class=\"modula-item effect-quiet jtg-filter-all jtg-filter-\" >\n\t<div class=\"modula-item-overlay\"><\/div>\n\n\t<div class=\"modula-item-content\">\n\n\t\t<a data-image-id=\"2785\" role=\"button\" tabindex=\"0\" href=\"https:\/\/galleria-kroeger.ch\/wp-content\/uploads\/2023\/03\/Edelganz-100-x-90-cm.jpeg\" rel=\"jtg-2745\" data-caption=\"&lt;p&gt;&lt;strong&gt;Edelglanz&lt;\/strong&gt;&lt;br&gt;\nMischtechnik auf Leinwand, 2018&lt;br&gt;\n100 x 90 cm&lt;\/p&gt;\" aria-label=\"Open image in lightbox\" data-thumb=\"https:\/\/galleria-kroeger.ch\/wp-content\/uploads\/2023\/03\/Edelganz-100-x-90-cm-150x150.jpeg\" class=\"tile-inner modula-item-link\"><\/a><img decoding=\"async\" class=\"pic wp-image-2785\"  data-valign=\"middle\" data-halign=\"center\" alt=\"Carole Kohler, singulart, internationale K\u00fcnstlerin, Bilder in Mischtechnik, Prix de La Sarrazine, PARLEO, \u00fcnstlerresidenz im Kirsten-Kjaer-Museum in D\u00e4nemark, Galleria Kr\u00f6ger, Ascona, Lago Maggiore\" data-full=\"https:\/\/galleria-kroeger.ch\/wp-content\/uploads\/2023\/03\/Edelganz-100-x-90-cm.jpeg\" title=\"\" crop=\"\" width=\"919\" height=\"1024\" src=\"https:\/\/galleria-kroeger.ch\/wp-content\/uploads\/2023\/03\/Edelganz-100-x-90-cm-919x1024.jpeg\" data-src=\"https:\/\/galleria-kroeger.ch\/wp-content\/uploads\/2023\/03\/Edelganz-100-x-90-cm-919x1024.jpeg\" data-caption=\"&lt;strong&gt;Edelglanz&lt;\/strong&gt;&lt;br&gt;\nMischtechnik auf Leinwand, 2018&lt;br&gt;\n100 x 90 cm\" srcset=\"https:\/\/galleria-kroeger.ch\/wp-content\/uploads\/2023\/03\/Edelganz-100-x-90-cm-22x24.jpeg 22w, https:\/\/galleria-kroeger.ch\/wp-content\/uploads\/2023\/03\/Edelganz-100-x-90-cm-32x36.jpeg 32w, https:\/\/galleria-kroeger.ch\/wp-content\/uploads\/2023\/03\/Edelganz-100-x-90-cm-43x48.jpeg 43w, https:\/\/galleria-kroeger.ch\/wp-content\/uploads\/2023\/03\/Edelganz-100-x-90-cm-200x223.jpeg 200w, https:\/\/galleria-kroeger.ch\/wp-content\/uploads\/2023\/03\/Edelganz-100-x-90-cm-269x300.jpeg 269w, https:\/\/galleria-kroeger.ch\/wp-content\/uploads\/2023\/03\/Edelganz-100-x-90-cm-400x446.jpeg 400w, https:\/\/galleria-kroeger.ch\/wp-content\/uploads\/2023\/03\/Edelganz-100-x-90-cm-600x668.jpeg 600w, https:\/\/galleria-kroeger.ch\/wp-content\/uploads\/2023\/03\/Edelganz-100-x-90-cm-768x856.jpeg 768w, https:\/\/galleria-kroeger.ch\/wp-content\/uploads\/2023\/03\/Edelganz-100-x-90-cm-800x891.jpeg 800w, https:\/\/galleria-kroeger.ch\/wp-content\/uploads\/2023\/03\/Edelganz-100-x-90-cm-919x1024.jpeg 919w, https:\/\/galleria-kroeger.ch\/wp-content\/uploads\/2023\/03\/Edelganz-100-x-90-cm-1200x1337.jpeg 1200w, https:\/\/galleria-kroeger.ch\/wp-content\/uploads\/2023\/03\/Edelganz-100-x-90-cm-1379x1536.jpeg 1379w, https:\/\/galleria-kroeger.ch\/wp-content\/uploads\/2023\/03\/Edelganz-100-x-90-cm.jpeg 1438w\" sizes=\"(max-width: 919px) 100vw, 919px\" \/>\n\t\t<div class=\"figc no-title\">\n\t\t\t<div class=\"figc-inner\">\n\t\t\t\t\t\t\t\t\t\t\t\t\t\t\t<\/div>\n\t\t<\/div>\n\n\t<\/div>\n\n<\/div>\t\t\n\t<\/div>\n\n\t\n\t\n\t<script type=\"application\/ld+json\">\n\t{\n\t\t\"@context\": \"http:\/\/schema.org\",\n\t\t\"@type\"   : \"ImageGallery\",\n\t\t\"id\"      : \"https:\/\/galleria-kroeger.ch\/de\/carole-kohler-de\/\",\n\t\t\"url\"     : \"https:\/\/galleria-kroeger.ch\/de\/carole-kohler-de\/\"\n\t}\n\n\t<\/script>\n\n\t\n<\/div>\n\n<\/div><\/div><\/div><div class=\"fusion-layout-column fusion_builder_column fusion-builder-column-1 fusion_builder_column_1_1 1_1 fusion-flex-column\" style=\"--awb-bg-size:cover;--awb-width-large:100%;--awb-margin-top-large:0px;--awb-spacing-right-large:1.92%;--awb-margin-bottom-large:20px;--awb-spacing-left-large:1.92%;--awb-width-medium:100%;--awb-order-medium:0;--awb-spacing-right-medium:1.92%;--awb-spacing-left-medium:1.92%;--awb-width-small:100%;--awb-order-small:0;--awb-spacing-right-small:1.92%;--awb-spacing-left-small:1.92%;\"><div class=\"fusion-column-wrapper fusion-column-has-shadow fusion-flex-justify-content-flex-start fusion-content-layout-column\"><div class=\"fusion-separator fusion-full-width-sep\" style=\"align-self: center;margin-left: auto;margin-right: auto;margin-top:100px;width:100%;\"><div class=\"fusion-separator-border sep-single sep-solid\" style=\"--awb-height:20px;--awb-amount:20px;--awb-sep-color:#666666;border-color:#666666;border-top-width:1px;\"><\/div><\/div><div class=\"fusion-title title fusion-title-2 fusion-sep-none fusion-title-text fusion-title-size-five fusion-animated\" style=\"--awb-margin-top-small:10px;--awb-margin-right-small:0px;--awb-margin-bottom-small:10px;--awb-margin-left-small:0px;\" data-animationType=\"fadeInLeft\" data-animationDuration=\"1.0\" data-animationOffset=\"top-into-view\"><h5 class=\"fusion-title-heading title-heading-left\" style=\"margin:0;\">Biografie<\/h5><\/div><\/div><\/div><\/div><\/div><div class=\"fusion-fullwidth fullwidth-box fusion-builder-row-2 fusion-flex-container nonhundred-percent-fullwidth non-hundred-percent-height-scrolling\" style=\"--awb-border-radius-top-left:0px;--awb-border-radius-top-right:0px;--awb-border-radius-bottom-right:0px;--awb-border-radius-bottom-left:0px;--awb-flex-wrap:wrap;\" ><div class=\"fusion-builder-row fusion-row fusion-flex-align-items-flex-start fusion-flex-content-wrap\" style=\"max-width:1248px;margin-left: calc(-4% \/ 2 );margin-right: calc(-4% \/ 2 );\"><div class=\"fusion-layout-column fusion_builder_column fusion-builder-column-2 fusion_builder_column_1_2 1_2 fusion-flex-column\" style=\"--awb-bg-size:cover;--awb-width-large:50%;--awb-margin-top-large:0px;--awb-spacing-right-large:3.84%;--awb-margin-bottom-large:20px;--awb-spacing-left-large:3.84%;--awb-width-medium:50%;--awb-order-medium:0;--awb-spacing-right-medium:3.84%;--awb-spacing-left-medium:3.84%;--awb-width-small:100%;--awb-order-small:0;--awb-spacing-right-small:1.92%;--awb-spacing-left-small:1.92%;\"><div class=\"fusion-column-wrapper fusion-column-has-shadow fusion-flex-justify-content-flex-start fusion-content-layout-column\"><div class=\"fusion-text fusion-text-3\"><p><img decoding=\"async\" class=\"alignnone size-full wp-image-2743\" src=\"https:\/\/galleria-kroeger.ch\/wp-content\/uploads\/2023\/02\/Carole-Kohler.jpg\" alt=\"\" width=\"150\" height=\"150\" srcset=\"https:\/\/galleria-kroeger.ch\/wp-content\/uploads\/2023\/02\/Carole-Kohler-24x24.jpg 24w, https:\/\/galleria-kroeger.ch\/wp-content\/uploads\/2023\/02\/Carole-Kohler-36x36.jpg 36w, https:\/\/galleria-kroeger.ch\/wp-content\/uploads\/2023\/02\/Carole-Kohler-48x48.jpg 48w, https:\/\/galleria-kroeger.ch\/wp-content\/uploads\/2023\/02\/Carole-Kohler-66x66.jpg 66w, https:\/\/galleria-kroeger.ch\/wp-content\/uploads\/2023\/02\/Carole-Kohler.jpg 150w\" sizes=\"(max-width: 150px) 100vw, 150px\" \/><\/p>\n<\/div><\/div><\/div><\/div><\/div><div class=\"fusion-fullwidth fullwidth-box fusion-builder-row-3 fusion-flex-container nonhundred-percent-fullwidth non-hundred-percent-height-scrolling\" style=\"--awb-border-radius-top-left:0px;--awb-border-radius-top-right:0px;--awb-border-radius-bottom-right:0px;--awb-border-radius-bottom-left:0px;--awb-flex-wrap:wrap;\" ><div class=\"fusion-builder-row fusion-row fusion-flex-align-items-flex-start fusion-flex-content-wrap\" style=\"max-width:1248px;margin-left: calc(-4% \/ 2 );margin-right: calc(-4% \/ 2 );\"><div class=\"fusion-layout-column fusion_builder_column fusion-builder-column-3 fusion_builder_column_1_1 1_1 fusion-flex-column\" style=\"--awb-bg-size:cover;--awb-width-large:100%;--awb-margin-top-large:0px;--awb-spacing-right-large:1.92%;--awb-margin-bottom-large:20px;--awb-spacing-left-large:1.92%;--awb-width-medium:100%;--awb-order-medium:0;--awb-spacing-right-medium:1.92%;--awb-spacing-left-medium:1.92%;--awb-width-small:100%;--awb-order-small:0;--awb-spacing-right-small:1.92%;--awb-spacing-left-small:1.92%;\"><div class=\"fusion-column-wrapper fusion-column-has-shadow fusion-flex-justify-content-flex-start fusion-content-layout-column\"><div class=\"fusion-separator fusion-full-width-sep\" style=\"align-self: center;margin-left: auto;margin-right: auto;margin-bottom:5px;width:100%;\"><\/div><\/div><\/div><div class=\"fusion-layout-column fusion_builder_column fusion-builder-column-4 fusion_builder_column_1_1 1_1 fusion-flex-column\" style=\"--awb-bg-size:cover;--awb-width-large:100%;--awb-margin-top-large:0px;--awb-spacing-right-large:1.92%;--awb-margin-bottom-large:20px;--awb-spacing-left-large:1.92%;--awb-width-medium:100%;--awb-order-medium:0;--awb-spacing-right-medium:1.92%;--awb-spacing-left-medium:1.92%;--awb-width-small:100%;--awb-order-small:0;--awb-spacing-right-small:1.92%;--awb-spacing-left-small:1.92%;\"><div class=\"fusion-column-wrapper fusion-column-has-shadow fusion-flex-justify-content-flex-start fusion-content-layout-column\"><div class=\"fusion-text fusion-text-4\"><p>1967 geboren in La-Chaux-de-Fonds<br \/>\nlebt und arbeitet in Lommiswil (Schweiz)<br \/>\nseit 1993 als freischaffende K\u00fcnstlerin<\/p>\n<p>2015 Gewinn des Prix de La Sarrazine<br \/>\nder Fondation FARB mit 8-monatigen Kunstaufenthalt in der Provence<br \/>\n2018 2. Platz im internationalen Kunstwettbewerb von PARLEO, Italien<br \/>\n2019 2-monatige K\u00fcnstlerresidenz im Kirsten-Kjaer-Museum in D\u00e4nemark<\/p>\n<\/div><\/div><\/div><div class=\"fusion-layout-column fusion_builder_column fusion-builder-column-5 fusion_builder_column_1_1 1_1 fusion-flex-column\" style=\"--awb-bg-size:cover;--awb-width-large:100%;--awb-margin-top-large:0px;--awb-spacing-right-large:1.92%;--awb-margin-bottom-large:20px;--awb-spacing-left-large:1.92%;--awb-width-medium:100%;--awb-order-medium:0;--awb-spacing-right-medium:1.92%;--awb-spacing-left-medium:1.92%;--awb-width-small:100%;--awb-order-small:0;--awb-spacing-right-small:1.92%;--awb-spacing-left-small:1.92%;\"><div class=\"fusion-column-wrapper fusion-column-has-shadow fusion-flex-justify-content-flex-start fusion-content-layout-column\"><div class=\"fusion-text fusion-text-5\"><p>Carole Kohler schafft \u00e4sthetische, energiegeladene, vielschichtige und stimmungsvolle, abstrakte Bilder, die einen immer wieder zu einer visuellen Wanderung in die Tiefen des Werks einladen. Schichtweise und mit verschiedensten Materialien sind Formen und Strukturen entstanden, die teils an Spuren nat\u00fcrlicher Patina auf Felsen und Baumrinden oder an Vulkangesteinsfl\u00e4chen erinnern m\u00f6gen. Ihre abstrakten Bildwelten in nat\u00fcrlichen, gemischten Farbt\u00f6nen k\u00f6nnen sich w\u00e4hrend der Betrachtung zu sichtbaren Landschaften, erkennbaren Formen entwickeln und so zu meditativen, in sich ruhenden R\u00e4umen auftun.<br \/>\nIhr Markenzeichen sind halbtransparente Schichtungen und getarnte Elemente, die nicht sofort erkannt werden. So bietet sich dem Betrachter immer wieder ein neues Erlebnis, wenn dieser, neue, halb verborgene Schichten entdeckt und sich die Wahrnehmung des Werks damit erneuert und ver\u00e4ndert.<br \/>\nSeit \u00fcber 30 Jahren arbeitet Carole Kohler erfolgreich als Kunstschaffende. Sie hat Sammler in aller Welt und hat nebst der Schweiz und Deutschland, in den USA, Hongkong, Frankreich. Italien, D\u00e4nemark, etc. ausgestellt. Sie erfindet sich und ihre Kunst immer wieder neu und ist k\u00fcnstlerisch und in der Auswahl ihrer Medien dauerhaft am Puls der Zeit.<br \/>\nIhre fr\u00fchen, k\u00fcnstlerischen Wurzeln liegen in fotorealistischen Kohleportr\u00e4ts und Tierbildern. Eine bewusstseinserweiternde Wanderung mit Kamelen durch die Sahara brachte sie schliesslich dazu den fig\u00fcrlichen Weg zu verlassen und sich der Abstraktion zu widmen.<\/p>\n<\/div><\/div><\/div><div class=\"fusion-layout-column fusion_builder_column fusion-builder-column-6 fusion_builder_column_1_1 1_1 fusion-flex-column\" style=\"--awb-bg-size:cover;--awb-width-large:100%;--awb-margin-top-large:0px;--awb-spacing-right-large:1.92%;--awb-margin-bottom-large:20px;--awb-spacing-left-large:1.92%;--awb-width-medium:100%;--awb-order-medium:0;--awb-spacing-right-medium:1.92%;--awb-spacing-left-medium:1.92%;--awb-width-small:100%;--awb-order-small:0;--awb-spacing-right-small:1.92%;--awb-spacing-left-small:1.92%;\"><div class=\"fusion-column-wrapper fusion-column-has-shadow fusion-flex-justify-content-flex-start fusion-content-layout-column\"><div class=\"fusion-separator fusion-full-width-sep\" style=\"align-self: center;margin-left: auto;margin-right: auto;margin-bottom:100px;width:100%;\"><\/div><\/div><\/div><\/div><\/div><\/p>\n","protected":false},"excerpt":{"rendered":"","protected":false},"author":1,"featured_media":0,"parent":0,"menu_order":0,"comment_status":"closed","ping_status":"closed","template":"","meta":{"footnotes":""},"class_list":["post-2752","page","type-page","status-publish","hentry"],"yoast_head":"<!-- This site is optimized with the Yoast SEO plugin v27.3 - https:\/\/yoast.com\/product\/yoast-seo-wordpress\/ -->\n<title>Carole Kohler - Galleria Kr\u00f6ger<\/title>\n<meta name=\"robots\" content=\"index, follow, max-snippet:-1, max-image-preview:large, max-video-preview:-1\" \/>\n<link rel=\"canonical\" href=\"https:\/\/galleria-kroeger.ch\/de\/carole-kohler-de\/\" \/>\n<meta property=\"og:locale\" content=\"de_DE\" \/>\n<meta property=\"og:type\" content=\"article\" \/>\n<meta property=\"og:title\" content=\"Carole Kohler - Galleria Kr\u00f6ger\" \/>\n<meta property=\"og:url\" content=\"https:\/\/galleria-kroeger.ch\/de\/carole-kohler-de\/\" \/>\n<meta property=\"og:site_name\" content=\"Galleria Kr\u00f6ger\" \/>\n<meta property=\"article:modified_time\" content=\"2023-03-07T09:42:05+00:00\" \/>\n<meta name=\"twitter:card\" content=\"summary_large_image\" \/>\n<meta name=\"twitter:title\" content=\"false\" \/>\n<meta name=\"twitter:image\" content=\"https:\/\/galleria-kroeger.ch\/wp-content\/uploads\/2023\/02\/Carole-Kohler.jpg\" \/>\n<meta name=\"twitter:label1\" content=\"Gesch\u00e4tzte Lesezeit\" \/>\n\t<meta name=\"twitter:data1\" content=\"7\u00a0Minuten\" \/>\n<script type=\"application\/ld+json\" class=\"yoast-schema-graph\">{\"@context\":\"https:\\\/\\\/schema.org\",\"@graph\":[{\"@type\":\"WebPage\",\"@id\":\"https:\\\/\\\/galleria-kroeger.ch\\\/de\\\/carole-kohler-de\\\/\",\"url\":\"https:\\\/\\\/galleria-kroeger.ch\\\/de\\\/carole-kohler-de\\\/\",\"name\":\"Carole Kohler - Galleria Kr\u00f6ger\",\"isPartOf\":{\"@id\":\"https:\\\/\\\/galleria-kroeger.ch\\\/de\\\/#website\"},\"primaryImageOfPage\":{\"@id\":\"https:\\\/\\\/galleria-kroeger.ch\\\/de\\\/carole-kohler-de\\\/#primaryimage\"},\"image\":{\"@id\":\"https:\\\/\\\/galleria-kroeger.ch\\\/de\\\/carole-kohler-de\\\/#primaryimage\"},\"thumbnailUrl\":\"https:\\\/\\\/galleria-kroeger.ch\\\/wp-content\\\/uploads\\\/2023\\\/02\\\/Carole-Kohler.jpg\",\"datePublished\":\"2023-02-13T11:57:04+00:00\",\"dateModified\":\"2023-03-07T09:42:05+00:00\",\"breadcrumb\":{\"@id\":\"https:\\\/\\\/galleria-kroeger.ch\\\/de\\\/carole-kohler-de\\\/#breadcrumb\"},\"inLanguage\":\"de\",\"potentialAction\":[{\"@type\":\"ReadAction\",\"target\":[\"https:\\\/\\\/galleria-kroeger.ch\\\/de\\\/carole-kohler-de\\\/\"]}]},{\"@type\":\"ImageObject\",\"inLanguage\":\"de\",\"@id\":\"https:\\\/\\\/galleria-kroeger.ch\\\/de\\\/carole-kohler-de\\\/#primaryimage\",\"url\":\"https:\\\/\\\/galleria-kroeger.ch\\\/wp-content\\\/uploads\\\/2023\\\/02\\\/Carole-Kohler.jpg\",\"contentUrl\":\"https:\\\/\\\/galleria-kroeger.ch\\\/wp-content\\\/uploads\\\/2023\\\/02\\\/Carole-Kohler.jpg\"},{\"@type\":\"BreadcrumbList\",\"@id\":\"https:\\\/\\\/galleria-kroeger.ch\\\/de\\\/carole-kohler-de\\\/#breadcrumb\",\"itemListElement\":[{\"@type\":\"ListItem\",\"position\":1,\"name\":\"Home\",\"item\":\"https:\\\/\\\/galleria-kroeger.ch\\\/de\\\/\"},{\"@type\":\"ListItem\",\"position\":2,\"name\":\"Carole Kohler\"}]},{\"@type\":\"WebSite\",\"@id\":\"https:\\\/\\\/galleria-kroeger.ch\\\/de\\\/#website\",\"url\":\"https:\\\/\\\/galleria-kroeger.ch\\\/de\\\/\",\"name\":\"Galleria Kr\u00f6ger\",\"description\":\"Arte e mostra di sculture\",\"potentialAction\":[{\"@type\":\"SearchAction\",\"target\":{\"@type\":\"EntryPoint\",\"urlTemplate\":\"https:\\\/\\\/galleria-kroeger.ch\\\/de\\\/?s={search_term_string}\"},\"query-input\":{\"@type\":\"PropertyValueSpecification\",\"valueRequired\":true,\"valueName\":\"search_term_string\"}}],\"inLanguage\":\"de\"}]}<\/script>\n<!-- \/ Yoast SEO plugin. -->","yoast_head_json":{"title":"Carole Kohler - Galleria Kr\u00f6ger","robots":{"index":"index","follow":"follow","max-snippet":"max-snippet:-1","max-image-preview":"max-image-preview:large","max-video-preview":"max-video-preview:-1"},"canonical":"https:\/\/galleria-kroeger.ch\/de\/carole-kohler-de\/","og_locale":"de_DE","og_type":"article","og_title":"Carole Kohler - Galleria Kr\u00f6ger","og_url":"https:\/\/galleria-kroeger.ch\/de\/carole-kohler-de\/","og_site_name":"Galleria Kr\u00f6ger","article_modified_time":"2023-03-07T09:42:05+00:00","twitter_card":"summary_large_image","twitter_title":"false","twitter_image":"https:\/\/galleria-kroeger.ch\/wp-content\/uploads\/2023\/02\/Carole-Kohler.jpg","twitter_misc":{"Gesch\u00e4tzte Lesezeit":"7\u00a0Minuten"},"schema":{"@context":"https:\/\/schema.org","@graph":[{"@type":"WebPage","@id":"https:\/\/galleria-kroeger.ch\/de\/carole-kohler-de\/","url":"https:\/\/galleria-kroeger.ch\/de\/carole-kohler-de\/","name":"Carole Kohler - Galleria Kr\u00f6ger","isPartOf":{"@id":"https:\/\/galleria-kroeger.ch\/de\/#website"},"primaryImageOfPage":{"@id":"https:\/\/galleria-kroeger.ch\/de\/carole-kohler-de\/#primaryimage"},"image":{"@id":"https:\/\/galleria-kroeger.ch\/de\/carole-kohler-de\/#primaryimage"},"thumbnailUrl":"https:\/\/galleria-kroeger.ch\/wp-content\/uploads\/2023\/02\/Carole-Kohler.jpg","datePublished":"2023-02-13T11:57:04+00:00","dateModified":"2023-03-07T09:42:05+00:00","breadcrumb":{"@id":"https:\/\/galleria-kroeger.ch\/de\/carole-kohler-de\/#breadcrumb"},"inLanguage":"de","potentialAction":[{"@type":"ReadAction","target":["https:\/\/galleria-kroeger.ch\/de\/carole-kohler-de\/"]}]},{"@type":"ImageObject","inLanguage":"de","@id":"https:\/\/galleria-kroeger.ch\/de\/carole-kohler-de\/#primaryimage","url":"https:\/\/galleria-kroeger.ch\/wp-content\/uploads\/2023\/02\/Carole-Kohler.jpg","contentUrl":"https:\/\/galleria-kroeger.ch\/wp-content\/uploads\/2023\/02\/Carole-Kohler.jpg"},{"@type":"BreadcrumbList","@id":"https:\/\/galleria-kroeger.ch\/de\/carole-kohler-de\/#breadcrumb","itemListElement":[{"@type":"ListItem","position":1,"name":"Home","item":"https:\/\/galleria-kroeger.ch\/de\/"},{"@type":"ListItem","position":2,"name":"Carole Kohler"}]},{"@type":"WebSite","@id":"https:\/\/galleria-kroeger.ch\/de\/#website","url":"https:\/\/galleria-kroeger.ch\/de\/","name":"Galleria Kr\u00f6ger","description":"Arte e mostra di sculture","potentialAction":[{"@type":"SearchAction","target":{"@type":"EntryPoint","urlTemplate":"https:\/\/galleria-kroeger.ch\/de\/?s={search_term_string}"},"query-input":{"@type":"PropertyValueSpecification","valueRequired":true,"valueName":"search_term_string"}}],"inLanguage":"de"}]}},"_links":{"self":[{"href":"https:\/\/galleria-kroeger.ch\/de\/wp-json\/wp\/v2\/pages\/2752","targetHints":{"allow":["GET"]}}],"collection":[{"href":"https:\/\/galleria-kroeger.ch\/de\/wp-json\/wp\/v2\/pages"}],"about":[{"href":"https:\/\/galleria-kroeger.ch\/de\/wp-json\/wp\/v2\/types\/page"}],"author":[{"embeddable":true,"href":"https:\/\/galleria-kroeger.ch\/de\/wp-json\/wp\/v2\/users\/1"}],"replies":[{"embeddable":true,"href":"https:\/\/galleria-kroeger.ch\/de\/wp-json\/wp\/v2\/comments?post=2752"}],"version-history":[{"count":3,"href":"https:\/\/galleria-kroeger.ch\/de\/wp-json\/wp\/v2\/pages\/2752\/revisions"}],"predecessor-version":[{"id":2880,"href":"https:\/\/galleria-kroeger.ch\/de\/wp-json\/wp\/v2\/pages\/2752\/revisions\/2880"}],"wp:attachment":[{"href":"https:\/\/galleria-kroeger.ch\/de\/wp-json\/wp\/v2\/media?parent=2752"}],"curies":[{"name":"wp","href":"https:\/\/api.w.org\/{rel}","templated":true}]}}